{"id":619,"date":"2022-11-21T17:29:13","date_gmt":"2022-11-21T16:29:13","guid":{"rendered":"https:\/\/www.saaswedo.com\/?page_id=619"},"modified":"2026-04-27T09:14:30","modified_gmt":"2026-04-27T07:14:30","slug":"la-presse-en-parle","status":"publish","type":"page","link":"https:\/\/www.saaswedo.com\/fr\/la-presse-en-parle\/","title":{"rendered":"La presse en parle"},"content":{"rendered":"<section class=\"wpb-content-wrapper\"><p>[vc_row padding_top_multiplier=\u00a0\u00bb3x\u00a0\u00bb rc_bg_type=\u00a0\u00bbimage\u00a0\u00bb rc_bg_image=\u00a0\u00bb194&Prime; rc_bg_image_type=\u00a0\u00bbfixed\u00a0\u00bb columns_gap=\u00a0\u00bb60&Prime;][vc_column text_align=\u00a0\u00bbcenter\u00a0\u00bb animation=\u00a0\u00bbfade-in-up\u00a0\u00bb]<div class=\"grve-empty-space grve-height-2x\"><\/div><h1 class=\"grve-element grve-title grve-align-center grve-h1\"><span>La presse en parle<\/span><\/h1><div class=\"grve-empty-space grve-height-1x\"><\/div>[\/vc_column][\/vc_row][vc_row gp_row_config=\u00a0\u00bb\u00a0\u00bb full_height=\u00a0\u00bb\u00a0\u00bb columns_placement=\u00a0\u00bbmiddle\u00a0\u00bb force_equal_height_columns=\u00a0\u00bb\u00a0\u00bb align_content_vertically=\u00a0\u00bbyes\u00a0\u00bb mobile_destroy_equal_heights=\u00a0\u00bbyes\u00a0\u00bb mobile_destroy_equal_heights_resolution=\u00a0\u00bb800&Prime; row_custom_paddings=\u00a0\u00bb\u00a0\u00bb row_columns_paddings=\u00a0\u00bb20&Prime; row_effect=\u00a0\u00bb\u00a0\u00bb gp_row_parallax=\u00a0\u00bb\u00a0\u00bb row_parallax_sense=\u00a0\u00bb30&Prime; row_parallax_limit=\u00a0\u00bb\u00a0\u00bb one_page_title=\u00a0\u00bb\u00a0\u00bb anchor=\u00a0\u00bb\u00a0\u00bb extra_css_styles=\u00a0\u00bb\u00a0\u00bb bg_check=\u00a0\u00bb\u00a0\u00bb gp_enable_skew_bg=\u00a0\u00bb\u00a0\u00bb gp_bg_style=\u00a0\u00bb\u00a0\u00bb gp_anim_bg_duration=\u00a0\u00bb3000&Prime; gp_canvas_style=\u00a0\u00bbstyle_1&Prime; gp_canvas_size=\u00a0\u00bbparent\u00a0\u00bb gp_bg_image_canvas=\u00a0\u00bb\u00a0\u00bb gp_bg_image_repeat_canvas=\u00a0\u00bbrepeat\u00a0\u00bb gp_bg_image_size_canvas=\u00a0\u00bbcover\u00a0\u00bb gp_canvas_bg_image_size_retina=\u00a0\u00bb\u00a0\u00bb gp_parallax_style=\u00a0\u00bbgp_simple_image\u00a0\u00bb gp_bg_image_new=\u00a0\u00bb\u00a0\u00bb gp_layer_image=\u00a0\u00bb\u00a0\u00bb gp_multi_parallax_direction=\u00a0\u00bbvertical\u00a0\u00bb gp_bg_image_repeat=\u00a0\u00bbrepeat\u00a0\u00bb gp_bg_image_size=\u00a0\u00bbcover\u00a0\u00bb gp_image_bg_color=\u00a0\u00bb\u00a0\u00bb gp_bg_img_attach=\u00a0\u00bbscroll\u00a0\u00bb gp_parallax_sense=\u00a0\u00bb30&Prime; gp_parallax_offset=\u00a0\u00bb\u00a0\u00bb gp_bg_image_position=\u00a0\u00bb\u00a0\u00bb gp_animation_direction=\u00a0\u00bbright\u00a0\u00bb gp_mobile_enable=\u00a0\u00bbyes\u00a0\u00bb gp_bg_image_new_responsive=\u00a0\u00bb\u00a0\u00bb gp_bg_resolution=\u00a0\u00bb\u00a0\u00bb gp_bg_image_position_mobile=\u00a0\u00bb\u00a0\u00bb gp_bg_image_size_mobile=\u00a0\u00bb\u00a0\u00bb gp_bg_image_size_retina=\u00a0\u00bb\u00a0\u00bb gp_video_variant=\u00a0\u00bbself-hosted\u00a0\u00bb gp_video_url_mp4=\u00a0\u00bb\u00a0\u00bb gp_video_url_webm=\u00a0\u00bb\u00a0\u00bb gp_youtube_video_id=\u00a0\u00bb\u00a0\u00bb gp_vimeo_video_id=\u00a0\u00bb\u00a0\u00bb gp_video_opts=\u00a0\u00bb\u00a0\u00bb gp_video_poster=\u00a0\u00bb\u00a0\u00bb gp_enable_controls=\u00a0\u00bbyes\u00a0\u00bb gp_enable_overlay=\u00a0\u00bb\u00a0\u00bb gp_overlay_color=\u00a0\u00bb\u00a0\u00bb gp_overlay_pattern=\u00a0\u00bb\u00a0\u00bb gp_overlay_pattern_opacity=\u00a0\u00bb80&Prime; gp_overlay_pattern_size=\u00a0\u00bb\u00a0\u00bb gp_row_responsive_enable=\u00a0\u00bb\u00a0\u00bb bg_type=\u00a0\u00bb\u00a0\u00bb parallax_style=\u00a0\u00bb\u00a0\u00bb bg_image_new=\u00a0\u00bb\u00a0\u00bb layer_image=\u00a0\u00bb\u00a0\u00bb bg_image_repeat=\u00a0\u00bb\u00a0\u00bb bg_image_size=\u00a0\u00bb\u00a0\u00bb bg_cstm_size=\u00a0\u00bb\u00a0\u00bb bg_img_attach=\u00a0\u00bb\u00a0\u00bb parallax_sense=\u00a0\u00bb\u00a0\u00bb bg_image_posiiton=\u00a0\u00bb\u00a0\u00bb animation_direction=\u00a0\u00bb\u00a0\u00bb animation_repeat=\u00a0\u00bb\u00a0\u00bb video_url=\u00a0\u00bb\u00a0\u00bb video_url_2=\u00a0\u00bb\u00a0\u00bb u_video_url=\u00a0\u00bb\u00a0\u00bb video_opts=\u00a0\u00bb\u00a0\u00bb video_poster=\u00a0\u00bb\u00a0\u00bb u_start_time=\u00a0\u00bb\u00a0\u00bb u_stop_time=\u00a0\u00bb\u00a0\u00bb viewport_vdo=\u00a0\u00bb\u00a0\u00bb enable_controls=\u00a0\u00bb\u00a0\u00bb bg_override=\u00a0\u00bb\u00a0\u00bb disable_on_mobile_img_parallax=\u00a0\u00bb\u00a0\u00bb parallax_content=\u00a0\u00bb\u00a0\u00bb parallax_content_sense=\u00a0\u00bb\u00a0\u00bb fadeout_row=\u00a0\u00bb\u00a0\u00bb fadeout_start_effect=\u00a0\u00bb\u00a0\u00bb enable_overlay=\u00a0\u00bb\u00a0\u00bb overlay_color=\u00a0\u00bb\u00a0\u00bb overlay_pattern=\u00a0\u00bb\u00a0\u00bb overlay_pattern_opacity=\u00a0\u00bb\u00a0\u00bb overlay_pattern_size=\u00a0\u00bb\u00a0\u00bb overlay_pattern_attachment=\u00a0\u00bb\u00a0\u00bb multi_color_overlay=\u00a0\u00bb\u00a0\u00bb multi_color_overlay_opacity=\u00a0\u00bb\u00a0\u00bb seperator_enable=\u00a0\u00bb\u00a0\u00bb seperator_type=\u00a0\u00bb\u00a0\u00bb seperator_position=\u00a0\u00bb\u00a0\u00bb seperator_shape_size=\u00a0\u00bb\u00a0\u00bb seperator_svg_height=\u00a0\u00bb\u00a0\u00bb seperator_shape_background=\u00a0\u00bb\u00a0\u00bb seperator_shape_border=\u00a0\u00bb\u00a0\u00bb seperator_shape_border_color=\u00a0\u00bb\u00a0\u00bb seperator_shape_border_width=\u00a0\u00bb\u00a0\u00bb icon_type=\u00a0\u00bb\u00a0\u00bb icon=\u00a0\u00bb\u00a0\u00bb icon_size=\u00a0\u00bb\u00a0\u00bb icon_color=\u00a0\u00bb\u00a0\u00bb icon_style=\u00a0\u00bb\u00a0\u00bb icon_color_bg=\u00a0\u00bb\u00a0\u00bb icon_border_style=\u00a0\u00bb\u00a0\u00bb icon_color_border=\u00a0\u00bb\u00a0\u00bb icon_border_size=\u00a0\u00bb\u00a0\u00bb icon_border_radius=\u00a0\u00bb\u00a0\u00bb icon_border_spacing=\u00a0\u00bb\u00a0\u00bb icon_img=\u00a0\u00bb\u00a0\u00bb img_width=\u00a0\u00bb\u00a0\u00bb ult_hide_row=\u00a0\u00bb\u00a0\u00bb ult_hide_row_large_screen=\u00a0\u00bb\u00a0\u00bb ult_hide_row_desktop=\u00a0\u00bb\u00a0\u00bb ult_hide_row_tablet=\u00a0\u00bb\u00a0\u00bb ult_hide_row_tablet_small=\u00a0\u00bb\u00a0\u00bb ult_hide_row_mobile=\u00a0\u00bb\u00a0\u00bb ult_hide_row_mobile_large=\u00a0\u00bb\u00a0\u00bb css=\u00a0\u00bb.vc_custom_1521541597826{margin-top: 50px !important;}\u00a0\u00bb][vc_column animation=\u00a0\u00bbfade-in-up\u00a0\u00bb animation_delay=\u00a0\u00bb200&Prime; column_bg_check=\u00a0\u00bb\u00a0\u00bb column_parallax_sense=\u00a0\u00bb30&Prime; column_parallax_limit=\u00a0\u00bb\u00a0\u00bb cus_bg_position=\u00a0\u00bbDefault\u00a0\u00bb cus_bg_repeat=\u00a0\u00bb\u00a0\u00bb mobile_column_bg_image=\u00a0\u00bb\u00a0\u00bb mobile_column_bg_size=\u00a0\u00bb\u00a0\u00bb mobile_column_bg_position=\u00a0\u00bbDefault\u00a0\u00bb mobile_column_bg_repeat=\u00a0\u00bb\u00a0\u00bb col_hover_border_style=\u00a0\u00bb\u00a0\u00bb col_hover=\u00a0\u00bb\u00a0\u00bb gp_column_responsive_enable=\u00a0\u00bb\u00a0\u00bb][vc_tta_accordion active_section=\u00a0\u00bb1&Prime; collapsible_all=\u00a0\u00bbtrue\u00a0\u00bb style=\u00a0\u00bbclassic\u00a0\u00bb shape=\u00a0\u00bbrounded\u00a0\u00bb color=\u00a0\u00bbgrey\u00a0\u00bb spacing=\u00a0\u00bb\u00a0\u00bb gap=\u00a0\u00bb\u00a0\u00bb autoplay=\u00a0\u00bbnone\u00a0\u00bb css_animation=\u00a0\u00bb\u00a0\u00bb][vc_tta_section title=\u00a0\u00bbLes MMS ne sont plus une option, mais un choix structurant\u00a0\u00bb tab_id=\u00a0\u00bb1774618491132-f89b89f5-ff87&Prime;][vc_column_text]<a href=\"https:\/\/www.telco-infra-news.fr\/les-mms-ne-sont-plus-une-option-mais-un-choix-structurant\/\" target=\"_blank\" rel=\"noopener\">Telco Infra News &#8211; mars 2026<\/a><br \/>\n<a href=\"https:\/\/decideur-it.fr\/les-mms-deviennent-un-levier-strategique-de-gouvernance-de-la-mobilite\/\" target=\"_blank\" rel=\"noopener\">D\u00e9cideur IT &#8211; mars 2026<\/a><br \/>\n<a href=\"https:\/\/dsi-numerique.fr\/managed-mobility-services-un-choix-structurant-pour-les-entreprises\/\" target=\"_blank\" rel=\"noopener\">DSI Num\u00e9rique &#8211; mars 2026<\/a><br \/>\n<a href=\"https:\/\/www.actu-dsi.fr\/mms-la-mobilite-dentreprise-entre-gouvernance-et-performance\/\" target=\"_blank\" rel=\"noopener\">Actu DSI &#8211; mars 2026<\/a><br \/>\n<a href=\"https:\/\/decision-numerique.com\/les-mms-redefinissent-la-gestion-operationnelle-de-la-mobilite\/\" target=\"_blank\" rel=\"noopener\">D\u00e9cision Num\u00e9rique &#8211; mars 2026<\/a><br \/>\n<a href=\"https:\/\/itb2b-univers.com\/mms-pourquoi-la-gestion-de-la-mobilite-devient-un-enjeu-strategique\/\" target=\"_blank\" rel=\"noopener\">ITB2B Univers &#8211; mars 2026<\/a><br \/>\n<a href=\"https:\/\/www.dsisionnel.com\/mms-la-mobilite-dentreprise-ne-peut-plus-etre-improvisee\/\" target=\"_blank\" rel=\"noopener\">DSIsionnel &#8211; mars 2026<\/a><br \/>\n<a href=\"https:\/\/www.solutions-numeriques.com\/communiques\/les-mms-ne-sont-plus-une-option-mais-un-choix-structurant\/\" target=\"_blank\" rel=\"noopener\">Solutions Num\u00e9riques &#8211; mars 2026<\/a><br \/>\n<a href=\"https:\/\/presseagence.fr\/paris-christophe-fornes-les-mms-ne-sont-plus-une-option-mais-un-choix-structurant\/\" target=\"_blank\" rel=\"noopener\">Presse Agence &#8211; mars 2026<\/a><br \/>\n<a href=\"https:\/\/www.informatiquenews.fr\/les-mms-ne-sont-plus-une-option-mais-un-choix-structurant-109949\" target=\"_blank\" rel=\"noopener\">Informatique News &#8211; mars 2026<\/a><br \/>\n<a href=\"https:\/\/www.esteval.fr\/article.45466.tribune-les-mms-ne-sont-plus-une-option-mais-un-choix-structurant\" target=\"_blank\" rel=\"noopener\">Esteval &#8211; avril 2026<\/a>[\/vc_column_text][\/vc_tta_section][vc_tta_section title=\u00a0\u00bbLes fournisseurs TEM sont-ils r\u00e9ellement adapt\u00e9s au mid-market europ\u00e9en ?\u00a0\u00bb tab_id=\u00a0\u00bb1771344116473-505489a9-8110&Prime;][vc_column_text]<a href=\"https:\/\/www.solutions-numeriques.com\/communiques\/les-fournisseurs-tem-sont-ils-reellement-adaptes-au-mid-market-europeen\/#:~:text=Tous%20les%20fournisseurs%20TEM%20ne,d\u00e9ploiements%20complexes%2C%20\u00e9quipes%20internes%20d\u00e9di\u00e9es.\" target=\"_blank\" rel=\"noopener\">Solutions Num\u00e9riques &#8211; f\u00e9vrier 2026<\/a><br \/>\n<a href=\"https:\/\/www.telco-infra-news.fr\/les-fournisseurs-tem-sont-ils-reellement-adaptes-au-mid-market-europeen\/\" target=\"_blank\" rel=\"noopener\">Telco Infra News &#8211; f\u00e9vrier 2026<\/a><br \/>\n<a href=\"https:\/\/decideur-it.fr\/fournisseurs-tem-et-mid-market-europeen-une-adequation-remise-en-question\/\" target=\"_blank\" rel=\"noopener\">D\u00e9cideur IT &#8211; f\u00e9vrier 2026<\/a><br \/>\n<a href=\"https:\/\/ntic-infos.fr\/les-fournisseurs-tem-face-aux-exigences-du-mid-market-europeen\/\" target=\"_blank\" rel=\"noopener\">NTIC Infos &#8211; f\u00e9vrier 2026<\/a><br \/>\n<a href=\"https:\/\/disrupt-b2b.fr\/fournisseurs-tem-et-complexite-du-mid-market-europeen\/\" target=\"_blank\" rel=\"noopener\">Disrupt B2B &#8211; f\u00e9vrier 2026<\/a><br \/>\n<a href=\"https:\/\/dsi-numerique.fr\/les-fournisseurs-tem-repondent-ils-aux-besoins-du-mid-market-europeen\/\" target=\"_blank\" rel=\"noopener\">DSI Num\u00e9rique &#8211; f\u00e9vrier 2026<\/a><br \/>\n<a href=\"https:\/\/www.actu-dsi.fr\/les-limites-des-fournisseurs-tem-sur-le-mid-market-europeen\/\" target=\"_blank\" rel=\"noopener\">Actu DSI &#8211; f\u00e9vrier 2026<\/a><br \/>\n<a href=\"https:\/\/souverainete-it.fr\/fournisseurs-tem-et-specificites-du-mid-market-europeen\/\" target=\"_blank\" rel=\"noopener\">Souverain\u00e9t\u00e9 IT &#8211; f\u00e9vrier 2026<\/a><br \/>\n<a href=\"https:\/\/decision-numerique.com\/les-fournisseurs-tem-peuvent-ils-adresser-le-mid-market-europeen\/\" target=\"_blank\" rel=\"noopener\">D\u00e9cision num\u00e9rique &#8211; f\u00e9vrier 2026<\/a><br \/>\n<a href=\"https:\/\/itb2b-univers.com\/fournisseurs-tem-un-decalage-structurel-avec-le-mid-market-europeen\/\" target=\"_blank\" rel=\"noopener\">ITB2B Univers &#8211; f\u00e9vrier 2026<\/a><br \/>\n<a href=\"https:\/\/www.dsisionnel.com\/les-fournisseurs-tem-face-aux-enjeux-du-mid-market-europeen\/\" target=\"_blank\" rel=\"noopener\">DSIsionnel &#8211; f\u00e9vrier 2026<\/a>[\/vc_column_text][\/vc_tta_section][vc_tta_section title=\u00a0\u00bbL\u2019approche ITAD : transformer la fin de vie des appareils mobiles en levier de s\u00e9curit\u00e9, de valeur et de durabilit\u00e9\u00a0\u00bb tab_id=\u00a0\u00bb1765895877652-b866d1e9-a235&Prime;][vc_column_text]<a href=\"https:\/\/www.telco-infra-news.fr\/lapproche-itad-transformer-la-fin-de-vie-des-appareils-mobiles-en-levier-de-securite-de-valeur-et-de-durabilite\/\" target=\"_blank\" rel=\"noopener\">Telco Infra News &#8211; d\u00e9cembre 2025<\/a><br \/>\n<a href=\"https:\/\/decideur-it.fr\/lapproche-itad-transforme-la-fin-de-vie-des-appareils-mobiles\/\" target=\"_blank\" rel=\"noopener\">D\u00e9cideur IT &#8211; d\u00e9cembre 2025<\/a><br \/>\n<a href=\"https:\/\/ntic-infos.fr\/lapproche-itad-optimise-la-gestion-de-la-fin-de-vie-des-equipements-mobiles\/\" target=\"_blank\" rel=\"noopener\">Ntic Infos &#8211; d\u00e9cembre 2025<\/a><br \/>\n<a href=\"https:\/\/disrupt-b2b.fr\/lapproche-itad-securise-la-fin-de-vie-des-terminaux-dans-lentreprise\/\" target=\"_blank\" rel=\"noopener\">Disrupt B2B &#8211; d\u00e9cembre 2025<\/a><br \/>\n<a href=\"https:\/\/dsi-numerique.fr\/lapproche-itad-renforce-la-conformite-et-la-maitrise-des-actifs-mobiles\/\" target=\"_blank\" rel=\"noopener\">DSI Num\u00e9rique &#8211; d\u00e9cembre 2025<\/a><br \/>\n<a href=\"https:\/\/www.numeric-tools.com\/lapproche-itad-redefinit-la-fin-de-vie-des-appareils-comme-un-levier-strategique\/\" target=\"_blank\" rel=\"noopener\">Numeric Tools &#8211; d\u00e9cembre 2025<\/a><br \/>\n<a href=\"https:\/\/www.digital-frenchnation.com\/lapproche-itad-ameliore-la-securite-operationnelle-et-limpact-environnemental\/\" target=\"_blank\" rel=\"noopener\">Digital Frenchnation &#8211; d\u00e9cembre 2025<\/a><br \/>\n<a href=\"https:\/\/www.actu-dsi.fr\/lapproche-itad-apporte-une-reponse-moderne-aux-enjeux-de-mobilite-en-entreprise\/\" target=\"_blank\" rel=\"noopener\">Actu DSI &#8211; d\u00e9cembre 2025<\/a><br \/>\n<a href=\"https:\/\/decision-numerique.com\/lapproche-itad-structure-la-gestion-du-cycle-de-vie-des-terminaux-professionnels\/\" target=\"_blank\" rel=\"noopener\">D\u00e9cision Num\u00e9rique &#8211; d\u00e9cembre 2025<\/a><br \/>\n<a href=\"https:\/\/numeric4good.fr\/lapproche-itad-soutient-les-strategies-rse-et-la-reduction-de-lempreinte-carbone\/\" target=\"_blank\" rel=\"noopener\">Numeric4Good &#8211; d\u00e9cembre 2025<\/a><br \/>\n<a href=\"https:\/\/itb2b-univers.com\/lapproche-itad-allie-securite-reemploi-et-optimisation-budgetaire\/\" target=\"_blank\" rel=\"noopener\">ITB2B Univers &#8211; d\u00e9cembre 2025<\/a><br \/>\n<a href=\"https:\/\/www.dsisionnel.com\/lapproche-itad-devient-un-levier-de-performance-pour-les-flottes-mobiles\/\" target=\"_blank\" rel=\"noopener\">DSIsionnel &#8211; d\u00e9cembre 2025<\/a><br \/>\n<a href=\"https:\/\/www.solutions-numeriques.com\/communiques\/lapproche-itad-transformer-la-fin-de-vie-des-appareils-mobiles-en-levier-de-securite-de-valeur-et-de-durabilite\/\" target=\"_blank\" rel=\"noopener\">Solutions Num\u00e9riques &#8211; d\u00e9cembre 2025<\/a><br \/>\n<a href=\"https:\/\/fr.finance.yahoo.com\/actualites\/l-approche-itad-transformer-fin-103800277.html\" target=\"_blank\" rel=\"noopener\">Yahoo Finance &#8211; d\u00e9cembre 2025<\/a><br \/>\n<a href=\"https:\/\/www.carrefourdusaas.com\/lapproche-itad-securise-les-donnees-et-valorise-les-equipements-mobiles\/\" target=\"_blank\" rel=\"noopener\">Carrefour du SaaS &#8211; d\u00e9cembre 2025<\/a><br \/>\n<a href=\"https:\/\/www.esteval.fr\/article.44254.tribune-l-approche-itad-transformer-la-fin-de-vie-des-appareils-mobiles-en-levier-de-securite\" target=\"_blank\" rel=\"noopener\">Esteval &#8211; janvier 2026<\/a>[\/vc_column_text][\/vc_tta_section][vc_tta_section title=\u00a0\u00bbInternationalisation : les cl\u00e9s pour transformer un projet en succ\u00e8s durable\u00a0\u00bb tab_id=\u00a0\u00bb1765200906503-8e71e51a-66c3&Prime;][vc_column_text]<a href=\"https:\/\/economie-et-management.fr\/internationalisation-les-cles-pour-transformer-un-projet-en-succes-durable\/\" target=\"_blank\" rel=\"noopener\">Economie et management &#8211; novembre 2025<\/a><br \/>\n<a href=\"https:\/\/it-morning.fr\/acteurs-de-la-tech-les-cles-pour-reussir-son-internationalisation\/\" target=\"_blank\" rel=\"noopener\">IT Morning &#8211; novembre 2025<\/a><br \/>\n<a href=\"https:\/\/www.solutions-numeriques.com\/communiques\/internationalisation-les-cles-pour-transformer-un-projet-en-succes-durable\/\" target=\"_blank\" rel=\"noopener\">Solutions Num\u00e9riques &#8211; novembre 2025<\/a><br \/>\n<a href=\"https:\/\/presseagence.fr\/paris-internationalisation-les-cles-pour-transformer-un-projet-en-succes-durable\/\" target=\"_blank\" rel=\"noopener\">Presse Agence &#8211; novembre 2025<\/a><br \/>\n<a href=\"https:\/\/www.gpomag.fr\/internationalisation-les-cles-pour-transformer-un-projet-en-succes-durable\/\" target=\"_blank\" rel=\"noopener\">GPO Mag &#8211; novembre 2025<\/a>[\/vc_column_text][\/vc_tta_section][vc_tta_section title=\u00a0\u00bbPourquoi choisir la gestion d\u00e9l\u00e9gu\u00e9e de sa flotte mobile\u00a0\u00bb tab_id=\u00a0\u00bb1758550303024-cba90de9-a333&Prime;][vc_column_text]<a href=\"https:\/\/www.digit-collab.com\/pourquoi-choisir-la-gestion-deleguee-de-sa-flotte-mobile\/\" target=\"_blank\" rel=\"noopener\">Digit Collab &#8211; septembre 2025<\/a><br \/>\n<a href=\"https:\/\/www.telco-infra-news.fr\/gestion-deleguee-de-flotte-mobile-un-levier-strategique-pour-les-dsi\/\" target=\"_blank\" rel=\"noopener\">Telco Infra News &#8211; septembre 2025<\/a><br \/>\n<a href=\"https:\/\/decideur-it.fr\/pourquoi-externaliser-la-gestion-de-sa-flotte-mobile-devient-indispensable\/\" target=\"_blank\" rel=\"noopener\">D\u00e9cideur IT &#8211; septembre 2025<\/a><br \/>\n<a href=\"https:\/\/ntic-infos.fr\/flotte-mobile-comment-la-gestion-deleguee-soulage-les-equipes-it\/\" target=\"_blank\" rel=\"noopener\">Ntic Infos &#8211; septembre 2025<\/a><br \/>\n<a href=\"https:\/\/disrupt-b2b.fr\/reduire-la-charge-it-grace-a-la-gestion-deleguee-des-equipements-mobiles\/\" target=\"_blank\" rel=\"noopener\">DisruptB2B &#8211; septembre 2025<\/a><br \/>\n<a href=\"https:\/\/dsi-numerique.fr\/gestion-de-flotte-mobile-liberer-du-temps-pour-lit-avec-une-approche-deleguee\/\" target=\"_blank\" rel=\"noopener\">DSI Num\u00e9rique &#8211; septembre 2025<\/a><br \/>\n<a href=\"https:\/\/www.informatiquenews.fr\/pourquoi-choisir-la-gestion-deleguee-de-sa-flotte-mobile-virginie-thibault-saaswedo-106646#:~:text=La%20d%C3%A9l%C3%A9gation%20de%20la%20gestion,au%20c%C5%93ur%20des%20strat%C3%A9gies%20IT\" target=\"_blank\" rel=\"noopener\">Informatique News &#8211; septembre 2025<\/a><br \/>\n<a href=\"https:\/\/www.numeric-tools.com\/flotte-mobile-automatiser-et-industrialiser-la-gestion-avec-une-solution-saas\/\" target=\"_blank\" rel=\"noopener\">Numeric Tools &#8211; septembre 2025<\/a><br \/>\n<a href=\"https:\/\/www.digital-frenchnation.com\/optimiser-le-cycle-de-vie-des-terminaux-mobiles-avec-la-gestion-deleguee\/\" target=\"_blank\" rel=\"noopener\">Digital Frenchnation &#8211; septembre 2025<\/a><br \/>\n<a href=\"https:\/\/www.actu-dsi.fr\/mobilite-professionnelle-alleger-la-dsi-grace-a-la-gestion-externalisee\/\" target=\"_blank\" rel=\"noopener\">ActuDSI &#8211; septembre 2025<\/a><br \/>\n<a href=\"https:\/\/presseagence.fr\/paris-pourquoi-choisir-la-gestion-deleguee-de-sa-flotte-mobile\/\" target=\"_blank\" rel=\"noopener\">Presse Agence &#8211; septembre 2025<\/a><br \/>\n<a href=\"https:\/\/decision-numerique.com\/pourquoi-la-dsi-doit-adopter-la-gestion-deleguee-de-la-flotte-mobile\/\" target=\"_blank\" rel=\"noopener\">D\u00e9cision Num\u00e9rique &#8211; septembre 2025<\/a><br \/>\n<a href=\"https:\/\/itb2b-univers.com\/gestion-mobile-industrialisation-personnalisation-et-performance-it\/\" target=\"_blank\" rel=\"noopener\">ITB2B Univers &#8211; septembre 2025<\/a><br \/>\n<a href=\"https:\/\/www.dsisionnel.com\/dsi-maitriser-la-complexite-des-flottes-mobiles-avec-une-solution-unifiee\/\" target=\"_blank\" rel=\"noopener\">DSIsionnel &#8211; septembre 2025<\/a><br \/>\n<a href=\"https:\/\/www.globalsecuritymag.fr\/pourquoi-choisir-la-gestion-deleguee-de-sa-flotte-mobile.html#:~:text=La%20gestion%20d%C3%A9l%C3%A9gu%C3%A9e%20permet%20aux,de%20service%20aux%20utilisateurs%20finaux\" target=\"_blank\" rel=\"noopener\">Global Security Mag &#8211; septembre 2025<\/a><br \/>\n<a href=\"https:\/\/www.esteval.fr\/article.42952.expertises-pourquoi-choisir-la-gestion-deleguee-de-sa-flotte-mobile\" target=\"_blank\" rel=\"noopener\">Esteval &#8211; septembre 2025<\/a><\/p>\n<p>[\/vc_column_text][\/vc_tta_section][vc_tta_section title=\u00a0\u00bbFin du RTC : les 6 questions les plus fr\u00e9quentes (et les r\u00e9ponses)\u00a0\u00bb tab_id=\u00a0\u00bb1750772777617-4f505c05-128f\u00a0\u00bb][vc_column_text]<a href=\"https:\/\/www.channelbiz.fr\/2025\/06\/18\/telecoms-fin-du-rtc-les-6-questions-les-plus-frequentes-et-les-reponses\/\" target=\"_blank\" rel=\"noopener\">Channel Biz &#8211; juin 2025<\/a><br \/>\n<a href=\"https:\/\/www.telco-infra-news.fr\/fin-du-rtc-les-6-questions-les-plus-frequentes-sur-le-reseau-telephonique-commute-rtc\/\" target=\"_blank\" rel=\"noopener\">Telco Infra News &#8211; juin 2025<\/a><br \/>\n<a href=\"https:\/\/decideur-it.fr\/fin-du-rtc-les-reponses-aux-6-questions-les-plus-frequentes\/\" target=\"_blank\" rel=\"noopener\">D\u00e9cideur IT &#8211; juin 2025<\/a><br \/>\n<a href=\"https:\/\/ntic-infos.fr\/passage-du-rtc-a-lip-ce-quil-faut-savoir-avant-de-migrer\/\" target=\"_blank\" rel=\"noopener\">Ntic Infos &#8211; juin 2025<\/a><br \/>\n<a href=\"https:\/\/disrupt-b2b.fr\/fin-du-rtc-comment-bien-anticiper-la-transition-telephonique\/\" target=\"_blank\" rel=\"noopener\">Disrupt B2B &#8211; juin 2025<\/a><br \/>\n<a href=\"https:\/\/dsi-numerique.fr\/telephonie-professionnelle-quelles-alternatives-au-rtc-en-2025\/\" target=\"_blank\" rel=\"noopener\">DSI Num\u00e9rique &#8211; juin 2025<\/a><br \/>\n<a href=\"https:\/\/www.numeric-tools.com\/fin-des-lignes-en-cuivre-les-solutions-pour-remplacer-le-rtc\/\" target=\"_blank\" rel=\"noopener\">Numeric Tools &#8211; juin 2025<\/a><br \/>\n<a href=\"https:\/\/www.digital-frenchnation.com\/migration-rtc-pots-in-a-box-voip-ucaas-quelles-options-choisir\/\" target=\"_blank\" rel=\"noopener\">Digital Frenchnation &#8211; juin 2025<\/a><br \/>\n<a href=\"https:\/\/www.actu-dsi.fr\/transition-telecom-comment-preparer-la-fin-du-reseau-rtc\/\" target=\"_blank\" rel=\"noopener\">Actu DSI &#8211; juin 2025<\/a><br \/>\n<a href=\"https:\/\/www.ledevoir.com\/communiques-de-presse\/892450\/fin-rtc-6-questions-plus-frequentes-reseau-telephonique-commute-rtc\" target=\"_blank\" rel=\"noopener\">Le Devoir &#8211; juin 2025<\/a><br \/>\n<a href=\"https:\/\/decision-numerique.com\/telephonie-rtc-tout-comprendre-sur-la-fin-programmee-du-reseau-cuivre\/\" target=\"_blank\" rel=\"noopener\">D\u00e9cision Num\u00e9rique &#8211; juin 2025<\/a><br \/>\n<a href=\"https:\/\/itb2b-univers.com\/rtc-en-voie-de-disparition-pourquoi-et-comment-passer-a-lip\/\" target=\"_blank\" rel=\"noopener\">ITB2B Univers &#8211; juin 2025<\/a><br \/>\n<a href=\"https:\/\/www.dsisionnel.com\/rtc-et-telephonie-ip-6-questions-que-se-posent-les-entreprises\/\" target=\"_blank\" rel=\"noopener\">DSIsionnel &#8211; juin 2025<\/a><br \/>\n<a href=\"https:\/\/www.solutions-numeriques.com\/communiques\/fin-du-rtc-les-6-questions-les-plus-frequentes-sur-le-reseau-telephonique-commute-rtc\/\" target=\"_blank\" rel=\"noopener\">Solutions Num\u00e9riques &#8211; juin 2025<\/a><br \/>\n<a href=\"https:\/\/www.silicon.fr\/Thematique\/communique-de-presse-1381\/Breves\/fin-rtc-questions-frequentes-reseau-telephonique-commute-482688.htm\" target=\"_blank\" rel=\"noopener\">Silicon &#8211; juin 2025<\/a><br \/>\n<a href=\"https:\/\/www.globenewswire.com\/news-release\/2025\/06\/18\/3101276\/0\/fr\/Fin-du-RTC-Les-6-questions-les-plus-fr%C3%A9quentes-sur-le-r%C3%A9seau-t%C3%A9l%C3%A9phonique-commut%C3%A9-RTC.html\" target=\"_blank\" rel=\"noopener\">GlobeNewswire &#8211; juin 2025<\/a><br \/>\n<a href=\"https:\/\/fr.finance.yahoo.com\/actualites\/fin-rtc-6-questions-fr%C3%A9quentes-101600498.html?guccounter=1\" target=\"_blank\" rel=\"noopener\">Yahoo! Finance &#8211; juin 2025<\/a><br \/>\n<a href=\"https:\/\/www.itespresso.fr\/press-release\/fin-du-rtc-les-6-questions-les-plus-frquentes-sur-le-rseau-tlphonique-commut-rtc\" target=\"_blank\" rel=\"noopener\">ITEspresso &#8211; juin 2025<\/a>[\/vc_column_text][\/vc_tta_section][vc_tta_section title=\u00a0\u00bb4 bonnes pratiques pour un helpdesk IT plus efficace\u00a0\u00bb tab_id=\u00a0\u00bb1747992336317-13b0b43e-0cd2&Prime;][vc_column_text]<a href=\"https:\/\/www.actu-dsi.fr\/ia-et-support-it-ameliorer-le-tri-et-lanalyse-des-tickets-automatiquement\/\" target=\"_blank\" rel=\"noopener\">Actu-DSI &#8211; mai 2025<\/a><br \/>\n<a href=\"https:\/\/www.digit-collab.com\/4-leviers-pour-optimiser-les-processus-dhelpdesk-it\/\" target=\"_blank\" rel=\"noopener\">DigitCollab &#8211; mai 2025<\/a><br \/>\n<a href=\"https:\/\/decision-numerique.com\/comment-ameliorer-son-helpdesk-it-grace-a-lautomatisation-et-a-lia\/\" target=\"_blank\" rel=\"noopener\">D\u00e9cision Num\u00e9rique &#8211; mai 2025<\/a><br \/>\n<a href=\"https:\/\/decideur-it.fr\/helpdesk-it-4-leviers-pour-optimiser-le-support-client-en-entreprise\/\" target=\"_blank\" rel=\"noopener\">D\u00e9cideur IT &#8211; mai 2025<\/a><br \/>\n<a href=\"https:\/\/ntic-infos.fr\/4-bonnes-pratiques-pour-un-helpdesk-it-plus-efficace-et-centre-utilisateur\/\" target=\"_blank\" rel=\"noopener\">NTIC infos &#8211; mai 2025<\/a><br \/>\n<a href=\"https:\/\/disrupt-b2b.fr\/optimisation-du-support-it-les-piliers-dun-helpdesk-reactif-et-performant\/\" target=\"_blank\" rel=\"noopener\">Disrupt B2B &#8211; mai 2025<\/a><br \/>\n<a href=\"https:\/\/www.numeric-tools.com\/automatiser-et-centraliser-le-helpdesk-it-les-4-cles-de-reussite\/\" target=\"_blank\" rel=\"noopener\">Numeric Tools &#8211; mai 2025<\/a><br \/>\n<a href=\"https:\/\/dsi-numerique.fr\/helpdesk-it-mettre-en-place-une-base-de-connaissances-qui-fait-la-difference\/\" target=\"_blank\" rel=\"noopener\">DSI Num\u00e9rique &#8211; mai 2025<\/a><br \/>\n<a href=\"https:\/\/itb2b-univers.com\/construire-un-helpdesk-omnicanal-pour-une-experience-utilisateur-sans-rupture\/\" target=\"_blank\" rel=\"noopener\">ITB2B Univers &#8211; mai 2025<\/a><br \/>\n<a href=\"https:\/\/www.dsisionnel.com\/experience-client-it-comment-un-helpdesk-structure-ameliore-la-fidelisation\/\" target=\"_blank\" rel=\"noopener\">DSIsionnel &#8211; mai 2025<\/a><br \/>\n<a href=\"https:\/\/www.solutions-numeriques.com\/communiques\/4-leviers-pour-optimiser-les-processus-dhelpdesk-it\/#:~:text=Optimiser%20son%20helpdesk%20IT%2C%20c,asseoir%20durablement%20la%20satisfaction%20client.\" target=\"_blank\" rel=\"noopener\">Solutions Num\u00e9riques &#8211; mai 2025<\/a><br \/>\n<a href=\"https:\/\/www.esteval.fr\/article.41550.tribune-4-leviers-pour-optimiser-les-processus-d-helpdesk-it\" target=\"_blank\" rel=\"noopener\">Esteval &#8211; mai 2025<\/a>[\/vc_column_text][\/vc_tta_section][vc_tta_section title=\u00a0\u00bbSaaswedo accueille Ron Rijkenberg en qualit\u00e9 de Senior Sales Executive Europe\u00a0\u00bb tab_id=\u00a0\u00bb1739545318706-655f9824-aceb\u00a0\u00bb][vc_column_text]<a href=\"https:\/\/www.solutions-numeriques.com\/communiques\/saaswedo-accueille-ron-rijkenberg-en-qualite-de-sales-executive-europe\/\" target=\"_blank\" rel=\"noopener\">Solutions Num\u00e9riques &#8211; f\u00e9vrier 2025<\/a><br \/>\n<a href=\"https:\/\/www.lemoci.com\/nominations-technilog-adp-saaswedo-commerce-exterieur\/\" target=\"_blank\" rel=\"noopener\">Le Moci &#8211; f\u00e9vrier 2025<\/a><br \/>\n<a href=\"https:\/\/www.globenewswire.com\/fr\/news-release\/2025\/02\/11\/3023997\/0\/fr\/Saaswedo-accueille-Ron-Rijkenberg-en-qualit%C3%A9-de-Sales-Executive-Europe.html\" target=\"_blank\" rel=\"noopener\">GlobeNewswire &#8211; f\u00e9vrier 2025<\/a><br \/>\n<a href=\"https:\/\/www.silicon.fr\/Thematique\/communique-de-presse-1381\/Breves\/saaswedo-ron-rijkenberg-qualite-sales-executive-europe-467573.htm\" target=\"_blank\" rel=\"noopener\">Silicon.fr &#8211; f\u00e9vrier 2025<\/a><br \/>\n<a href=\"https:\/\/www.actionco.fr\/Thematique\/rh-1217\/Breves\/ron-rijkenberg-sales-executive-europe-saaswedo-467616.htm\" target=\"_blank\" rel=\"noopener\">ActionCo &#8211; f\u00e9vrier 2025<\/a><br \/>\n<a href=\"https:\/\/www.channelnews.fr\/saaswedo-accueille-ron-rijkenberg-en-qualite-de-sales-executive-europe-142632\" target=\"_blank\" rel=\"noopener\">ChannelNews &#8211; f\u00e9vrier 2025<\/a><br \/>\n<a href=\"https:\/\/presseagence.fr\/paris-saaswedo-accueille-ron-rijkenberg-en-qualite-de-sales-executive-europe\/\" target=\"_blank\" rel=\"noopener\">Presse Agence &#8211; f\u00e9vrier 2025<\/a><br \/>\n<a href=\"https:\/\/www.itespresso.fr\/press-release\/saaswedo-accueille-ron-rijkenberg-en-qualit-de-sales-executive-europe\" target=\"_blank\" rel=\"noopener\">ITespresso.fr &#8211; f\u00e9vrier 2025<\/a><br \/>\n<a href=\"https:\/\/fr.finance.yahoo.com\/actualites\/saaswedo-accueille-ron-rijkenberg-qualit%C3%A9-113300911.html?guccounter=1\" target=\"_blank\" rel=\"noopener\">Yahoo Finance &#8211; f\u00e9vrier 2025<\/a><br \/>\n<a href=\"https:\/\/decideur-it.fr\/saaswedo-accueille-ron-rijkenberg-pour-accelerer-sa-croissance-en-europe\/\" target=\"_blank\" rel=\"noopener\">D\u00e9cideur IT &#8211; f\u00e9vrier 2025<\/a><br \/>\n<a href=\"https:\/\/www.dsisionnel.com\/nomination-strategique-ron-rijkenberg-rejoint-saaswedo-en-tant-que-sales-executive\/\" target=\"_blank\" rel=\"noopener\">Dsisionnel &#8211; f\u00e9vrier 2025<\/a><br \/>\n<a href=\"https:\/\/ntic-infos.fr\/ron-rijkenberg-rejoint-saaswedo-en-tant-que-sales-executive-europe\/\" target=\"_blank\" rel=\"noopener\">Ntic Infos &#8211; f\u00e9vrier 2025<\/a><br \/>\n<a href=\"https:\/\/www.telco-infra-news.fr\/saaswedo-accueille-ron-rijkenberg-en-qualite-de-sales-executive-europe\/\" target=\"_blank\" rel=\"noopener\">Telco Infra News &#8211; f\u00e9vrier 2025<\/a><br \/>\n<a href=\"https:\/\/www.digital-frenchnation.com\/expansion-europeenne-ron-rijkenberg-prend-la-tete-des-ventes-chez-saaswedo\/\" target=\"_blank\" rel=\"noopener\">Digital FrenchNation &#8211; f\u00e9vrier 2025<\/a><br \/>\n<a href=\"https:\/\/www.carrefourdusaas.com\/saaswedo-annonce-larrivee-de-ron-rijkenberg-pour-piloter-son-developpement-europeen\/\" target=\"_blank\" rel=\"noopener\">Carrefour du SaaS &#8211; f\u00e9vrier 2025<\/a><br \/>\n<a href=\"https:\/\/disrupt-b2b.fr\/nouvelle-nomination-ron-rijkenberg-devient-sales-executive-europe-chez-saaswedo\/\" target=\"_blank\" rel=\"noopener\">Disrupt B2B &#8211; f\u00e9vrier 2025<\/a><br \/>\n<a href=\"https:\/\/www.generation-nt.com\/communiques-presse\/saaswedo-accueille-ron-rijkenberg-qualite-sales-executive-2055075\" target=\"_blank\" rel=\"noopener\">G\u00e9n\u00e9ration NT &#8211; f\u00e9vrier 2025<\/a><br \/>\n<a href=\"https:\/\/scaleup-corner.com\/saaswedo-recrute-un-expert-du-tem-ron-rijkenberg-pour-accelerer-son-expansion\/\" target=\"_blank\" rel=\"noopener\">Scale-Up Corner &#8211; f\u00e9vrier 2025<\/a><br \/>\n<a href=\"https:\/\/itb2b-univers.com\/strategie-commerciale-ron-rijkenberg-rejoint-saaswedo-pour-renforcer-sa-presence-en-europe\/\" target=\"_blank\" rel=\"noopener\">ITB2B Univers &#8211; f\u00e9vrier 2025<\/a><br \/>\n<a href=\"https:\/\/www.numeric-tools.com\/saaswedo-renforce-son-leadership-europeen-avec-larrivee-de-ron-rijkenberg\/\" target=\"_blank\" rel=\"noopener\">Numeric Tools &#8211; f\u00e9vrier 2025<\/a><br \/>\n<a href=\"https:\/\/www.ecranmobile.fr\/Saaswedo-accueille-Ron-Rijkenberg-en-qualite-de-Sales-Executive-Europe_a77630.html\" target=\"_blank\" rel=\"noopener\">Ecran Mobile &#8211; f\u00e9vrier 2025<\/a><br \/>\n<a href=\"https:\/\/www.techtalks.fr\/ron-rijkenberg-saaswedo\/\" target=\"_blank\" rel=\"noopener\">Tech Talks &#8211; f\u00e9vrier 2025<\/a>[\/vc_column_text][\/vc_tta_section][vc_tta_section title=\u00a0\u00bbJean-Christophe Van Simaeys rejoint Saaswedo au poste de Chief Operating Officer pour les \u00c9tats-Unis\u00a0\u00bb tab_id=\u00a0\u00bb1745395240017-7142b78d-dd07&Prime;][vc_column_text]<a href=\"https:\/\/www.lemoci.com\/nominations-en-bref\/\" target=\"_blank\" rel=\"noopener\">Le Moci &#8211; mars 2025<\/a><br \/>\n<a href=\"https:\/\/www.channelnews.fr\/jean-christophe-van-simaeys-rejoint-saaswedo-au-poste-de-chief-operating-officer-pour-les-etats-unis-143776\" target=\"_blank\" rel=\"noopener\">ChannelNews &#8211; mars 2025<\/a><br \/>\n<a href=\"https:\/\/mediadreams.fr\/jean-christophe-van-simaeys-rejoint-saaswedo-au-poste-de-chief-operating-officer-pour-les-etats-unis\/\" target=\"_blank\" rel=\"noopener\">Media Dreams &#8211; mars 2025<\/a><br \/>\n<a href=\"https:\/\/www.solutions-numeriques.com\/communiques\/jean-christophe-van-simaeys-rejoint-saaswedo-au-poste-de-chief-operating-officer-pour-les-etats-unis\/\" target=\"_blank\" rel=\"noopener\">Solutions Num\u00e9riques &#8211; mars 2025<\/a><br \/>\n<a href=\"https:\/\/presseagence.fr\/paris-jean-christophe-van-simaeys-rejoint-saaswedo-au-poste-de-chief-operating-officer-pour-les-etats-unis\/\" target=\"_blank\" rel=\"noopener\">Presse Agence &#8211; mars 2025<\/a><br \/>\n<a href=\"https:\/\/www.telco-infra-news.fr\/jean-christophe-van-simaeys-rejoint-saaswedo-au-poste-de-chief-operating-officer-pour-les-etats-unis\/\" target=\"_blank\" rel=\"noopener\">Telco Infra News &#8211; mars 2025<\/a><br \/>\n<a href=\"https:\/\/decideur-it.fr\/jean-christophe-van-simaeys-nomme-coo-usa-de-saaswedo-pour-accelerer-sa-croissance\/\" target=\"_blank\" rel=\"noopener\">D\u00e9cideur IT &#8211; mars 2025<\/a><br \/>\n<a href=\"https:\/\/www.cloudmagazine.fr\/saaswedo-poursuit-son-developpement-aux-etats-unis-avec-jean-christophe-van-simaeys\/\" target=\"_blank\" rel=\"noopener\">Cloud Magazine &#8211; mars 2025<\/a><br \/>\n<a href=\"https:\/\/ntic-infos.fr\/saaswedo-nomme-jean-christophe-van-simaeys-au-poste-de-chief-operating-officer-usa\/\" target=\"_blank\" rel=\"noopener\">Ntic Infos &#8211; mars 2025<\/a><br \/>\n<a href=\"https:\/\/decision-numerique.com\/saaswedo-mise-sur-jean-christophe-van-simaeys-pour-renforcer-sa-presence-en-amerique-du-nord\/\" target=\"_blank\" rel=\"noopener\">D\u00e9cision Num\u00e9rique &#8211; mars 2025<\/a><br \/>\n<a href=\"https:\/\/www.numeric-tools.com\/saaswedo-renforce-son-expansion-aux-etats-unis-avec-larrivee-de-jean-christophe-van-simaeys\/\" target=\"_blank\" rel=\"noopener\">Numeric Tools &#8211; mars 2025<\/a><br \/>\n<a href=\"https:\/\/www.digital-frenchnation.com\/jean-christophe-van-simaeys-pilote-la-strategie-de-croissance-de-saaswedo-aux-usa\/\" target=\"_blank\" rel=\"noopener\">Digital FrenchNation &#8211; mars 2025<\/a><br \/>\n<a href=\"https:\/\/www.carrefourdusaas.com\/jean-christophe-van-simaeys-rejoint-saaswedo-en-tant-que-coo-usa\/\" target=\"_blank\" rel=\"noopener\">Carrefour du SaaS &#8211; mars 2025<\/a><br \/>\n<a href=\"https:\/\/scaleup-corner.com\/saaswedo-accelere-sa-transformation-aux-etats-unis-sous-la-direction-de-jean-christophe-van-simaeys\/\" target=\"_blank\" rel=\"noopener\">Scale-Up Corner &#8211; mars 2025<\/a><br \/>\n<a href=\"https:\/\/itb2b-univers.com\/jean-christophe-van-simaeys-un-atout-cle-pour-lexpansion-de-saaswedo-aux-usa\/\" target=\"_blank\" rel=\"noopener\">ITB2B Univers &#8211; mars 2025<\/a>[\/vc_column_text][\/vc_tta_section][vc_tta_section title=\u00a0\u00bbRemplacement des lignes RTC : Attention \u00e0 ces erreurs courantes\u00a0\u00bb tab_id=\u00a0\u00bb1738334332244-b80b21d1-52ba\u00a0\u00bb][vc_column_text]<a href=\"https:\/\/www.solutions-numeriques.com\/communiques\/remplacement-des-lignes-rtc-attention-a-ces-erreurs-courantes\/\" target=\"_blank\" rel=\"noopener\">Solution Num\u00e9riques &#8211; janvier 2025<\/a><br \/>\n<a href=\"https:\/\/www.silicon.fr\/Thematique\/communique-de-presse-1381\/Breves\/lignes-rtc-attention-erreurs-courantes-467152.htm\" target=\"_blank\" rel=\"noopener\">Silicon.fr &#8211; janvier 2025<\/a><br \/>\n<a href=\"https:\/\/fr.finance.yahoo.com\/actualites\/remplacement-lignes-rtc-attention-%C3%A0-104600488.html?guccounter=1\" target=\"_blank\" rel=\"noopener\">Yahoo! Finance &#8211; janvier 2025<\/a><br \/>\n<a href=\"https:\/\/disrupt-b2b.fr\/migration-rtc-vers-ip-les-erreurs-courantes-qui-coutent-cher\/\" target=\"_blank\" rel=\"noopener\">Disrupt B2B &#8211; janvier 2025<\/a><br \/>\n<a href=\"https:\/\/www.itespresso.fr\/press-release\/remplacement-des-lignes-rtc-attention-ces-erreurs-courantes\" target=\"_blank\" rel=\"noopener\">ITespresso.fr &#8211; janvier 2025<\/a><br \/>\n<a href=\"https:\/\/www.telco-infra-news.fr\/remplacement-des-lignes-rtc-attention-a-ces-erreurs-courantes\/\" target=\"_blank\" rel=\"noopener\">Telco Infra News &#8211; janvier 2025<\/a><br \/>\n<a href=\"https:\/\/www.generation-nt.com\/communiques-presse\/remplacement-lignes-rtc-attention-ces-erreurs-courantes-2054742\" target=\"_blank\" rel=\"noopener\">GNT &#8211; janvier 2025<\/a><br \/>\n<a href=\"https:\/\/decideur-it.fr\/remplacement-du-rtc-erreurs-a-eviter-pour-une-transition-sans-faille\/\" target=\"_blank\" rel=\"noopener\">D\u00e9cideur IT &#8211; janvier 2025<\/a><br \/>\n<a href=\"https:\/\/www.numeric-tools.com\/passage-aux-solutions-ip-comment-eviter-les-erreurs-frequentes\/\" target=\"_blank\" rel=\"noopener\">Numeric Tools &#8211; janvier 2025<\/a><br \/>\n<a href=\"https:\/\/dsi-numerique.fr\/abandon-du-rtc-les-risques-dune-mauvaise-planification\/\" target=\"_blank\" rel=\"noopener\">DSI Num\u00e9rique &#8211; janvier 2025<\/a><br \/>\n<a href=\"https:\/\/itb2b-univers.com\/transition-rtc-ip-erreurs-de-compatibilite-a-ne-pas-sous-estimer\/\" target=\"_blank\" rel=\"noopener\">ITB2B Univers &#8211; janvier 2025<\/a><br \/>\n<a href=\"https:\/\/www.francedailytimes.com\/article\/781665321-remplacement-des-lignes-rtc-attention-ces-erreurs-courantes\" target=\"_blank\" rel=\"noopener\">France Daily Times &#8211; janvier 2025<\/a><br \/>\n<a href=\"https:\/\/www.actu-dsi.fr\/fin-du-rtc-les-etapes-cles-pour-une-transition-reussie\/\" target=\"_blank\" rel=\"noopener\">Actu DSI &#8211; janvier 2025<\/a><br \/>\n<a href=\"https:\/\/ntic-infos.fr\/passer-du-rtc-a-lip-les-pieges-a-anticiper\/\" target=\"_blank\" rel=\"noopener\">Ntic Infos &#8211; janvier 2025<\/a><br \/>\n<a href=\"https:\/\/www.dsisionnel.com\/securiser-la-migration-du-rtc-vers-lip-points-de-vigilance\/\" target=\"_blank\" rel=\"noopener\">Dsisionnel &#8211; janvier 2025<\/a>[\/vc_column_text][\/vc_tta_section][vc_tta_section title=\u00a0\u00bbQuatre points cl\u00e9s pour piloter sa flotte mobile efficacement\u00a0\u00bb tab_id=\u00a0\u00bb1732528311308-40cfdeea-30cf\u00a0\u00bb][vc_column_text]<a href=\"https:\/\/www.solutions-numeriques.com\/communiques\/quatre-points-cles-pour-piloter-sa-flotte-mobile-efficacement\/\" target=\"_blank\" rel=\"noopener\">Solutions num\u00e9riques &#8211; novembre 2024<\/a><br \/>\n<a href=\"https:\/\/dsi-numerique.fr\/gestion-des-flottes-mobiles-les-bonnes-pratiques-a-adopter\/\" target=\"_blank\" rel=\"noopener\">DSI Num\u00e9rique &#8211; novembre 2024<\/a><br \/>\n<a href=\"https:\/\/www.channelnews.fr\/quatre-points-cles-pour-piloter-sa-flotte-mobile-efficacement-140440\" target=\"_blank\" rel=\"noopener\">ChannelNews &#8211; novembre 2024<\/a><br \/>\n<a href=\"https:\/\/fr.tradingview.com\/news\/reuters.com,2024-11-18:newsml_GNE8S6KBX:0\/\" target=\"_blank\" rel=\"noopener\">TradingView &#8211; novembre 2024<\/a><br \/>\n<a href=\"https:\/\/goodtech.info\/quatre-points-cles-pour-piloter-sa-flotte-mobile\/\" target=\"_blank\" rel=\"noopener\">Goodtech.info &#8211; novembre 2024<\/a><br \/>\n<a href=\"https:\/\/disrupt-b2b.fr\/flottes-mobiles-4-etapes-pour-reduire-les-depenses-et-securiser-les-donnees\/\" target=\"_blank\" rel=\"noopener\">Disrupt B2B &#8211; novembre 2024<\/a><br \/>\n<a href=\"https:\/\/www.informatiquenews.fr\/quatre-points-cles-pour-piloter-sa-flotte-mobile-efficacement-101787\" target=\"_blank\" rel=\"noopener\">Informatique News &#8211; novembre 2024<\/a><br \/>\n<a href=\"https:\/\/www.telco-infra-news.fr\/quatre-points-cles-pour-piloter-une-flotte-mobile-efficacement\/\" target=\"_blank\" rel=\"noopener\">Telco Infra News &#8211; novembre 2024<\/a><br \/>\n<a href=\"https:\/\/www.telecomstoday.com\/article\/761561502-quatre-points-cl-s-pour-piloter-sa-flotte-mobile-efficacement\" target=\"_blank\" rel=\"noopener\">Telecoms Today &#8211; novembre 2024<\/a><br \/>\n<a href=\"https:\/\/www.esteval.fr\/article.39071.tribune-saaswedo-quatre-points-cles-pour-piloter-sa-flotte-mobile-efficacement\" target=\"_blank\" rel=\"noopener\">Esteval &#8211; novembre 2024<\/a><br \/>\n<a href=\"https:\/\/decideur-it.fr\/4-strategies-cles-pour-une-gestion-efficace-dune-flotte-mobile\/\" target=\"_blank\" rel=\"noopener\">D\u00e9cideur IT &#8211; novembre 2024<\/a><br \/>\n<a href=\"https:\/\/www.valuespectrum.com\/corporate_news\/1190782-quatre-points-cles-pour-piloter-sa-flotte-mobile-efficacement\" target=\"_blank\" rel=\"noopener\">Valuespectrum.com &#8211; novembre 2024<\/a><br \/>\n<a href=\"https:\/\/www.numeric-tools.com\/piloter-une-flotte-mobile-pour-maitriser-couts-securite-et-durabilite\/\" target=\"_blank\" rel=\"noopener\">Numeric Tools &#8211; novembre 2024<\/a><br \/>\n<a href=\"https:\/\/itb2b-univers.com\/securiser-et-rationaliser-la-flotte-mobile-en-4-etapes-essentielles\/\" target=\"_blank\" rel=\"noopener\">ITB2B Univers &#8211; novembre 2024<\/a><br \/>\n<a href=\"https:\/\/www.technologypressreleases.com\/article\/761561502-quatre-points-cl-s-pour-piloter-sa-flotte-mobile-efficacement\" target=\"_blank\" rel=\"noopener\">Technology Press Releases &#8211; novembre 2024<\/a><br \/>\n<a href=\"https:\/\/www.itnewsonline.com\/GlobeNewswire\/Quatre-points-cls-pour-piloter-sa-flotte-mobile-efficacement\/88208\" target=\"_blank\" rel=\"noopener\">IT News Online &#8211; novembre 2024<\/a><br \/>\n<a href=\"https:\/\/www.actu-dsi.fr\/les-piliers-dune-gestion-performante-et-durable-dune-flotte-mobile\/\" target=\"_blank\" rel=\"noopener\">Actu DSI &#8211; novembre 2024<\/a><br \/>\n<a href=\"https:\/\/www.dsisionnel.com\/integrer-les-enjeux-rse-dans-la-gestion-des-flottes-mobiles\/\" target=\"_blank\" rel=\"noopener\">Dsisionnel &#8211; novembre 2024<\/a>[\/vc_column_text][\/vc_tta_section][vc_tta_section title=\u00a0\u00bbS\u00e9curiser sa flotte mobile: Un imp\u00e9ratif \u00e0 ne pas sous-estimer\u00a0\u00bb tab_id=\u00a0\u00bb1726840283461-dadc2860-12e8&Prime;][vc_column_text]<a href=\"https:\/\/www.solutions-numeriques.com\/communiques\/securiser-sa-flotte-mobile-un-imperatif-a-ne-pas-sous-estimer\/\" target=\"_blank\" rel=\"noopener\">Solutions num\u00e9riques &#8211; septembre 2024<\/a><br \/>\n<a href=\"https:\/\/www.globalsecuritymag.fr\/securiser-sa-flotte-mobile-un-imperatif-a-ne-pas-sous-estimer.html\" target=\"_blank\" rel=\"noopener\">Global Security Mag &#8211; septembre 2024<\/a><br \/>\n<a href=\"https:\/\/www.globenewswire.com\/news-release\/2024\/09\/18\/2948023\/0\/fr\/S%C3%A9curiser-sa-flotte-mobile-un-imp%C3%A9ratif-%C3%A0-ne-pas-sous-estimer.html\" target=\"_blank\" rel=\"noopener\">GlobeNewsWire &#8211; septembre 2024<\/a><br \/>\n<a href=\"http:\/\/www.mtom-mag.com\/article18819.html\" target=\"_blank\" rel=\"noopener\">MtoM Mag &#8211; septembre 2024<\/a><br \/>\n<a href=\"https:\/\/fr.finance.yahoo.com\/actualites\/s%C3%A9curiser-flotte-mobile-imp%C3%A9ratif-%C3%A0-095600263.html\" target=\"_blank\" rel=\"noopener\">Yahoo &#8211; septembre 2024<\/a><br \/>\n<a href=\"https:\/\/www.itespresso.fr\/press-release\/scuriser-sa-flotte-mobile-un-impratif-ne-pas-sous-estimer\" target=\"_blank\" rel=\"noopener\">ITespresso &#8211; septembre 2024<\/a><br \/>\n<a href=\"https:\/\/www.cyberexperts.tech\/securiser-sa-flotte-mobile-un-imperatif-a-ne-pas-sous-estimer\/\" target=\"_blank\" rel=\"noopener\">CyberExperts &#8211; septembre 2024<\/a><br \/>\n<a href=\"https:\/\/www.carrefourdusaas.com\/cybersecurite-mobile-comment-securiser-efficacement-la-flotte-mobile-en-entreprise\/\" target=\"_blank\" rel=\"noopener\">Carrefour du SaaS &#8211; septembre 2024<\/a><br \/>\n<a href=\"https:\/\/presseagence.fr\/paris-securiser-sa-flotte-mobile-un-imperatif-a-ne-pas-sous-estimer\/\" target=\"_blank\" rel=\"noopener\">Presse Agence &#8211; septembre 2024<\/a><br \/>\n<a href=\"https:\/\/www.undernews.fr\/telephonie-phreaking-voip\/securiser-sa-flotte-mobile-un-imperatif-a-ne-pas-sous-estimer.html\" target=\"_blank\" rel=\"noopener\">UnderNews &#8211; septembre 2024<\/a><br \/>\n<a href=\"https:\/\/www.telco-infra-news.fr\/securiser-sa-flotte-mobile-un-imperatif-pour-les-entreprises-face-aux-cybermenaces\/\" target=\"_blank\" rel=\"noopener\">Telco Infra News &#8211; septembre 2024<\/a><br \/>\n<a href=\"https:\/\/decideur-it.fr\/pourquoi-securiser-sa-flotte-mobile-est-essentiel-pour-la-cybersecurite-des-entreprises\/\" target=\"_blank\" rel=\"noopener\">D\u00e9cideur IT &#8211; septembre 2024<br \/>\n<\/a><a href=\"https:\/\/dsi-numerique.fr\/securiser-la-flotte-mobile-en-entreprise-un-imperatif-face-a-la-montee-des-attaques\/\" target=\"_blank\" rel=\"noopener\">DSI Num\u00e9rique &#8211; septembre 2024<\/a><br \/>\n<a href=\"https:\/\/www.actu-dsi.fr\/proteger-sa-flotte-mobile-une-priorite-incontournable-pour-les-entreprises-en-2024\/\" target=\"_blank\" rel=\"noopener\">Actu DSI &#8211; septembre 2024<\/a><br \/>\n<a href=\"https:\/\/www.dsisionnel.com\/pourquoi-la-securisation-de-la-flotte-mobile-est-devenue-essentielle-pour-la-cybersecurite-des-entreprises\/\" target=\"_blank\" rel=\"noopener\">Dsisionnel &#8211; septembre 2024<\/a><br \/>\n<a href=\"https:\/\/itb2b-univers.com\/securiser-les-smartphones-dentreprise-un-enjeu-cle-pour-la-gouvernance-cyber\/\" target=\"_blank\" rel=\"noopener\">ITB2B Univers &#8211; septembre 2024<\/a>[\/vc_column_text][\/vc_tta_section][vc_tta_section title=\u00a0\u00bbSaaswedo nomme Louis Des Courtils \u00e0 la t\u00eate de la division UEM\u00a0\u00bb tab_id=\u00a0\u00bb1718714022661-a866e413-3213&Prime;][vc_column_text]<a href=\"https:\/\/www.ecranmobile.fr\/Saaswedo-annonce-la-nomination-du-Directeur-de-sa-division-Consulting-UEM_a76730.html\" target=\"_blank\" rel=\"noopener\">\u00e9cran mobile &#8211; juin 2024\u00a0<\/a><br \/>\n<a href=\"https:\/\/www.carrefourdusaas.com\/saaswedo-nomme-un-nouveau-directeur-pour-sa-division-consulting-uem\/\" target=\"_blank\" rel=\"noopener\">Carrefour du SaaS &#8211; juin 2024<\/a><br \/>\n<a href=\"https:\/\/www.telco-infra-news.fr\/saaswedo-nomme-louis-des-courtils-a-la-tete-de-la-division-consulting-uem\/\" target=\"_blank\" rel=\"noopener\">Telco Infra News &#8211; juin 2024<\/a><br \/>\n<a href=\"https:\/\/www.globalsecuritymag.fr\/saaswedo-annonce-la-nomination-du-directeur-de-sa-division-consulting-uem.html\" target=\"_blank\" rel=\"noopener\">Global Security Mag Online &#8211; juin 2024<\/a><br \/>\n<a href=\"https:\/\/www.globenewswire.com\/fr\/news-release\/2024\/06\/10\/2895820\/0\/fr\/Saaswedo-annonce-la-nomination-du-Directeur-de-sa-division-Consulting-UEM.html\" target=\"_blank\" rel=\"noopener\">GlobeNewswire &#8211; juin 2024<\/a><br \/>\n<a href=\"https:\/\/www.digital-frenchnation.com\/nomination-louis-des-courtils-devient-directeur-consulting-uem-chez-saaswedo\/\" target=\"_blank\" rel=\"noopener\">Digital FrenchNation &#8211; juin 2024<\/a><br \/>\n<a href=\"https:\/\/presseagence.fr\/paris-saaswedo-annonce-la-nomination-du-directeur-de-sa-division-consulting-uem\/\" target=\"_blank\" rel=\"noopener\">Presse Agence &#8211; juin 2024<\/a><br \/>\n<a href=\"https:\/\/www.lemoci.com\/nominations-ateme-saaswedo-sfil-aeje-quai-dorsay\/\" target=\"_blank\" rel=\"noopener\">Le Moci &#8211; juin 2024<\/a><br \/>\n<a href=\"https:\/\/itrnews.com\/articles\/202742\/saaswedo-nomme-le-directeur-de-sa-division-consulting-uem.html\" target=\"_blank\" rel=\"noopener\">ITRnews &#8211; juin 2024<\/a><br \/>\n<a href=\"https:\/\/www.informatiquenews.fr\/saaswedo-annonce-la-nomination-du-directeur-de-sa-division-consulting-uem-99438\" target=\"_blank\" rel=\"noopener\">Informatique News &#8211; juin 2024<\/a><br \/>\n<a href=\"https:\/\/www.cyberexperts.tech\/saaswedo-annonce-la-nomination-du-directeur-de-sa-division-consulting-uem\/\" target=\"_blank\" rel=\"noopener\">CyberExperts &#8211; juin 2024<\/a><br \/>\n<a href=\"https:\/\/www.itespresso.fr\/press-release\/saaswedo-annonce-la-nomination-du-directeur-de-sa-division-consulting-uem\" target=\"_blank\" rel=\"noopener\">ITespresso &#8211; juin 2024<\/a><br \/>\n<a href=\"https:\/\/www.solutions-numeriques.com\/communiques\/saaswedo-annonce-la-nomination-du-directeur-de-sa-division-consulting-uem\/\" target=\"_blank\" rel=\"noopener\">Solutions Num\u00e9riques &#8211; juin 2024<\/a><br \/>\n<a href=\"https:\/\/fr.finance.yahoo.com\/actualites\/saaswedo-annonce-nomination-directeur-division-094400799.html?guccounter=1\" target=\"_blank\" rel=\"noopener\">Yahoo &#8211; juin 2024<\/a><br \/>\n<a href=\"https:\/\/www.channelnews.fr\/saaswedo-annonce-la-nomination-du-directeur-de-sa-division-consulting-uem-135968\" target=\"_blank\" rel=\"noopener\">ChannelNews &#8211; juin 2024<\/a><br \/>\n<a href=\"https:\/\/itrmanager.com\/articles\/202742\/saaswedo-nomme-le-directeur-de-sa-division-consulting-uem.html\" target=\"_blank\" rel=\"noopener\">ITRmanager : juin 2024<\/a><br \/>\n<a href=\"https:\/\/infodsi.com\/articles\/202742\/saaswedo-annonce-la-nomination-du-directeur-de-sa-division-consulting-uem.html\" target=\"_blank\" rel=\"noopener\">infoDSI &#8211; juin 2024<\/a>[\/vc_column_text][\/vc_tta_section][vc_tta_section title=\u00a0\u00bbSaaswedo renouvelle ses lab\u00e9lisations Lucie 26000 et Relations Fournisseurs et Achats Responsables\u00a0\u00bb tab_id=\u00a0\u00bb1646994941168-c4f3f652-7f601669049539319&Prime;][vc_column_text]<\/p>\n<ul>\n<li><a href=\"https:\/\/www.informatiquenews.fr\/saaswedo-renouvelle-ses-labelisations-lucie-26000-et-relations-fournisseurs-et-achats-responsables-98824\" target=\"_blank\" rel=\"noopener\">Informatique News &#8211; avril 2024<\/a><\/li>\n<li><a href=\"https:\/\/numeric4good.fr\/nouveau-succes-pour-saaswedo-renouvellement-des-labelisations-lucie-26000-et-rfa\/\" target=\"_blank\" rel=\"noopener\">Numeric4Good &#8211; avril 2024<\/a><\/li>\n<li><a href=\"https:\/\/fr.finance.yahoo.com\/actualites\/saaswedo-renouvelle-lab%C3%A9lisations-lucie-26000-102300190.html?guccounter=1\" target=\"_blank\" rel=\"noopener\">Yahoo &#8211; avril 2024<\/a><\/li>\n<li><a href=\"https:\/\/www.solutions-numeriques.com\/communiques\/saaswedo-renouvelle-ses-labelisations-lucie-26000-et-relations-fournisseurs-et-achats-responsables\/\" target=\"_blank\" rel=\"noopener\">Solutions num\u00e9riques &#8211; avril 2024<\/a><\/li>\n<li><a href=\"https:\/\/www.digital-frenchnation.com\/renouvellement-des-labels-rse-saaswedo-confirme-son-engagement-envers-la-durabilite\/\" target=\"_blank\" rel=\"noopener\">Digital FrenchNation &#8211; avril 2024<\/a><\/li>\n<li><a href=\"https:\/\/www.channelnews.fr\/saaswedo-renouvelle-ses-labelisations-lucie-26000-et-relations-fournisseurs-et-achats-responsables-134772\" target=\"_blank\" rel=\"noopener\">ChannelNews &#8211; avril 2024<\/a><\/li>\n<li><a href=\"https:\/\/www.itespresso.fr\/press-release\/saaswedo-renouvelle-ses-lablisations-lucie-26000-et-relations-fournisseurs-et-achats-responsables\" target=\"_blank\" rel=\"noopener\">ITespresso.fr &#8211; avril 2024<\/a><\/li>\n<li><a href=\"https:\/\/www.globenewswire.com\/news-release\/2024\/04\/23\/2867482\/0\/fr\/Saaswedo-renouvelle-ses-lab%C3%A9lisations-Lucie-26000-et-Relations-Fournisseurs-et-Achats-Responsables.html\" target=\"_blank\" rel=\"noopener\">GlobeNewswire &#8211; avril 2024<\/a><\/li>\n<li><a href=\"https:\/\/presseagence.fr\/paris-saaswedo-renouvelle-ses-labelisations-lucie-26000-et-relations-fournisseurs-et-achats-responsables\/\" target=\"_blank\" rel=\"noopener\">Presse Agence &#8211; avril 2024<\/a><\/li>\n<li><a href=\"https:\/\/www.generation-nt.com\/communiques-presse\/saaswedo-renouvelle-labelisations-lucie-26000-relations-2046448\" target=\"_blank\" rel=\"noopener\">generation-nt &#8211; avril 2024<\/a><\/li>\n<li><a href=\"https:\/\/www.numeric-tools.com\/saaswedo-reaffirme-son-engagement-rse-avec-le-renouvellement-de-ses-labelisations-majeures\/\" target=\"_blank\" rel=\"noopener\">Numeric Tools &#8211; avril 2024<\/a><\/li>\n<\/ul>\n<p>[\/vc_column_text][\/vc_tta_section][vc_tta_section title=\u00a0\u00bbQuel impact carbone et \u00e9cologique pour le num\u00e9rique ?\u00a0\u00bb tab_id=\u00a0\u00bb1714378887836-617cacaf-da79&Prime;][vc_column_text]<\/p>\n<ul>\n<li><a href=\"https:\/\/www.esteval.fr\/article.36223.tribune-saaswedo-quel-impact-carbone-et-ecologique-pour-le-numerique\" target=\"_blank\" rel=\"noopener\">Esteval &#8211; avril 2024<\/a><\/li>\n<li><a href=\"https:\/\/numeric4good.fr\/quel-impact-carbone-et-ecologique-pour-le-numerique\/\" target=\"_blank\" rel=\"noopener\">Numeric4Good &#8211; mars 2024<\/a><\/li>\n<li><a href=\"https:\/\/www.ecranmobile.fr\/%E2%80%8BQuel-impact-carbone-et-ecologique-pour-le-numerique_a76373.html\" target=\"_blank\" rel=\"noopener\">Ecran Mobile &#8211; mars 2024<\/a><\/li>\n<li><a href=\"http:\/\/www.mtom-mag.com\/article18037.html\" target=\"_blank\" rel=\"noopener\">Mtom mag\u00a0 &#8211; mars 2024<\/a><\/li>\n<li><a href=\"https:\/\/www.globalsecuritymag.fr\/quel-impact-carbone-et-ecologique-pour-le-numerique.html\" target=\"_blank\" rel=\"noopener\">Global Security Mag Online &#8211; mars 2024<\/a><\/li>\n<li><a href=\"https:\/\/goodtech.info\/quel-impact-carbone-et-ecologique-pour-le-numerique\/\" target=\"_blank\" rel=\"noopener\">Goodtech &#8211; mars 2024<\/a><\/li>\n<li><a href=\"https:\/\/presseagence.fr\/paris-quel-impact-carbone-et-ecologique-pour-le-numerique\/\" target=\"_blank\" rel=\"noopener\">Presse Agence &#8211; mars 2024<\/a><\/li>\n<li><a href=\"https:\/\/decideur-it.fr\/quel-impact-carbone-et-ecologique-pour-le-numerique\/\" target=\"_blank\" rel=\"noopener\">D\u00e9cideur IT &#8211; mars 2024<\/a><\/li>\n<li><a href=\"https:\/\/www.actu-dsi.fr\/quel-impact-carbone-et-ecologique-pour-le-numerique\/\" target=\"_blank\" rel=\"noopener\">Actu DSI &#8211; mars 2024<\/a><\/li>\n<li><a href=\"https:\/\/dsi-numerique.fr\/quel-impact-carbone-et-ecologique-pour-le-numerique\/\" target=\"_blank\" rel=\"noopener\">DSI Num\u00e9rique &#8211; mars 2024<\/a><\/li>\n<li><a href=\"https:\/\/www.numeric-tools.com\/quel-impact-carbone-et-ecologique-pour-le-numerique\/\" target=\"_blank\" rel=\"noopener\">Numeric Tools &#8211; mars 2024<\/a><\/li>\n<li><a href=\"https:\/\/www.digital-frenchnation.com\/quel-impact-carbone-et-ecologique-pour-le-numerique\/\" target=\"_blank\" rel=\"noopener\">Digital FrenchNation &#8211; mars 2024<\/a><\/li>\n<\/ul>\n<p>[\/vc_column_text][\/vc_tta_section][vc_tta_section title=\u00a0\u00bbL\u2019infog\u00e9rance des flottes mobiles : un incontournable pour les ETI\u00a0\u00bb tab_id=\u00a0\u00bb1646994937484-99a661f7-69f71669049539319&Prime;][vc_column_text]<\/p>\n<ul>\n<li><a href=\"https:\/\/www.solutions-numeriques.com\/communiques\/linfogerance-des-flottes-mobiles-un-incontournable-pour-les-eti\/\" target=\"_blank\" rel=\"noopener\">Solutions Num\u00e9riques &#8211; janvier 2024<\/a><\/li>\n<li><a href=\"https:\/\/www.dsisionnel.com\/simplifiez-la-gestion-des-flottes-mobiles-en-eti-avec-linfogerance\/\" target=\"_blank\" rel=\"noopener\">DSIsionel &#8211; janvier 2024<\/a><\/li>\n<li><a href=\"https:\/\/dsi-numerique.fr\/gestion-optimale-des-flottes-mobiles-le-role-cle-de-linfogerance\/\" target=\"_blank\" rel=\"noopener\">DSI num\u00e9rique &#8211; janvier 2024<\/a><\/li>\n<li><a href=\"https:\/\/www.digit-collab.com\/linfogerance-des-flottes-mobiles-un-incontournable-pour-les-eti\/\" target=\"_blank\" rel=\"noopener\">Digit Collab &#8211; janvier 2024<\/a><\/li>\n<li><a href=\"https:\/\/www.numeric-tools.com\/linfogerance-alliee-indispensable-des-eti-pour-les-flottes-mobiles\/\" target=\"_blank\" rel=\"noopener\">Numeric TOOLS &#8211; janvier 2024<\/a><\/li>\n<li><a href=\"https:\/\/www.telco-infra-news.fr\/infogerance-des-flottes-mobiles-imperatif-pour-les-eti\/\" target=\"_blank\" rel=\"noopener\">TELCO INFRA NEWS &#8211; janvier 2024<\/a><\/li>\n<li><a href=\"https:\/\/decideur-it.fr\/gestion-des-flottes-mobiles-lenjeu-vital-des-eti\/\" target=\"_blank\" rel=\"noopener\">D\u00e9cideur IT &#8211; janvier 2024<\/a><\/li>\n<li><a href=\"https:\/\/www.actu-dsi.fr\/infogerance-des-flottes-mobiles-en-entreprise-pourquoi-et-comment\/\" target=\"_blank\" rel=\"noopener\">Actu DSI &#8211; janvier 2024<\/a><\/li>\n<li><a href=\"https:\/\/www.esn-news.fr\/flottes-mobiles-lexternalisation-cruciale-pour-les-eti\/\" target=\"_blank\" rel=\"noopener\">ESN News &#8211; janvier 2024<\/a><\/li>\n<li><a href=\"https:\/\/www.carrefourdusaas.com\/infogerance-des-flottes-mobiles-une-reponse-aux-defis-des-eti\/\" target=\"_blank\" rel=\"noopener\">Carrefour du SAAS &#8211; janvier 2024<\/a><\/li>\n<li><a href=\"https:\/\/www.cloudmagazine.fr\/infogerance-cle-de-la-gestion-des-flottes-mobiles-en-eti\/\" target=\"_blank\" rel=\"noopener\">Cloud magazine &#8211; janvier 2024<\/a><\/li>\n<\/ul>\n<p>[\/vc_column_text][\/vc_tta_section][vc_tta_section title=\u00a0\u00bbSaaswedo package une nouvelle offre d\u2019infog\u00e9rance des flottes mobiles\u00a0\u00bb tab_id=\u00a0\u00bb1705999445262-6b0e5d85-3822&Prime;][vc_column_text]<\/p>\n<ul>\n<li style=\"list-style-type: none;\">\n<ul>\n<li><a href=\"https:\/\/www.channelnews.fr\/saaswedo-package-une-nouvelle-offre-dinfogerance-des-flottes-mobiles-131167\" target=\"_blank\" rel=\"noopener\">ChannelNews &#8211; janvier 2024<\/a><\/li>\n<li><a href=\"https:\/\/www.actu-dsi.fr\/saaswedo-package-une-nouvelle-offre-dinfogerance-des-flottes-mobiles\/\" target=\"_blank\" rel=\"noopener\">Actu DSI\u00a0 &#8211; d\u00e9cembre 2023<\/a><\/li>\n<li><a href=\"https:\/\/decideur-it.fr\/saaswedo-package-une-nouvelle-offre-dinfogerance-des-flottes-mobiles\/\" target=\"_blank\" rel=\"noopener\">D\u00e9cideur IT &#8211; d\u00e9cembre 2023<\/a><\/li>\n<\/ul>\n<\/li>\n<\/ul>\n<p>[\/vc_column_text][\/vc_tta_section][vc_tta_section title=\u00a0\u00bbSaaswedo annonce une prise de participation aupr\u00e8s de Communication Brokers Inc\u00a0\u00bb tab_id=\u00a0\u00bb1705308402402-44b90e12-7504&Prime;][vc_column_text]<\/p>\n<ul>\n<li><a href=\"https:\/\/capitalfinance.lesechos.fr\/deals\/build-up\/saaswedo-se-dote-dune-plateforme-americaine-1914805\" target=\"_blank\" rel=\"noopener\">Capital Finance \u2013 mars 2023<\/a><\/li>\n<li><a href=\"https:\/\/itb2b-univers.com\/saaswedo-vise-les-etats-unis\/\" target=\"_blank\" rel=\"noopener\">ITB2B \u2013 mars 2023<\/a><\/li>\n<li><a href=\"https:\/\/decideur-it.fr\/saaswedo-annonce-une-prise-de-participation-aupres-de-communication-brokers-inc\/\" target=\"_blank\" rel=\"noopener\">Decideur-IT \u2013 mars 2023<\/a><\/li>\n<li><a href=\"https:\/\/www.cfnews.net\/L-actualite\/International\/Operations\/M-A\/Majoritaire\/Saaswedo-se-paie-un-homologue-americain-434123\" target=\"_blank\" rel=\"noopener\">CFNEWS\u2013 mars 2023<\/a><\/li>\n<li><a href=\"https:\/\/www.carrefourdusaas.com\/tem-saas-saaswedo-met-le-cap-sur-les-usa\/\" target=\"_blank\" rel=\"noopener\">Carrefour du SAAS \u2013 mars 2023<\/a><\/li>\n<li><a href=\"https:\/\/www.solutions-numeriques.com\/communiques\/saaswedo-accelere-sa-croissance-aux-etats-unis-et-annonce-une-prise-de-participation-aupres-de-communication-brokers-inc-cbi-telecommunications\/#:~:text=Dans%20le%20cadre%20de%20cette,en%20bout%20de%20nouveaux%20projets\" target=\"_blank\" rel=\"noopener\">Solutions num\u00e9riques \u2013 mars 2023<\/a><\/li>\n<li><a href=\"https:\/\/www.telco-infra-news.fr\/tem-saaswedo-accelere-sa-croissance-aux-etats-unis\/\" target=\"_blank\" rel=\"noopener\">Telco Infra News &#8211; <\/a><a href=\"https:\/\/www.telco-infra-news.fr\/tem-saaswedo-accelere-sa-croissance-aux-etats-unis\/\">mars 2023<\/a><\/li>\n<li><a href=\"https:\/\/dsi-numerique.fr\/saaswedo-se-renforce-aux-etats-unis\/\" target=\"_blank\" rel=\"noopener\">DSI num\u00e9rique &#8211; mars 2023<\/a><\/li>\n<li><a href=\"https:\/\/scaleup-corner.com\/prise-de-participation-pour-saaswedo-et-acceleration-aux-etats-unis\/\" target=\"_blank\" rel=\"noopener\">SCALE-UP Corner &#8211; mars 2023<\/a><\/li>\n<li><a href=\"https:\/\/www.numeric-tools.com\/saaswedo-annonce-une-prise-de-participation-aupres-de-communication-brokers-inc\/\" target=\"_blank\" rel=\"noopener\">Numeric Tools &#8211; mars 2023<\/a><\/li>\n<li><a href=\"http:\/\/www.industrie-mag.com\/article6016.html\" target=\"_blank\" rel=\"noopener\">Industrie Mag &#8211; mars 2023<\/a><\/li>\n<li><a href=\"https:\/\/www.digital-frenchnation.com\/saaswedo-annonce-une-prise-de-participation-aupres-de-communication-brokers-inc\/\" target=\"_blank\" rel=\"noopener\">Digital Frenchnation &#8211; mars 2023<\/a><\/li>\n<li><a href=\"https:\/\/www.itnewsonline.com\/GlobeNewswire\/Saaswedo-acclre-sa-croissance-aux-tats-Unis-et-annonce-une-prise-de-participation-auprs-de-Communication-Brokers-Inc.--CBI-Tlcommunications\/57688\" target=\"_blank\" rel=\"noopener\">IT News online &#8211; mars 2023\u00a0<\/a><\/li>\n<li><a href=\"https:\/\/www.actu-dsi.fr\/technology-expense-management-saaswedo-prend-une-participation-chez-cbi-telecommunications\/\" target=\"_blank\" rel=\"noopener\">Actu DSI &#8211; mars 2023<\/a><\/li>\n<li><a href=\"https:\/\/www.digit-collab.com\/saaswedo-annonce-une-prise-de-participation-aupres-de-cbi-telecommunications\/\" target=\"_blank\" rel=\"noopener\">Digit Collab &#8211; mars 2023<\/a><\/li>\n<li><a href=\"https:\/\/www.yahoo.com\/entertainment\/saaswedo-accelerates-growth-united-states-105200818.html\" target=\"_blank\" rel=\"noopener\">Yahoo Entertainment &#8211; mars 2023<\/a><\/li>\n<li><a href=\"https:\/\/www.channelnews.fr\/saaswedo-accelere-sa-croissance-aux-etats-unis-et-annonce-une-prise-de-participation-aupres-de-communication-brokers-inc-cbi-telecommunications-123119\" target=\"_blank\" rel=\"noopener\">Channel News &#8211; mars 2023<\/a><\/li>\n<li><a href=\"https:\/\/www.informatiquenews.fr\/saaswedo-accelere-sa-croissance-aux-etats-unis-et-annonce-une-prise-de-participation-aupres-de-communication-brokers-inc-cbi-telecommunications-92616\" target=\"_blank\" rel=\"noopener\">Informatique News &#8211; mars 2023<\/a><\/li>\n<li><a href=\"https:\/\/www.republik-achats.fr\/solution-techno\/consultant\/avec-l-acquisition-de-cbi-telecommunications-saaswedo-s-impose-un-peu-plus-aux-etats-unis.html\" target=\"_blank\" rel=\"noopener\">Republik Achats &#8211; mars 2023<\/a><\/li>\n<li><a href=\"https:\/\/www.fusacq.com\/buzz\/saaswedo-accelere-sa-croissance-aux-etats-unis-avec-cbi-telecommunications-a238521_be_\" target=\"_blank\" rel=\"noopener\">FUSACQ &#8211; mars 2023<\/a><\/li>\n<\/ul>\n<p>[\/vc_column_text][\/vc_tta_section][vc_tta_section title=\u00a0\u00bbSaaswedo, Taas et Mobility Plus fusionnent\u00a0\u00bb tab_id=\u00a0\u00bb1680187682694-084f039e-0285&Prime;][vc_column_text]<\/p>\n<ul>\n<li><a href=\"https:\/\/www.distributique.com\/actualites\/lire-saaswedo-taas-et-mobility-plus-fusionnent-sous-la-marque-unique-saaswedo-33482.html\" target=\"_blank\" rel=\"noopener\">Distributique \u2013 janvier 2023<\/a><\/li>\n<li><a href=\"https:\/\/www.fusacq.com\/buzz\/saaswedo-taas-et-mobility-plus-fusionnent-a235780_fr_\" target=\"_blank\" rel=\"noopener\">FUSACQ \u2013 janvier 2023<\/a><\/li>\n<li><a href=\"https:\/\/www.telco-infra-news.fr\/telephonie-mobile-saaswedo-taas-et-mobility-plus-fusionnent\/\" target=\"_blank\" rel=\"noopener\">Telco Infra News \u2013 janvier 2023<\/a><\/li>\n<li><a href=\"https:\/\/www.channelnews.fr\/saaswedo-taas-et-mobility-plus-fusionnent-120785\" target=\"_blank\" rel=\"noopener\">Channel News \u2013 janvier 2023<\/a><\/li>\n<li><a href=\"https:\/\/www.cloudmagazine.fr\/saaswedo-change-de-dimension\/\" target=\"_blank\" rel=\"noopener\">Cloud Magazine \u2013 janvier 2023<\/a><\/li>\n<li><a href=\"https:\/\/www.itespresso.fr\/press-release\/saaswedo-taas-et-mobility-plus-fusionnent\" target=\"_blank\" rel=\"noopener\">ITespresso \u2013 janvier 2023<\/a><\/li>\n<li><a href=\"https:\/\/www.carrefourdusaas.com\/saas-du-nouveau-sur-le-marche-de-la-digital-workplace\/\" target=\"_blank\" rel=\"noopener\">Carrefour du SAAS &#8211;\u00a0<\/a><a href=\"https:\/\/www.carrefourdusaas.com\/saas-du-nouveau-sur-le-marche-de-la-digital-workplace\/\">janvier 2023<\/a><\/li>\n<li><a href=\"https:\/\/www.informatiquenews.fr\/saaswedo-taas-et-mobility-plus-fusionnent-91367\" target=\"_blank\" rel=\"noopener\">Informatique News &#8211; janvier 2023<\/a><\/li>\n<li><a href=\"https:\/\/www.ecranmobile.fr\/Saaswedo-Taas-et-Mobility-Plus-fusionnent_a73008.html\" target=\"_blank\" rel=\"noopener\">Ecran Mobile &#8211; janvier 2023<\/a><\/li>\n<li><a href=\"https:\/\/scaleup-corner.com\/saaswedo-taas-et-mobility-plus-fusionnent\/\" target=\"_blank\" rel=\"noopener\">SCALE-UP Corner &#8211; janvier 2023<\/a><\/li>\n<li><a href=\"https:\/\/www.solutions-numeriques.com\/communiques\/saaswedo-taas-et-mobility-plus-fusionnent\/\" target=\"_blank\" rel=\"noopener\">Solutions num\u00e9riques &#8211; janvier 2023<\/a><\/li>\n<li><a href=\"https:\/\/www.numeric-tools.com\/saaswedo-taas-et-mobility-plus-fusionnent\/\" target=\"_blank\" rel=\"noopener\">Numeric Tools &#8211; janvier 2023<\/a><\/li>\n<li><a href=\"https:\/\/www.generation-nt.com\/communiques-presse\/saaswedo-taas-mobility-plus-fusionnent-2032240\" target=\"_blank\" rel=\"noopener\">Generation-nt &#8211; janvier 2023<\/a><\/li>\n<li><a href=\"https:\/\/fr.finance.yahoo.com\/actualites\/saaswedo-taas-mobility-fusionnent-110800938.html\" target=\"_blank\" rel=\"noopener\">Yahoo Finance &#8211; janvier 2023<\/a><\/li>\n<li><a href=\"https:\/\/www.globalsecuritymag.fr\/Saaswedo-Taas-et-Mobility-Plus-fusionnent.html\" target=\"_blank\" rel=\"noopener\">Global Security Mag &#8211; Janvier 2023<\/a><\/li>\n<li><a href=\"https:\/\/decideur-it.fr\/reunion-de-saaswedo-taas-et-mobility\/\" target=\"_blank\" rel=\"noopener\">Decideur-IT &#8211; janvier 2023<\/a><\/li>\n<li><a href=\"https:\/\/www.digital-frenchnation.com\/nouvel-ensemble-pour-saaswedo\/\" target=\"_blank\" rel=\"noopener\">Digital Frenchnation &#8211; janvier 2023\u00a0<\/a><\/li>\n<\/ul>\n<p>[\/vc_column_text][\/vc_tta_section][vc_tta_section title=\u00a0\u00bbSaaswedo confirme son approche vertueuse en obtenant le prestigieux label RFAR\u00a0\u00bb tab_id=\u00a0\u00bb1680183689071-4aed6fc9-dc90&Prime;][vc_column_text]<\/p>\n<ul>\n<li><a href=\"https:\/\/decideur-it.fr\/saaswedo-confirme-son-approche-vertueuse\/\" target=\"_blank\" rel=\"noopener\">Decideur IT \u2013 novembre 2022<\/a><\/li>\n<li><a href=\"https:\/\/www.channelnews.fr\/saaswedo-confirme-son-approche-vertueuse-en-obtenant-le-prestigieux-label-rfar-119940\" target=\"_blank\" rel=\"noopener\">ChannelNEWS \u2013 novembre 2022<\/a><\/li>\n<li><a href=\"https:\/\/www.cloudmagazine.fr\/saaswedo-decroche-le-prestigieux-label-rfar\/\" target=\"_blank\" rel=\"noopener\">Cloud Magazine \u2013 novembre 2022<\/a><\/li>\n<li><a href=\"https:\/\/www.globenewswire.com\/news-release\/2022\/11\/28\/2562965\/0\/fr\/Saaswedo-confirme-son-approche-vertueuse-en-obtenant-le-prestigieux-label-RFAR.html\" target=\"_blank\" rel=\"noopener\">Globe Newswire \u2013 novembre 2022<\/a><\/li>\n<li><a href=\"https:\/\/www.digital-frenchnation.com\/lediteur-francais-saaswedo-decroche-le-label-rfar\/\" target=\"_blank\" rel=\"noopener\">Digital Frenchnation \u2013 novembre 2022<\/a><\/li>\n<li><a href=\"https:\/\/www.informatiquenews.fr\/saaswedo-confirme-son-approche-vertueuse-en-obtenant-le-prestigieux-label-rfar-90537\" target=\"_blank\" rel=\"noopener\">Informatique News \u2013 novembre 2022<\/a><\/li>\n<li><a href=\"https:\/\/www.itespresso.fr\/press-release\/saaswedo-confirme-son-approche-vertueuse-en-obtenant-le-prestigieux-label-rfar\" target=\"_blank\" rel=\"noopener\">ITespresso \u2013 novembre 2022<\/a><\/li>\n<li><a href=\"https:\/\/www.solutions-numeriques.com\/communiques\/saaswedo-confirme-son-approche-vertueuse-en-obtenant-le-prestigieux-label-rfar-2\/\" target=\"_blank\" rel=\"noopener\">Solutions num\u00e9riques &#8211; novembre 2022<\/a><\/li>\n<li><a href=\"https:\/\/www.ecranmobile.fr\/Saaswedo-confirme-son-approche-vertueuse-en-obtenant-le-prestigieux-label-RFAR_a72684.html\" target=\"_blank\" rel=\"noopener\">Ecran Mobile &#8211; novembre 2022<\/a><\/li>\n<li><a href=\"https:\/\/fr.news.yahoo.com\/saaswedo-confirme-approche-vertueuse-obtenant-113700512.html?guccounter=1&amp;guce_referrer=aHR0cHM6Ly9ldWMtZXhjZWwub2ZmaWNlYXBwcy5saXZlLmNvbS8&amp;guce_referrer_sig=AQAAACUlkHYS0TM3iH_T2meRa9Zhb-WByWlhFYCVgYOrNHFniV-WfeUOyq4wV17jfKa__7TISFnrhTnDI_1fwEtmetchDn4v7zbUNMqC64dYmBDchbukWk10DvMx2K7WEdUbnm-BPIH-CipVz411oJkdHMx951vqxboTQBSPJjv900oT\" target=\"_blank\" rel=\"noopener\">Yahoo actualit\u00e9s &#8211; novembre 2022<\/a><\/li>\n<li><a href=\"https:\/\/itrnews.com\/communiques-de-presse\/47053\/saaswedo-confirme-son-approche-vertueuse-en-obtenant-le-prestigieux-label-rfar\" target=\"_blank\" rel=\"noopener\">ITRNews &#8211; novembre 2022<\/a><\/li>\n<li><a href=\"https:\/\/ntic-infos.fr\/saaswedo-confirme-son-approche-vertueuse-en-obtenant-le-prestigieux-label-rfar\/\" target=\"_blank\" rel=\"noopener\">NTIC Infos &#8211; novembre 2022<\/a><\/li>\n<li><a href=\"https:\/\/www.carrefourdusaas.com\/saaswedo-obtient-le-label-rfar\/\" target=\"_blank\" rel=\"noopener\">Carrefour du SAAS &#8211; novembre 2022<\/a><\/li>\n<li><a href=\"https:\/\/itrmanager.com\/communique\/47053\/saaswedo-confirme-son-approche-vertueuse-en-obtenant-le-prestigieux-label-rfar\" target=\"_blank\" rel=\"noopener\">ITR Manager.com &#8211; novembre 2022<\/a><\/li>\n<li><a href=\"https:\/\/disrupt-b2b.fr\/saaswedo-confirme-son-approche-vertueuse-en-obtenant-le-prestigieux-label-rfar\/\" target=\"_blank\" rel=\"noopener\">Disrupt B2B &#8211; novembre 2022<\/a><\/li>\n<li><a href=\"https:\/\/itchannel.info\/communiques-de-presse\/47053\/saaswedo-confirme-son-approche-vertueuse-en-obtenant-le-prestigieux-label-rfar\" target=\"_blank\" rel=\"noopener\">IT Channel &#8211; novembre 2022<\/a><\/li>\n<li><a href=\"https:\/\/www.numeric-tools.com\/saaswedo-confirme-son-approche-vertueuse-en-obtenant-le-prestigieux-label-rfar\/\" target=\"_blank\" rel=\"noopener\">Numeric Tools &#8211; novembre 2022<\/a><\/li>\n<li><a href=\"https:\/\/itrmobiles.com\/communiques-de-press\/47053\/saaswedo-confirme-son-approche-vertueuse-en-obtenant-le-prestigieux-label-rfar\" target=\"_blank\" rel=\"noopener\">ITR Mobiles.com &#8211; novembre 2022<\/a><\/li>\n<li><a href=\"https:\/\/infodsi.com\/communiques-de-presse\/47053\/saaswedo-confirme-son-approche-vertueuse-en-obtenant-le-prestigieux-label-rfar\" target=\"_blank\" rel=\"noopener\">Info DSI &#8211; novembre 2022\u00a0<\/a><\/li>\n<\/ul>\n<p>[\/vc_column_text][\/vc_tta_section][vc_tta_section title=\u00a0\u00bbSaaswedo et ses soci\u00e9t\u00e9s s\u0153urs obtiennent le label LUCIE\u00a0\u00bb tab_id=\u00a0\u00bb1680180318234-5a738c2e-6d24&Prime;][vc_column_text]<\/p>\n<ul>\n<li style=\"list-style-type: none;\">\n<ul>\n<li><a href=\"https:\/\/www.informatiquenews.fr\/saaswedo-et-ses-societes-soeurs-obtiennent-le-label-lucie-89544\" target=\"_blank\" rel=\"noopener\">Informatique News \u2013 septembre 2022<\/a><\/li>\n<li><a href=\"https:\/\/www.ntic-infos.fr\/saaswedo-et-ses-societes-soeurs-obtiennent-le-label-lucie\/\" target=\"_blank\" rel=\"noopener\">NTIC infos \u2013 septembre 2022<\/a><\/li>\n<li><a href=\"https:\/\/www.channelnews.fr\/saaswedo-et-ses-societes-soeurs-obtiennent-le-label-lucie-118044\" target=\"_blank\" rel=\"noopener\">Channel News \u2013 septembre 2022<\/a><\/li>\n<li><a href=\"https:\/\/www.telco-infra-news.fr\/saaswedo-et-ses-societes-soeurs-obtiennent-le-label-lucie\/\" target=\"_blank\" rel=\"noopener\">TELCO INFRA NEWS \u2013 septembre 2022<\/a><\/li>\n<li><a href=\"https:\/\/disrupt-b2b.fr\/saaswedo-et-ses-societes-soeurs-obtiennent-le-label-lucie\/\" target=\"_blank\" rel=\"noopener\">Disrupt B2B \u2013 septembre 2022<\/a><\/li>\n<\/ul>\n<\/li>\n<\/ul>\n<p>[\/vc_column_text][\/vc_tta_section][vc_tta_section title=\u00a0\u00bbLa s\u00e9curit\u00e9 des smartphones, tablettes et laptops dans un usage professionnel et personnel : quelles solutions ?\u00a0\u00bb tab_id=\u00a0\u00bb1669049938454-fd1e02c0-6bc6&Prime;][vc_column_text]<\/p>\n<ul>\n<li><a href=\"https:\/\/dsi-numerique.fr\/la-securite-des-smartphones-tablettes-et-laptops-dans-un-usage-professionnel-et-personnel-quelles-solutions\/\" target=\"_blank\" rel=\"noopener\">DSI-num\u00e9rique \u2013 juin 2022<\/a><\/li>\n<li><a href=\"https:\/\/www.esn-news.fr\/la-securite-des-smartphones-tablettes-et-laptops-dans-un-usage-professionnel-et-personnel-quelles-solutions\/\" target=\"_blank\" rel=\"noopener\">ESN News \u2013 juin 2022<\/a><\/li>\n<li><a href=\"https:\/\/decideur-it.fr\/la-securite-des-smartphones-tablettes-et-laptops-dans-un-usage-professionnel-et-personnel-quelles-solutions\/\" target=\"_blank\" rel=\"noopener\">D\u00e9cideur IT \u2013 juin 2022<\/a><\/li>\n<li><a href=\"https:\/\/www.globalsecuritymag.fr\/La-securite-des-smartphones,20220628,127147.html\" target=\"_blank\" rel=\"noopener\">Global Security Mag \u2013 juin 2022<\/a><\/li>\n<li><a href=\"https:\/\/www.ecranmobile.fr\/La-securite-des-smartphones-tablettes-et-laptops-dans-un-usage-professionnel-et-personnel-quelles-solutions_a71409.html\" target=\"_blank\" rel=\"noopener\">Ecran Mobile \u2013 juin 2022<\/a><\/li>\n<li><a href=\"https:\/\/www.telco-infra-news.fr\/la-securite-des-smartphones-tablettes-et-laptops-dans-un-usage-professionnel-et-personnel-quelles-solutions\/\" target=\"_blank\" rel=\"noopener\">Telco Infra News \u2013 juin 2022<\/a><\/li>\n<li><a href=\"https:\/\/www.itespresso.fr\/press-release\/la-scurit-des-smartphones-tablettes-et-laptops-dans-un-usage-professionnel-et-personnel-quelles-solutions\" target=\"_blank\" rel=\"noopener\">IT Espresso \u2013 juin 2022<\/a><\/li>\n<li><a href=\"https:\/\/www.informatiquenews.fr\/travail-hybride-la-securite-des-smartphones-tablettes-et-laptops-dans-un-usage-professionnel-et-personnel-quelles-solutions-87899\" target=\"_blank\" rel=\"noopener\">Informatique News \u2013 juin 2022<\/a><\/li>\n<li><a href=\"https:\/\/www.finyear.com\/La-securite-des-smartphones-tablettes-et-laptops-dans-un-usage-professionnel-et-personnel-quelles-solutions_a47721.html\" target=\"_blank\" rel=\"noopener\">Finyear \u2013 juin 2022<\/a><\/li>\n<\/ul>\n<p>[\/vc_column_text][\/vc_tta_section][vc_tta_section title=\u00a0\u00bbSaaswedo et Taas remportent l\u2019appel d\u2019offres SNCF de gestion centralis\u00e9e des flottes mobiles pour les quatre ann\u00e9es \u00e0 venir\u00a0\u00bb tab_id=\u00a0\u00bb1669049590890-a9fe4d36-bf1d\u00a0\u00bb][vc_column_text]<\/p>\n<ul>\n<li><a href=\"https:\/\/itchannel.info\/articles\/194836\/saaswedo-et-taas-remportent-lappel-doffres-sncf-de-gestion-centralisee-des-flottes-mobiles-pour-les-quatre-annees-a-venir.html\" target=\"_blank\" rel=\"noopener\">IT channel &#8211; mai 2022<\/a><\/li>\n<li><a href=\"https:\/\/www.telco-infra-news.fr\/saaswedo-et-taas-remportent-lappel-doffres-sncf-de-gestion-centralisee-des-flottes-mobiles-pour-les-quatre-annees-a-venir\/\" target=\"_blank\" rel=\"noopener\">Telco-Infra-News &#8211; mai 2022<\/a><\/li>\n<li><a href=\"https:\/\/itrnews.com\/articles\/194836\/saaswedo-et-taas-remportent-lappel-doffres-sncf-de-gestion-centralisee-des-flottes-mobiles-pour-les-quatre-annees-a-venir.html\" target=\"_blank\" rel=\"noopener\">ITR News &#8211; mai 2022<\/a><\/li>\n<li><a href=\"https:\/\/itrmobiles.com\/articles\/194836\/saaswedo-et-taas-remportent-lappel-doffres-sncf-de-gestion-centralisee-des-flottes-mobiles-pour-les-quatre-annees-a-venir.html\" target=\"_blank\" rel=\"noopener\">ITR Mobiles &#8211; mai 2022<\/a><\/li>\n<li><a href=\"https:\/\/itrmanager.com\/articles\/194836\/saaswedo-et-taas-remportent-lappel-doffres-sncf-de-gestion-centralisee-des-flottes-mobiles-pour-les-quatre-annees-a-venir.html\" target=\"_blank\" rel=\"noopener\">ITR Manager &#8211; mai 2022<\/a><\/li>\n<li><a href=\"https:\/\/dsi-numerique.fr\/saaswedo-et-taas-remportent-lappel-doffres-sncf-de-gestion-centralisee-des-flottes-mobiles-pour-les-quatre-annees-a-venir\/\" target=\"_blank\" rel=\"noopener\">DSI Num\u00e9rique &#8211; mai 2022<\/a><\/li>\n<li><a href=\"https:\/\/www.cloudmagazine.fr\/saaswedo-et-taas-remportent-lappel-doffres-sncf-de-gestion-centralisee-des-flottes-mobiles-pour-les-quatre-annees-a-venir\/\" target=\"_blank\" rel=\"noopener\">Cloud Magazine &#8211; mai 2022<\/a><\/li>\n<li><a href=\"https:\/\/www.channelnews.fr\/saaswedo-et-taas-remportent-lappel-doffres-sncf-de-gestion-centralisee-des-flottes-mobiles-pour-les-quatre-annees-a-venir-115005\" target=\"_blank\" rel=\"noopener\">Channel News &#8211; mai 2022<\/a><\/li>\n<li><a href=\"https:\/\/www.cyberexperts.tech\/saaswedo-et-taas-remportent-lappel-doffres-sncf-de-gestion-centralisee-des-flottes-mobiles-pour-les-quatre-annees-a-venir\/\" target=\"_blank\" rel=\"noopener\">Cyber Experts &#8211; mai 2022<\/a><\/li>\n<li><a href=\"https:\/\/decideur-it.fr\/saaswedo-et-taas-remportent-lappel-doffres-sncf-de-gestion-centralisee-des-flottes-mobiles-pour-les-quatre-annees-a-venir\/\" target=\"_blank\" rel=\"noopener\">D\u00e9cideur IT &#8211; mai 2022<\/a><\/li>\n<li><a href=\"https:\/\/infodsi.com\/articles\/194836\/saaswedo-et-taas-remportent-lappel-doffres-sncf-de-gestion-centralisee-des-flottes-mobiles-pour-les-quatre-annees-a-venir.html\" target=\"_blank\" rel=\"noopener\">Info DSI &#8211; mai 2022<\/a><\/li>\n<li><a href=\"https:\/\/www.informatiquenews.fr\/saaswedo-et-taas-remportent-lappel-doffres-sncf-de-gestion-centralisee-des-flottes-mobiles-pour-les-quatre-annees-a-venir-87470\" target=\"_blank\" rel=\"noopener\">Informatique News &#8211; mai 2022<\/a><\/li>\n<\/ul>\n<p>[\/vc_column_text][\/vc_tta_section][vc_tta_section title=\u00a0\u00bbPas de projet de gestion de la digital workplace r\u00e9ussi sans services associ\u00e9s\u00a0\u00bb tab_id=\u00a0\u00bb1655802360069-54fe4aff-b5631669049539319&Prime;][vc_column_text]<\/p>\n<ul>\n<li style=\"list-style-type: none;\">\n<ul>\n<li><a href=\"https:\/\/www.itespresso.fr\/press-release\/pas-de-projet-de-gestion-de-la-digital-workplace-russi-sans-services-associs\" target=\"_blank\" rel=\"noopener\">IT expresso &#8211; Avril 2022<\/a><\/li>\n<li><a href=\"https:\/\/www.globenewswire.com\/en\/news-release\/2022\/04\/20\/2425219\/0\/fr\/Pas-de-projet-de-gestion-de-la-digital-workplace-r%C3%A9ussi-sans-services-associ%C3%A9s.html\" target=\"_blank\" rel=\"noopener\">Globe News Wire &#8211; Avril 2022<\/a><\/li>\n<li><a href=\"https:\/\/fr.finance.yahoo.com\/actualites\/projet-gestion-digital-workplace-r%C3%A9ussi-085300508.html?guccounter=1\" target=\"_blank\" rel=\"noopener\">Yahoo Finance &#8211; Avril 2022<\/a><\/li>\n<\/ul>\n<\/li>\n<\/ul>\n<p>[\/vc_column_text][\/vc_tta_section][vc_tta_section title=\u00a0\u00bbLe double ROI d\u2019une bonne gestion de l\u2019empreinte carbone des \u00e9quipements IT\u00a0\u00bb tab_id=\u00a0\u00bb1652791970800-8f5ff3e9-6a181669049539319&Prime;][vc_column_text]<\/p>\n<ul>\n<li><a href=\"https:\/\/www.informatiquenews.fr\/__trashed-36-85893\" target=\"_blank\" rel=\"noopener\">Informatique News &#8211; F\u00e9vrier 2022<\/a><\/li>\n<li><a href=\"https:\/\/dsi-numerique.fr\/le-double-roi-dune-bonne-gestion-de-lempreinte-carbone-des-equipements-it\/\" target=\"_blank\" rel=\"noopener\">DSI Num\u00e9rique &#8211; F\u00e9vrier 2022<\/a><\/li>\n<li><a href=\"https:\/\/www.channelnews.fr\/le-double-roi-dune-bonne-gestion-de-lempreinte-carbone-des-equipements-it-111855\" target=\"_blank\" rel=\"noopener\">Channel News &#8211; F\u00e9vrier 2022<\/a><\/li>\n<li><a href=\"https:\/\/decideur-it.fr\/le-double-roi-dune-bonne-gestion-de-lempreinte-carbone-des-equipements-it\/\" target=\"_blank\" rel=\"noopener\">D\u00e9cideur &#8211; IT &#8211; F\u00e9vrier 2022<\/a><\/li>\n<li><a href=\"https:\/\/www.ntic-infos.fr\/le-double-roi-dune-bonne-gestion-de-lempreinte-carbone-des-equipements-it\/\" target=\"_blank\" rel=\"noopener\">NTIC Infos &#8211; F\u00e9vrier 2022<\/a><\/li>\n<\/ul>\n<p>[\/vc_column_text][\/vc_tta_section][vc_tta_section title=\u00a0\u00bbG\u00e9rer la fin de vie des \u00e9quipements IT : une action vertueuse \u00e0 de nombreux niveaux\u00a0\u00bb tab_id=\u00a0\u00bb1669050012813-87896c6e-4934&Prime;][vc_column_text]<\/p>\n<ul>\n<li><a href=\"https:\/\/www.channelnews.fr\/gerer-la-fin-de-vie-des-equipements-it-une-action-vertueuse-a-de-nombreux-niveaux-107007\" target=\"_blank\" rel=\"noopener\">Channel News \u2013 Octobre 2021<\/a><\/li>\n<li><a href=\"https:\/\/www.itespresso.fr\/press-release\/grer-la-fin-de-vie-des-quipements-it-une-action-vertueuse-de-nombreux-niveaux\" target=\"_blank\" rel=\"noopener\">IT espresso \u2013 Octobre 2021<\/a><\/li>\n<li><a href=\"https:\/\/www.telco-infra-news.fr\/gerer-la-fin-de-vie-des-equipements-it-une-action-vertueuse-a-de-nombreux-niveaux\/\" target=\"_blank\" rel=\"noopener\">Telco INFRA News \u2013 Octobre 2021<\/a><\/li>\n<li><a href=\"http:\/\/www.mtom-mag.com\/article13532.html\" target=\"_blank\" rel=\"noopener\">MtoM Mag \u2013 Octobre 2021<\/a><\/li>\n<li><a href=\"https:\/\/decideur-it.fr\/gerer-la-fin-de-vie-des-equipements-it-une-action-vertueuse-a-de-nombreux-niveaux\/\" target=\"_blank\" rel=\"noopener\">D\u00e9cideur IT \u2013 Octobre 2021<\/a><\/li>\n<li><a href=\"https:\/\/www.gpomag.fr\/web\/tribunes-libres\/equipements-it-recyclage\" target=\"_blank\" rel=\"noopener\">GPO Mag \u2013 Octobre 2021<\/a><\/li>\n<li><a href=\"https:\/\/www.solutions-numeriques.com\/communiques\/gerer-la-fin-de-vie-des-equipements-it-une-action-vertueuse-a-de-nombreux-niveaux\/\" target=\"_blank\" rel=\"noopener\">Solutions Num\u00e9riques- Octobre 2021<\/a><\/li>\n<\/ul>\n<p>[\/vc_column_text][\/vc_tta_section][vc_tta_section title=\u00a0\u00bbSaaswedo enrichie son offre s&rsquo;un pilotage de la performance environnementale IT\u00a0\u00bb tab_id=\u00a0\u00bb1646995042702-8a85660d-cd351669049539319&Prime;][vc_column_text]<\/p>\n<ul>\n<li><a href=\"https:\/\/www.informatiquenews.fr\/saaswedo-enrichie-son-offre-dun-pilotage-de-la-performance-environnementale-it-81367\" target=\"_blank\" rel=\"noopener\">Informatique News &#8211; Septembre 2021<\/a><\/li>\n<li><a href=\"https:\/\/www.globenewswire.com\/news-release\/2021\/09\/20\/2299540\/0\/fr\/Saaswedo-enrichie-son-offre-d-un-pilotage-de-la-performance-environnementale-IT.html\" target=\"_blank\" rel=\"noopener\">Intrado Globe News Wire &#8211; Septembre 2021<\/a><\/li>\n<li><a href=\"https:\/\/www.itespresso.fr\/press-release\/saaswedo-enrichie-son-offre-dun-pilotage-de-la-performance-environnementale-it\" target=\"_blank\" rel=\"noopener\">IT Espresso &#8211; Septembre 2021<\/a><\/li>\n<li><a href=\"https:\/\/www.generation-nt.com\/saaswedo-enrichie-son-offre-eur-pilotage-performance-newswire-1992535.html\" target=\"_blank\" rel=\"noopener\">GNT G\u00e9n\u00e9ration Nouvelles Technologies &#8211; Septembre 2021<\/a><\/li>\n<li><a href=\"https:\/\/www.channelnews.fr\/saaswedo-enrichie-son-offre-dun-pilotage-de-la-performance-environnementale-it-105731\" target=\"_blank\" rel=\"noopener\">Channel News &#8211; Septembre 2021<\/a><\/li>\n<li><a href=\"http:\/\/www.mtom-mag.com\/article13271.html\" target=\"_blank\" rel=\"noopener\">MtoM Mag &#8211; Septembre 2021<\/a><\/li>\n<li><a href=\"https:\/\/www.gpomag.fr\/web\/actualites-des-entreprises\/saaswedo-performance-environnementale-it\" target=\"_blank\" rel=\"noopener\">GPO Mag &#8211; Septembre 2021<\/a><\/li>\n<\/ul>\n<p>[\/vc_column_text][\/vc_tta_section][vc_tta_section title=\u00a0\u00bbTAAS annonce l\u2019acquisition de Mobility Plus\u00a0\u00bb tab_id=\u00a0\u00bb1669050065621-17639dde-58cf\u00a0\u00bb][vc_column_text]<\/p>\n<ul>\n<li><a href=\"https:\/\/itchannel.info\/articles\/191261\/taas-rachete-mobility-plus-et-enrichit-son-offre-en-matiere-de-deploiement-et-gestion-de-flottes-mobiles-dentreprise.html\" target=\"_blank\" rel=\"noopener\">IT Channel \u2013 Septembre 2021<\/a><\/li>\n<li><a href=\"https:\/\/www.channelnews.fr\/taas-annonce-lacquisition-de-mobility-plus-105076\" target=\"_blank\" rel=\"noopener\">Channel News \u2013 Septembre 2021<\/a><\/li>\n<li><a href=\"https:\/\/www.fusacq.com\/buzz\/taas-annonce-l-acquisition-de-mobility-plus-a213760_fr_\" target=\"_blank\" rel=\"noopener\">Fusacq \u2013 Septembre 2021<\/a><\/li>\n<li><a href=\"https:\/\/infodsi.com\/articles\/191261\/taas-rachete-mobility-plus-et-enrichit-son-offre-en-matiere-de-deploiement-et-gestion-de-flottes-mobiles-dentreprise.html\" target=\"_blank\" rel=\"noopener\">Info DSI \u2013 Septembre 2021<\/a><\/li>\n<li><a href=\"https:\/\/www.informatiquenews.fr\/taas-annonce-lacquisition-de-mobility-plus-80879\" target=\"_blank\" rel=\"noopener\">Informatique News \u2013 Septembre 2021<\/a><\/li>\n<\/ul>\n<p>[\/vc_column_text][\/vc_tta_section][vc_tta_section title=\u00a0\u00bbSaaswedo joue la carte des API pour son offre mytem360&Prime; tab_id=\u00a0\u00bb1646994937590-381ff690-21df1669049539319&Prime;][vc_column_text]<\/p>\n<ul>\n<li><a href=\"https:\/\/www.solutions-numeriques.com\/communiques\/saaswedo-joue-la-carte-des-api-pour-son-offre-mytem360-2\/\" target=\"_blank\" rel=\"noopener\">Solutions num\u00e9riques &#8211; Juin 2021<\/a><\/li>\n<li><a href=\"https:\/\/www.globenewswire.com\/news-release\/2021\/06\/29\/2254446\/0\/fr\/Saaswedo-joue-la-carte-des-API-pour-son-offre-mytem360.html\">Globe News Wire &#8211; Juin 2021<\/a><\/li>\n<li><a href=\"https:\/\/www.generation-nt.com\/saaswedo-joue-carte-api-pour-son-offre-mytem360-newswire-1989845.html\">G\u00e9n\u00e9ration NT &#8211; Juin 2021<\/a><\/li>\n<li><a href=\"https:\/\/www.channelnews.fr\/saaswedo-joue-la-carte-des-api-pour-son-offre-mytem360-104291\">Channel News &#8211; Juin 2021<\/a><\/li>\n<li><a href=\"https:\/\/www.informatiquenews.fr\/saaswedo-joue-la-carte-des-api-pour-son-offre-mytem360-80247\">Informatique News &#8211; Juin 2021<\/a><\/li>\n<li><a href=\"https:\/\/www.itespresso.fr\/press-release\/saaswedo-joue-la-carte-des-api-pour-son-offre-mytem360\">IT espresso &#8211; Juin 2021<\/a><\/li>\n<li><a href=\"https:\/\/www.zonebourse.com\/actualite-bourse\/Saaswedo-joue-la-carte-des-API-pour-son-offre-mytem360--35739076\/\">Zone bourse &#8211; Juin 2021<\/a><\/li>\n<li><a href=\"https:\/\/fr.finance.yahoo.com\/actualites\/saaswedo-joue-carte-api-offre-074100629.html\">Yahoo Finance &#8211; Juin 2021<\/a><\/li>\n<li><a href=\"https:\/\/www.docaufutur.fr\/2021\/06\/30\/saaswedo-joue-la-carte-des-api-pour-son-offre-mytem360\/\">DOCaufutur &#8211; Juillet 2021<\/a><\/li>\n<\/ul>\n<p>[\/vc_column_text][\/vc_tta_section][vc_tta_section title=\u00a0\u00bbFini le Capex, vive l\u2019Opex\u00a0\u00bb tab_id=\u00a0\u00bb1669050118051-9252ee53-9de0&Prime;][vc_column_text]<\/p>\n<ul>\n<li><a href=\"https:\/\/www.channelnews.fr\/fini-le-capex-vive-lopex-103901\" target=\"_blank\" rel=\"noopener\">Channel News \u2013 Juin 2021<\/a><\/li>\n<li><a href=\"https:\/\/www.solutions-numeriques.com\/communiques\/fini-le-capex-vive-lopex-2\/\" target=\"_blank\" rel=\"noopener\">Solutions num\u00e9riques \u2013 Juin 2021<\/a><\/li>\n<li><a href=\"https:\/\/www.itespresso.fr\/press-release\/fini-le-capex-vive-lopex\" target=\"_blank\" rel=\"noopener\">IT espresso \u2013 Juin 2021<\/a><\/li>\n<li><a href=\"https:\/\/www.economieetsociete.com\/Fini-le-Capex-vive-l-Opex_a3163.html\" target=\"_blank\" rel=\"noopener\">Economie et soci\u00e9t\u00e9 \u2013 Juin 2021<\/a><\/li>\n<\/ul>\n<p>[\/vc_column_text][\/vc_tta_section][vc_tta_section title=\u00a0\u00bbLe TEM : un secteur en perp\u00e9tuel mouvement\u00a0\u00bb tab_id=\u00a0\u00bb1646994937749-7d1997cb-5e1d1669049539319&Prime;][vc_column_text]<\/p>\n<ul>\n<li><a href=\"https:\/\/www.channelnews.fr\/le-tem-un-secteur-en-perpetuel-mouvement-103547\" target=\"_blank\" rel=\"noopener\">Channel news &#8211; Mai 2021<\/a><\/li>\n<li><a href=\"https:\/\/fr.news.yahoo.com\/tem-secteur-perp%C3%A9tuel-mouvement-080700587.html\" target=\"_blank\" rel=\"noopener\">Yahoo actualit\u00e9s &#8211; Mai 2021<\/a><\/li>\n<li><a href=\"https:\/\/www.generation-nt.com\/tem-secteur-perpetuel-mouvement-newswire-1988612.html\" target=\"_blank\" rel=\"noopener\">G\u00e9n\u00e9ration NT &#8211; Mai 2021<\/a><\/li>\n<li><a href=\"https:\/\/www.itespresso.fr\/press-release\/le-tem-un-secteur-en-perptuel-mouvement\" target=\"_blank\" rel=\"noopener\">IT espresso &#8211; Mai 2021<\/a><\/li>\n<li><a href=\"https:\/\/www.informatiquenews.fr\/le-tem-un-secteur-en-perpetuel-mouvement-79605\" target=\"_blank\" rel=\"noopener\">Informatique News &#8211; Mai 2021<\/a><\/li>\n<li><a href=\"https:\/\/www.zonebourse.com\/actualite-bourse\/LE-TEM-nbsp-un-secteur-en-perpetuel-mouvement--33363700\/\" target=\"_blank\" rel=\"noopener\">Zone bourse &#8211; Mai 2021<\/a><\/li>\n<li><a href=\"http:\/\/www.boursica.com\/informations-communiques-bourse\/lire-depeche.php2\/news\/306719\/titre\/le-tem-un-secteur-en-perpetuel-mouvement.php\" target=\"_blank\" rel=\"noopener\">Boursica &#8211; Mai 2021<\/a><\/li>\n<li><a href=\"https:\/\/www.solutions-numeriques.com\/communiques\/le-tem-un-secteur-en-perpetuel-mouvement-2\/\" target=\"_blank\" rel=\"noopener\">Solutions num\u00e9riques &#8211; Mai 2021<\/a><\/li>\n<li><a href=\"https:\/\/www.gpomag.fr\/web\/tribunes-libres\/telecom-expense-management-un-secteur-en-perpetuel-mouvement\" target=\"_blank\" rel=\"noopener\">GPO mag &#8211; Mai 2021<\/a><\/li>\n<\/ul>\n<p>[\/vc_column_text][\/vc_tta_section][vc_tta_section title=\u00a0\u00bbSaaswedo en acc\u00e9l\u00e9ration en 2020&Prime; tab_id=\u00a0\u00bb1646994937866-990992a8-6afe1669049539319&Prime;][vc_column_text]<\/p>\n<ul>\n<li><a href=\"https:\/\/www.solutions-numeriques.com\/communiques\/saaswedo-en-acceleration-en-2020\/\" target=\"_blank\" rel=\"noopener\">Solutions num\u00e9riques &#8211; Avril 2021<\/a><\/li>\n<li><a href=\"https:\/\/www.itespresso.fr\/press-release\/saaswedo-en-acclration-en-2020\" target=\"_blank\" rel=\"noopener\">IT espresso &#8211; Avril 2021<\/a><\/li>\n<li><a href=\"https:\/\/www.generation-nt.com\/saaswedo-acceleration-2020-newswire-1986825.html\" target=\"_blank\" rel=\"noopener\">G\u00e9n\u00e9ration NT &#8211; Avril 2021<\/a><\/li>\n<li><a href=\"https:\/\/www.zonebourse.com\/actualite-bourse\/Saaswedo-en-acceleration-en-2020--32892370\/\" target=\"_blank\" rel=\"noopener\">Zonebourse &#8211; Avril 2021<\/a><\/li>\n<li><a href=\"http:\/\/www.industrie-mag.com\/article28834.html\" target=\"_blank\" rel=\"noopener\">Industrie mag -Avril 2021<\/a><\/li>\n<li><a href=\"http:\/\/www.globenewswire.com\/en\/news-release\/2021\/04\/06\/2204758\/0\/fr\/Saaswedo-en-acc%C3%A9l%C3%A9ration-en-2020.html\" target=\"_blank\" rel=\"noopener\">GlobeNewswire &#8211; Avril 2021<\/a><\/li>\n<li><a href=\"https:\/\/fr.finance.yahoo.com\/news\/saaswedo-acc%C3%A9l%C3%A9ration-2020-095400132.html?guccounter=1\" target=\"_blank\" rel=\"noopener\">Yahoo finance &#8211; Avril 2021<\/a><\/li>\n<\/ul>\n<p>[\/vc_column_text][\/vc_tta_section][vc_tta_section title=\u00a0\u00bbLa gestion op\u00e9rationnelle de la s\u00e9curit\u00e9 des smartphones : un must have pour les entreprises\u00a0\u00bb tab_id=\u00a0\u00bb1669050169920-205afc46-b5a4&Prime;][vc_column_text]<\/p>\n<ul>\n<li><a href=\"https:\/\/www.globenewswire.com\/fr\/news-release\/2021\/04\/30\/2220407\/0\/fr\/La-gestion-op%C3%A9rationnelle-de-la-s%C3%A9curit%C3%A9-des-smartphones-un-must-have-pour-les-entreprises.html\" target=\"_blank\" rel=\"noopener\">GlobeNewswire \u2013 Avril 2021<\/a><\/li>\n<li><a href=\"http:\/\/www.boursica.com\/informations-communiques-bourse\/lire-depeche.php2\/news\/304638\/titre\/la-gestion-operationnelle-de-la-securite-des-smartphones-un-must-have-pour-les-entreprises.php\" target=\"_blank\" rel=\"noopener\">Boursica \u2013 Avril 2021<\/a><\/li>\n<li><a href=\"https:\/\/www.informatiquenews.fr\/la-gestion-operationnelle-de-la-securite-des-smartphones-un-must-have-pour-les-entreprises-78996\" target=\"_blank\" rel=\"noopener\">Informatique News \u2013 Avril 2021<\/a><\/li>\n<li><a href=\"https:\/\/www.generation-nt.com\/gestion-operationnelle-securite-smartphones-must-newswire-1987778.html\" target=\"_blank\" rel=\"noopener\">G\u00e9n\u00e9ration NT \u2013 Avril 2021<\/a><\/li>\n<li><a href=\"https:\/\/www.channelnews.fr\/la-gestion-operationnelle-de-la-securite-des-smartphones-un-must-have-pour-les-entreprises-103130\" target=\"_blank\" rel=\"noopener\">ChannelNews \u2013 Avril 2021<\/a><\/li>\n<li><a href=\"https:\/\/www.undernews.fr\/telephonie-phreaking-voip\/la-gestion-operationnelle-de-la-securite-des-smartphones-un-must-have-pour-les-entreprises.html\" target=\"_blank\" rel=\"noopener\">Undernews \u2013 Avril 2021<\/a><\/li>\n<li><a href=\"https:\/\/www.globalsecuritymag.fr\/La-gestion-operationnelle-de-la,20210430,111009.html\" target=\"_blank\" rel=\"noopener\">Global Security Mag \u2013 Avril 2021<\/a><\/li>\n<li><a href=\"https:\/\/www.ecranmobile.fr\/La-gestion-operationnelle-de-la-securite-des-smartphones-un-must-have-pour-les-entreprises_a69099.html\" target=\"_blank\" rel=\"noopener\">Ecran Mobile \u2013 Avril 2021<\/a><\/li>\n<li><a href=\"https:\/\/www.itespresso.fr\/press-release\/la-gestion-oprationnelle-de-la-scurit-des-smartphones-un-must-have-pour-les-entreprises\" target=\"_blank\" rel=\"noopener\">IT espresso \u2013 Avril 2021<\/a><\/li>\n<li><a href=\"https:\/\/itrnews.com\/articles\/189808\/la-gestion-operationnelle-de-la-securite-des-smartphones-un-must-have-pour-les-entreprises.html\" target=\"_blank\" rel=\"noopener\">ITRNews \u2013 Mai 2021<\/a><\/li>\n<li><a href=\"https:\/\/itrmobiles.com\/articles\/189808\/la-gestion-operationnelle-de-la-securite-des-smartphones-un-must-have-pour-les-entreprises.html\" target=\"_blank\" rel=\"noopener\">ITR mobiles \u2013 Mai 2021<\/a><\/li>\n<li><a href=\"http:\/\/www.mtom-mag.com\/article12389.html\" target=\"_blank\" rel=\"noopener\">MtoM mag \u2013 Mai 2021<\/a><\/li>\n<li><a href=\"https:\/\/www.finyear.com\/La-gestion-operationnelle-de-la-securite-des-smartphones-un-must-have-pour-les-entreprises_a44398.html\" target=\"_blank\" rel=\"noopener\">Finyear \u2013 Mai 2021<\/a><\/li>\n<\/ul>\n<p>[\/vc_column_text][\/vc_tta_section][vc_tta_section title=\u00a0\u00bbEiffage confie \u00e0 Taas la gestion de sa t\u00e9l\u00e9phonie mobile\u00a0\u00bb tab_id=\u00a0\u00bb1669050224343-c29c1d1c-da50&Prime;][vc_column_text]<\/p>\n<ul>\n<li><a href=\"https:\/\/www.informatiquenews.fr\/eiffage-confie-a-taas-la-gestion-de-sa-telephonie-mobile-77724\" target=\"_blank\" rel=\"noopener\">Informatique News \u2013 Mars 2021<\/a><\/li>\n<li><a href=\"https:\/\/www.channelnews.fr\/eiffage-confie-a-taas-la-gestion-de-sa-telephonie-mobile-101971\" target=\"_blank\" rel=\"noopener\">Channel News \u2013 Mars 2021<\/a><\/li>\n<li><a href=\"https:\/\/www.solutions-numeriques.com\/communiques\/eiffage-confie-a-taas-la-gestion-de-sa-telephonie-mobile-2\/\" target=\"_blank\" rel=\"noopener\">Solutions num\u00e9riques \u2013 Mars 2021<\/a><\/li>\n<li><a href=\"https:\/\/itchannel.info\/articles\/189065\/eiffage-confie-a-taas-la-gestion-de-sa-telephonie-mobile.html\" target=\"_blank\" rel=\"noopener\">ITChannel \u2013 Mars 2021<\/a><\/li>\n<li><a href=\"https:\/\/itrmobiles.com\/articles\/189065\/eiffage-confie-a-taas-la-gestion-de-sa-telephonie-mobile.html\" target=\"_blank\" rel=\"noopener\">ITR mobiles \u2013 Mars 2021<\/a><\/li>\n<li><a href=\"https:\/\/lentrepriseconnectee.com\/articles\/189065\/eiffage-confie-a-taas-la-gestion-de-sa-telephonie-mobile.html\" target=\"_blank\" rel=\"noopener\">l\u2019Entreprise Connect\u00e9e \u2013 Mars 2021<\/a><\/li>\n<li><a href=\"https:\/\/www.gpomag.fr\/web\/actualites-des-entreprises\/taas-gestion-telephonie-mobile-eiffage\" target=\"_blank\" rel=\"noopener\">GPO Mag \u2013 Mars 2021<\/a><\/li>\n<li><a href=\"https:\/\/tendancesit.com\/articles\/189065\/eiffage-confie-a-taas-la-gestion-de-sa-telephonie-mobile.html\" target=\"_blank\" rel=\"noopener\">Tendances IT \u2013 Mars 2021<\/a><\/li>\n<li><a href=\"https:\/\/www.docaufutur.fr\/2021\/03\/09\/eiffage-confie-a-taas-la-gestion-de-sa-telephonie-mobile\/\" target=\"_blank\" rel=\"noopener\">DOCaufutur \u2013 Mars 2021<\/a><\/li>\n<li><a href=\"http:\/\/www.industrie-mag.com\/article28537.html\" target=\"_blank\" rel=\"noopener\">Industrie mag -Mars 2021<\/a><\/li>\n<li><a href=\"https:\/\/animasoft.com\/articles\/189065\/eiffage-confie-a-taas-la-gestion-de-sa-telephonie-mobile.html\" target=\"_blank\" rel=\"noopener\">Animasoft \u2013 Mars 2021<\/a><\/li>\n<li><a href=\"https:\/\/itrsoftware.com\/articles\/189065\/eiffage-confie-a-taas-la-gestion-de-sa-telephonie-mobile.html\" target=\"_blank\" rel=\"noopener\">ITRSoftware \u2013 Mars 2021<\/a><\/li>\n<\/ul>\n<p>[\/vc_column_text][\/vc_tta_section][vc_tta_section title=\u00a0\u00bbmytem360 s&rsquo;enrichit d&rsquo;un module de gestion de commande de nouvelle g\u00e9n\u00e9ration\u00a0\u00bb tab_id=\u00a0\u00bb1646994938011-12f1848d-63f61669049539319&Prime;][vc_column_text]<\/p>\n<ul>\n<li style=\"list-style-type: none;\">\n<ul>\n<li><a href=\"https:\/\/www.informatiquenews.fr\/mytem360-senrichit-dun-module-de-gestion-de-commande-de-nouvelle-generation-77478\" target=\"_blank\" rel=\"noopener\">Informatique News &#8211; F\u00e9vrier 2021<\/a><\/li>\n<li><a href=\"https:\/\/www.docaufutur.fr\/2021\/02\/25\/mytem360-senrichit-dun-module-de-gestion-de-commande-de-nouvelle-generation\/\" target=\"_blank\" rel=\"noopener\">DOCaufutur &#8211; F\u00e9vrier 2021<\/a><\/li>\n<li><a href=\"https:\/\/www.globenewswire.com\/news-release\/2021\/02\/25\/2182158\/0\/fr\/mytem360-s-enrichit-d-un-module-de-gestion-de-commande-de-nouvelle-g%C3%A9n%C3%A9ration.html\" target=\"_blank\" rel=\"noopener\">GlobeNewswire &#8211; F\u00e9vrier 2021<\/a><\/li>\n<li><a href=\"https:\/\/fr.news.yahoo.com\/mytem360-s-enrichit-d-module-100300957.html\" target=\"_blank\" rel=\"noopener\">Yahoo Actualit\u00e9s &#8211; F\u00e9vrier 2021<\/a><\/li>\n<li><a href=\"https:\/\/www.itespresso.fr\/press-release\/mytem360-senrichit-dun-module-de-gestion-de-commande-de-nouvelle-gnration\" target=\"_blank\" rel=\"noopener\">IT Espresso &#8211; F\u00e9vrier 2021<\/a><\/li>\n<li><a href=\"https:\/\/www.generation-nt.com\/mytem360-eur-enrichit-eur-module-gestion-commande-newswire-1985722.html\" target=\"_blank\" rel=\"noopener\">G\u00e9n\u00e9ration NT &#8211; F\u00e9vrier 2021<\/a><\/li>\n<li><a href=\"https:\/\/www.zonebourse.com\/actualite-bourse\/mytem360-s-enrichit-d-un-module-de-gestion-de-commande-de-nouvelle-generation--32535677\/\" target=\"_blank\" rel=\"noopener\">Zone Bourse &#8211; F\u00e9vrier 2021<\/a><\/li>\n<li><a href=\"http:\/\/www.boursica.com\/informations-communiques-bourse\/lire-depeche.php2\/news\/299961\/dep_isin\/\" target=\"_blank\" rel=\"noopener\">Boursica &#8211; F\u00e9vrier 2021<\/a><\/li>\n<\/ul>\n<\/li>\n<\/ul>\n<p>[\/vc_column_text][\/vc_tta_section][vc_tta_section title=\u00a0\u00bbInfog\u00e9rer les assets\/actifs de son digital Workspace : une priorit\u00e9 pour les entreprises\u00a0\u00bb tab_id=\u00a0\u00bb1669050264650-c10a036c-16ba\u00a0\u00bb][vc_column_text]<\/p>\n<ul>\n<li><a href=\"https:\/\/www.channelnews.fr\/infogerer-les-assets-actifs-de-son-digital-workspace-une-priorite-pour-les-entreprises-100999\" target=\"_blank\" rel=\"noopener\">ChannelNews \u2013 Janvier 2021<\/a><\/li>\n<li><a href=\"https:\/\/www.globenewswire.com\/news-release\/2021\/01\/25\/2163213\/0\/fr\/Infog%C3%A9rer-les-assets-actifs-de-son-digital-Workspace-une-priorit%C3%A9-pour-les-entreprises.html\" target=\"_blank\" rel=\"noopener\">GlobeNewswire \u2013 Janvier 2021<\/a><\/li>\n<li><a href=\"https:\/\/finance.yahoo.com\/news\/infog-rer-les-assets-actifs-085500465.html\" target=\"_blank\" rel=\"noopener\">Yahoo Finance \u2013 Janvier 2021<\/a><\/li>\n<li><a href=\"https:\/\/www.itespresso.fr\/press-release\/infogrer-les-assets-actifs-de-son-digital-workspace-une-priorit-pour-les-entreprises\" target=\"_blank\" rel=\"noopener\">ITespresso \u2013 Janvier 2021<\/a><\/li>\n<li><a href=\"https:\/\/www.generation-nt.com\/infogerer-assets-actifs-son-digital-workspace-priorite-newswire-1984533.html\" target=\"_blank\" rel=\"noopener\">G\u00e9n\u00e9ration NT \u2013 Janvier 2021<\/a><\/li>\n<li><a href=\"http:\/\/www.industrie-mag.com\/article28066.html\" target=\"_blank\" rel=\"noopener\">Industrie mag \u2013 Janvier 2021<\/a><\/li>\n<li><a href=\"https:\/\/itrnews.com\/articles\/188404\/infogerer-les-assetsactifs-de-son-digital-workspace-une-priorite-pour-les-entreprises.html\" target=\"_blank\" rel=\"noopener\">ITRNews \u2013 Janvier 2021<\/a><\/li>\n<li><a href=\"https:\/\/www.esteval.fr\/article.25133.tribune-infogerer-les-assets-actifs-de-son-digital-workspace-une-priorite-pour-les-entreprises\" target=\"_blank\" rel=\"noopener\">Esteval \u2013 Janvier 2021<\/a><\/li>\n<li><a href=\"https:\/\/itrmobiles.com\/articles\/188404\/infogerer-les-assetsactifs-de-son-digital-workspace-une-priorite-pour-les-entreprises.html\" target=\"_blank\" rel=\"noopener\">ITR mobiles \u2013 Janvier 2021<\/a><\/li>\n<li><a href=\"https:\/\/itrmanager.com\/articles\/188404\/infogerer-les-assetsactifs-de-son-digital-workspace-une-priorite-pour-les-entreprises.html\" target=\"_blank\" rel=\"noopener\">ITR manager \u2013 Janvier 2021<\/a><\/li>\n<li><a href=\"https:\/\/itchannel.info\/articles\/188404\/infogerer-les-assetsactifs-de-son-digital-workspace-une-priorite-pour-les-entreprises.html\" target=\"_blank\" rel=\"noopener\">IT Channel \u2013 Janvier 2021<\/a><\/li>\n<li><a href=\"https:\/\/www.solutions-numeriques.com\/communiques\/infogerer-les-assets-actifs-de-son-digital-workspace-une-priorite-pour-les-entreprises-2\/\" target=\"_blank\" rel=\"noopener\">Solutions num\u00e9riques \u2013 Janvier 2021<\/a><\/li>\n<\/ul>\n<p>[\/vc_column_text][\/vc_tta_section][vc_tta_section title=\u00a0\u00bbComment le partage des donn\u00e9es permet de cr\u00e9er de la valeur pour les \u00e9diteurs\u00a0\u00bb tab_id=\u00a0\u00bb1646994938142-1e8db1bf-8bd61669049539319&Prime;][vc_column_text]<\/p>\n<ul>\n<li style=\"list-style-type: none;\">\n<ul>\n<li><a href=\"https:\/\/itsocial.fr\/tribunes\/comment-le-partage-des-donnees-permet-de-creer-de-la-valeur-pour-les-editeurs\/\" target=\"_blank\" rel=\"noopener\">IT social &#8211; D\u00e9cembre 2020<\/a><\/li>\n<li><a href=\"https:\/\/www.globenewswire.com\/news-release\/2020\/12\/01\/2137205\/0\/fr\/Comment-le-partage-des-donn%C3%A9es-permet-de-cr%C3%A9er-de-la-valeur-pour-les-%C3%A9diteurs.html\" target=\"_blank\" rel=\"noopener\">GlobeNewswire &#8211; D\u00e9cembre 2020<\/a><\/li>\n<li><a href=\"https:\/\/www.generation-nt.com\/comment-partage-donnees-permet-creer-valeur-pour-newswire-1982829.html\" target=\"_blank\" rel=\"noopener\">G\u00e9n\u00e9ration NT &#8211; D\u00e9cembre 2020<\/a><\/li>\n<li><a href=\"https:\/\/www.zonebourse.com\/actualite-bourse\/Comment-le-partage-des-donnees-permet-de-creer-de-la-valeur-pour-les-editeurs--31907967\/\" target=\"_blank\" rel=\"noopener\">Zone Bourse &#8211; D\u00e9cembre 2020<\/a><\/li>\n<li><a href=\"https:\/\/decideur-it.fr\/?p=1956\" target=\"_blank\" rel=\"noopener\">D\u00e9cideur IT &#8211; D\u00e9cembre 2020<\/a><\/li>\n<li><a href=\"https:\/\/www.itespresso.fr\/press-release\/comment-le-partage-des-donnes-permet-de-crer-de-la-valeur-pour-les-diteurs\" target=\"_blank\" rel=\"noopener\">IT Espresso &#8211; D\u00e9cembre 2020<\/a><\/li>\n<li><a href=\"https:\/\/www.informatiquenews.fr\/comment-le-partage-des-donnees-permet-de-creer-de-la-valeur-pour-les-editeurs-christian-cor-saaswedo-75263\" target=\"_blank\" rel=\"noopener\">Informatique News &#8211; D\u00e9cembre 2020<\/a><\/li>\n<li><a href=\"http:\/\/www.itnewsonline.com\/GlobeNewswire\/Comment-le-partage-des-donnes-permet-de-crer-de-la-valeur-pour-les-diteurs\/11816\" target=\"_blank\" rel=\"noopener\">IT news online &#8211; D\u00e9cembre 2020<\/a><\/li>\n<li><a href=\"https:\/\/www.marketscreener.com\/news\/latest\/Comment-le-partage-des-donnees-permet-de-creer-de-la-valeur-pour-les-editeurs--31907958\/\" target=\"_blank\" rel=\"noopener\">Market screener &#8211; D\u00e9cembre 2020<\/a><\/li>\n<\/ul>\n<\/li>\n<\/ul>\n<p>[\/vc_column_text][\/vc_tta_section][vc_tta_section title=\u00a0\u00bbSaaswedo lance son application End User\u00a0\u00bb tab_id=\u00a0\u00bb1646994938286-c3b624b3-019e1669049539319&Prime;][vc_column_text]<\/p>\n<ul>\n<li><a href=\"https:\/\/www.informatiquenews.fr\/saaswedo-lance-son-application-end-user-74212\" target=\"_blank\" rel=\"noopener\">Informatique News &#8211; Octobre 2020<\/a><\/li>\n<li><a href=\"http:\/\/www.itnewsonline.com\/GlobeNewswire\/Saaswedo-lance-son-application-End-User\/9707\" target=\"_blank\" rel=\"noopener\">IT News Online &#8211; Octobre 2020<\/a><\/li>\n<li><a href=\"https:\/\/itchannel.info\/articles\/187109\/saaswedo-lance-son-application-end-user.html\" target=\"_blank\" rel=\"noopener\">ITChannel &#8211; Octobre 2020<\/a><\/li>\n<li><a href=\"https:\/\/www.globenewswire.com\/fr\/news-release\/2020\/10\/26\/2114188\/0\/en\/Saaswedo-lance-son-application-End-User.html\" target=\"_blank\" rel=\"noopener\">Globe News Wire &#8211; Octobre 2020<\/a><\/li>\n<li><a href=\"https:\/\/animasoft.com\/articles\/187109\/saaswedo-lance-son-application-end-user.html\" target=\"_blank\" rel=\"noopener\">Animasoft &#8211; Octobre 2020<\/a><\/li>\n<li><a href=\"http:\/\/www.mtom-mag.com\/article11404.html\" target=\"_blank\" rel=\"noopener\">MtoM Mag &#8211; Octobre 2020<\/a><\/li>\n<li><a href=\"https:\/\/www.generation-nt.com\/saaswedo-lance-son-application-end-user-newswire-1981504.html\" target=\"_blank\" rel=\"noopener\">G\u00e9n\u00e9ration NT &#8211; Octobre 2020<\/a><\/li>\n<li><a href=\"https:\/\/www.zonebourse.com\/actualite-bourse\/Saaswedo-lance-son-application-End-User--31612985\/\" target=\"_blank\" rel=\"noopener\">Zone Bourse &#8211; Octobre 2020<\/a><\/li>\n<li><a href=\"https:\/\/fr.news.yahoo.com\/saaswedo-lance-application-end-user-113400474.html\" target=\"_blank\" rel=\"noopener\">Yahoo Actualit\u00e9s &#8211; Octobre 2020<\/a><\/li>\n<li><a href=\"https:\/\/www.itespresso.fr\/press-release\/saaswedo-lance-son-application-end-user\" target=\"_blank\" rel=\"noopener\">IT Espresso &#8211; Octobre 2020<\/a><\/li>\n<li><a href=\"https:\/\/itrmobiles.com\/articles\/187109\/saaswedo-lance-son-application-end-user.html\" target=\"_blank\" rel=\"noopener\">ITR Mobiles &#8211; Octobre 2020<\/a><\/li>\n<\/ul>\n<p>[\/vc_column_text][\/vc_tta_section][vc_tta_section title=\u00a0\u00bbSaaswedo finalise l\u2019int\u00e9gration de Memobox\u00a0\u00bb tab_id=\u00a0\u00bb1646994938435-b751ec95-04d61669049539319&Prime;][vc_column_text]<\/p>\n<ul>\n<li style=\"list-style-type: none;\">\n<ul>\n<li><a href=\"https:\/\/www.informatiquenews.fr\/saaswedo-finalise-lintegration-de-memobox-72991\" target=\"_blank\" rel=\"noopener\">Informatique News &#8211; Septembre 2020<\/a><\/li>\n<li><a href=\"https:\/\/www.globenewswire.com\/news-release\/2020\/09\/18\/2095681\/0\/fr\/Saaswedo-finalise-l-int%C3%A9gration-de-Memobox.html\" target=\"_blank\" rel=\"noopener\">Globe News Wire &#8211; Septembre 2020<\/a><\/li>\n<li><a href=\"https:\/\/infodsi.com\/articles\/186571\/saaswedo-finalise-lintegration-de-memobox.html\" target=\"_blank\" rel=\"noopener\">Info DSI &#8211; Septembre 2020<\/a><\/li>\n<li><a href=\"https:\/\/www.channelnews.fr\/saaswedo-finalise-lintegration-de-memobox-98932\" target=\"_blank\" rel=\"noopener\">Channel News &#8211; Septembre 2020<\/a><\/li>\n<li><a href=\"http:\/\/www.mtom-mag.com\/article11170.html\" target=\"_blank\" rel=\"noopener\">MtoM Mag -Septembre 2020<\/a><\/li>\n<li><a href=\"https:\/\/www.solutions-numeriques.com\/communiques\/saaswedo-finalise-lintegration-de-memobox\/\" target=\"_blank\" rel=\"noopener\">Solutions Num\u00e9riques &#8211; Septembre 2020<\/a><\/li>\n<li><a href=\"https:\/\/www.zonebourse.com\/actualite-bourse\/Saaswedo-finalise-l-integration-de-Memobox--31319022\/\" target=\"_blank\" rel=\"noopener\">Zone Bourse &#8211; Septembre 2020<\/a><\/li>\n<li><a href=\"https:\/\/itchannel.info\/articles\/186571\/saaswedo-finalise-lintegration-de-memobox.html\" target=\"_blank\" rel=\"noopener\">IT Channel &#8211; Septembre 2020<\/a><\/li>\n<li><a href=\"https:\/\/www.generation-nt.com\/saaswedo-finalise-eur-integration-memobox-newswire-1980141.html\" target=\"_blank\" rel=\"noopener\">G\u00e9n\u00e9ration NT &#8211; Septembre 2020<\/a><\/li>\n<li><a href=\"https:\/\/itrnews.com\/articles\/186571\/saaswedo-finalise-lintegration-de-memobox.html\" target=\"_blank\" rel=\"noopener\">ITR News &#8211; Septembre 2020<\/a><\/li>\n<li><a href=\"https:\/\/itrmobiles.com\/articles\/186571\/saaswedo-finalise-lintegration-de-memobox.html\" target=\"_blank\" rel=\"noopener\">ITR Mobiles &#8211; Septembre 2020<\/a><\/li>\n<li><a href=\"https:\/\/www.itespresso.fr\/press-release\/saaswedo-finalise-lintgration-de-memobox\" target=\"_blank\" rel=\"noopener\">IT espresso &#8211; Septembre 2020<\/a><\/li>\n<li><a href=\"https:\/\/itrmanager.com\/articles\/186571\/saaswedo-finalise-lintegration-de-memobox.html\" target=\"_blank\" rel=\"noopener\">ITR Manager &#8211; Septembre 2020<\/a><\/li>\n<\/ul>\n<\/li>\n<\/ul>\n<p>[\/vc_column_text][\/vc_tta_section][vc_tta_section title=\u00a0\u00bbExtension du Digital Workspace : un d\u00e9fi en cette p\u00e9riode\u00a0\u00bb tab_id=\u00a0\u00bb1646994938575-bf6b3b57-8ae71669049539319&Prime;][vc_column_text]<\/p>\n<ul>\n<li style=\"list-style-type: none;\">\n<ul>\n<li><a href=\"https:\/\/www.informatiquenews.fr\/extension-du-digital-workspace-un-defi-en-cette-periode-70768\" target=\"_blank\" rel=\"noopener noreferrer\">Informatique News &#8211; juin 2020<\/a><\/li>\n<li><a href=\"https:\/\/www.channelnews.fr\/extension-du-digital-workspace-un-defi-en-cette-periode-97203\" target=\"_blank\" rel=\"noopener noreferrer\">Channel News &#8211; juin 2020<\/a><\/li>\n<li><a href=\"https:\/\/www.solutions-numeriques.com\/communiques\/extension-du-digital-workspace-un-defi-en-cette-periode\/\" target=\"_blank\" rel=\"noopener noreferrer\">Solutions Num\u00e9riques &#8211; juin 2020<\/a><\/li>\n<li><a href=\"https:\/\/www.generation-nt.com\/extension-digital-workspace-defi-cette-periode-newswire-1976848.html\" target=\"_blank\" rel=\"noopener noreferrer\">G\u00e9n\u00e9ration Nouvelles Technologie\u00a0 &#8211; juin 2020<\/a><\/li>\n<li><a href=\"https:\/\/itsocial.fr\/expertises\/extension-du-digital-workspace-un-defi-en-cette-periode\/\" target=\"_blank\" rel=\"noopener noreferrer\">IT Social &#8211; juin 2020<\/a><\/li>\n<li><a href=\"https:\/\/www.itespresso.fr\/press-release\/extension-du-digital-workspace-un-dfi-en-cette-priode\" target=\"_blank\" rel=\"noopener noreferrer\">IT Espresso &#8211; juin 2020<\/a><\/li>\n<li><a href=\"http:\/\/www.economiematin.fr\/news-augmentation-espace-travail-digital-numerique-teletravail-confinement-covid-strategie-fornes\" target=\"_blank\" rel=\"noopener noreferrer\">Economie Matin &#8211; juin 2020<\/a><\/li>\n<li><a href=\"http:\/\/www.mtom-mag.com\/article10629.html\" target=\"_blank\" rel=\"noopener noreferrer\">MtoM Mag &#8211; juin 2020<\/a><\/li>\n<\/ul>\n<\/li>\n<\/ul>\n<p>[\/vc_column_text][\/vc_tta_section][vc_tta_section title=\u00a0\u00bbSaaswedo, \u00e9diteur d\u2019une solution SaaS de pilotage informatique et t\u00e9l\u00e9coms, am\u00e9liore sa qualit\u00e9 de service et ses performances en s\u2019appuyant sur Oracle\u00a0\u00bb tab_id=\u00a0\u00bb1646994938712-3a561271-912c1669049539319&Prime;][vc_column_text]<\/p>\n<ul>\n<li style=\"list-style-type: none;\">\n<ul>\n<li><a href=\"https:\/\/itrmobiles.com\/articles\/184764\/oracle-aide-saaswedo-a-ameliorer-sa-qualite-de-service.html\" target=\"_blank\" rel=\"noopener noreferrer\">ITR Mobiles &#8211; avril 2020<\/a><\/li>\n<li><a href=\"https:\/\/infodsi.com\/articles\/184764\/oracle-aide-saaswedo-a-ameliorer-sa-qualite-de-service.html\" target=\"_blank\" rel=\"noopener noreferrer\">Info DSI &#8211; avril 2020<\/a><\/li>\n<li><a href=\"https:\/\/www.solutions-numeriques.com\/communiques\/saaswedo-ameliore-sa-qualite-de-service-et-ses-performances-en-sappuyant-sur-oracle-2\/\" target=\"_blank\" rel=\"noopener noreferrer\">Solutions num\u00e9riques &#8211; avril 2020<\/a><\/li>\n<li><a href=\"https:\/\/www.globalsecuritymag.fr\/Saaswedo-ameliore-sa-qualite-de,20200429,98115.html\" target=\"_blank\" rel=\"noopener noreferrer\">Global Security Mag &#8211; avril 2020<\/a><\/li>\n<li><a href=\"https:\/\/itsocial.fr\/partenaires\/oracle\/stories-clients-oracle\/saaswedo-passe-a-vitesse-superieure-oracle-cloud\/\" target=\"_blank\" rel=\"noopener noreferrer\">IT Social &#8211; avril 2020<\/a><\/li>\n<li><a href=\"https:\/\/itchannel.info\/articles\/184764\/oracle-aide-saaswedo-a-ameliorer-sa-qualite-de-service.html\" target=\"_blank\" rel=\"noopener noreferrer\">IT Channel &#8211; avril 2020<\/a><\/li>\n<li><a href=\"https:\/\/itrmanager.com\/articles\/184764\/oracle-aide-saaswedo-a-ameliorer-sa-qualite-de-service.html\" target=\"_blank\" rel=\"noopener noreferrer\">ITR Manager &#8211; avril 2020<\/a><\/li>\n<li><a href=\"https:\/\/itrsoftware.com\/articles\/184764\/oracle-aide-saaswedo-a-ameliorer-sa-qualite-de-service.html\" target=\"_blank\" rel=\"noopener noreferrer\">ITR Software &#8211; avril 2020<\/a><\/li>\n<li><a href=\"https:\/\/lentrepriseconnectee.com\/articles\/184764\/oracle-aide-saaswedo-a-ameliorer-sa-qualite-de-service.html\" target=\"_blank\" rel=\"noopener noreferrer\">L&rsquo;Entreprise Connect\u00e9e &#8211; avril 2020<\/a><\/li>\n<\/ul>\n<\/li>\n<\/ul>\n<p>[\/vc_column_text][\/vc_tta_section][vc_tta_section title=\u00a0\u00bbPas de TEM sans une bonne agr\u00e9gation des flux\u00a0\u00bb tab_id=\u00a0\u00bb1646994938850-e67fdfc5-83941669049539319&Prime;][vc_column_text]<\/p>\n<ul>\n<li style=\"list-style-type: none;\">\n<ul>\n<li><a href=\"https:\/\/www.generation-nt.com\/pas-tem-sans-bonne-agregation-flux-newswire-1973339.html\" target=\"_blank\" rel=\"noopener noreferrer\">GNT G\u00e9n\u00e9ration Nouvelles Technologies &#8211; f\u00e9vrier 2020<\/a><\/li>\n<li><a href=\"https:\/\/www.informatiquenews.fr\/pas-de-tem-sans-une-bonne-agregation-des-flux-67391\" target=\"_blank\" rel=\"noopener noreferrer\">Informatique News &#8211; f\u00e9vrier 2020<\/a><\/li>\n<li><a href=\"https:\/\/www.zonebourse.com\/actualite-bourse\/Pas-de-TEM-sans-une-bonne-agregation-des-flux--30025348\/\" target=\"_blank\" rel=\"noopener noreferrer\">Zone Bourse &#8211; f\u00e9vrier 2020<\/a><\/li>\n<li><a href=\"https:\/\/www.channelnews.fr\/pas-de-tem-sans-une-bonne-agregation-des-flux-94906\" target=\"_blank\" rel=\"noopener noreferrer\">Channel News &#8211; f\u00e9vrier 2020<\/a><\/li>\n<li><a href=\"https:\/\/www.solutions-numeriques.com\/communiques\/pas-de-tem-sans-une-bonne-agregation-des-flux\/\" target=\"_blank\" rel=\"noopener noreferrer\">Solutions num\u00e9riques &#8211; f\u00e9vrier 2020<\/a><\/li>\n<li><a href=\"https:\/\/www.globenewswire.com\/news-release\/2020\/02\/20\/1987626\/0\/fr\/Pas-de-TEM-sans-une-bonne-agr%C3%A9gation-des-flux.html\" target=\"_blank\" rel=\"noopener noreferrer\">Globe News Wire &#8211; f\u00e9vrier 2020<\/a><\/li>\n<\/ul>\n<\/li>\n<\/ul>\n<p>[\/vc_column_text][\/vc_tta_section][vc_tta_section title=\u00a0\u00bb4 points-cl\u00e9s pour r\u00e9ussir une gouvernance T\u00e9l\u00e9com performante\u00a0\u00bb tab_id=\u00a0\u00bb1646994939009-a2777d3c-d6271669049539319&Prime;][vc_column_text]<\/p>\n<ul>\n<li><a href=\"https:\/\/itrnews.com\/articles\/182215\/4-points-cles-pour-reussir-une-gouvernance-telecom-performante.html\" target=\"_blank\" rel=\"noopener noreferrer\">ITR News &#8211; novembre 2019<\/a><\/li>\n<li><a href=\"https:\/\/itrmanager.com\/articles\/182215\/4-points-cles-pour-reussir-une-gouvernance-telecom-performante.html\" target=\"_blank\" rel=\"noopener noreferrer\">ITR Manager &#8211; novembre 2019<\/a><\/li>\n<li><a href=\"https:\/\/itrmobiles.com\/articles\/182215\/4-points-cles-pour-reussir-une-gouvernance-telecom-performante.html\" target=\"_blank\" rel=\"noopener noreferrer\">ITR Mobiles &#8211; novembre 2019<\/a><\/li>\n<li><a href=\"https:\/\/www.generation-nt.com\/4-points-cles-pour-reussir-gouvernance-telecom-performante-newswire-1970556.html\" target=\"_blank\" rel=\"noopener noreferrer\">GNT G\u00e9n\u00e9ration Nouvelles Technologies &#8211; novembre 2019<\/a><\/li>\n<li><a href=\"https:\/\/infodsi.com\/articles\/182215\/4-points-cles-pour-reussir-une-gouvernance-telecom-performante.html\" target=\"_blank\" rel=\"noopener noreferrer\">Info DSI &#8211; novembre 2019<\/a><\/li>\n<li><a href=\"https:\/\/www.informatiquenews.fr\/4-points-cles-pour-reussir-une-gouvernance-telecom-performante-64837\" target=\"_blank\" rel=\"noopener noreferrer\">Informatique News &#8211; novembre 2019<\/a><\/li>\n<li><a href=\"https:\/\/lentrepriseconnectee.com\/articles\/182215\/4-points-cles-pour-reussir-une-gouvernance-telecom-performante.html\" target=\"_blank\" rel=\"noopener noreferrer\">L&rsquo;entreprise connect\u00e9e &#8211; novembre 2019<\/a><\/li>\n<li><a href=\"https:\/\/www.zonebourse.com\/actualite-bourse\/4-points-cles-pour-reussir-une-gouvernance-Telecom-performante--29603363\/\" target=\"_blank\" rel=\"noopener noreferrer\">Zone Bourse &#8211; novembre 2019<\/a><\/li>\n<li><a href=\"https:\/\/www.channelnews.fr\/4-points-cles-pour-reussir-une-gouvernance-telecom-performante-92937\" target=\"_blank\" rel=\"noopener noreferrer\">Channel News &#8211; novembre 2019<\/a><\/li>\n<li><a href=\"https:\/\/www.solutions-numeriques.com\/communiques\/4-points-cles-pour-reussir-une-gouvernance-telecom-performante-2\/\" target=\"_blank\" rel=\"noopener noreferrer\">Solutions num\u00e9riques &#8211; novembre 2019<\/a><\/li>\n<li><a href=\"http:\/\/www.industrie-mag.com\/article23052.html\" target=\"_blank\" rel=\"noopener noreferrer\">Industrie Mag &#8211; novembre 2019<\/a><\/li>\n<li><a href=\"https:\/\/www.globenewswire.com\/news-release\/2019\/11\/18\/1948538\/0\/fr\/4-points-cl%C3%A9s-pour-r%C3%A9ussir-une-gouvernance-T%C3%A9l%C3%A9com-performante.html\" target=\"_blank\" rel=\"noopener noreferrer\">Globe News Wire &#8211; novembre 2019<\/a><\/li>\n<\/ul>\n<p>[\/vc_column_text][\/vc_tta_section][vc_tta_section title=\u00a0\u00bbLa coop\u00e9tition ou comment gagner en performance\u00a0\u00bb tab_id=\u00a0\u00bb1646994939175-ce0109ff-93531669049539319&Prime;][vc_column_text]<\/p>\n<ul>\n<li style=\"list-style-type: none;\">\n<ul>\n<li><a href=\"https:\/\/www.lesechos.fr\/idees-debats\/cercle\/opinion-la-coopetition-ou-comment-gagner-en-performance-1140060\" target=\"_blank\" rel=\"noopener noreferrer\">Les Echos &#8211; octobre 2019<\/a><\/li>\n<li><a href=\"https:\/\/www.solutions-numeriques.com\/communiques\/la-coopetition-ou-comment-gagner-en-performance-2\/\" target=\"_blank\" rel=\"noopener noreferrer\">Solutions Num\u00e9riques &#8211; octobre 2019<\/a><\/li>\n<li><a href=\"http:\/\/www.industrie-mag.com\/article22699.html\" target=\"_blank\" rel=\"noopener noreferrer\">Industrie Mag &#8211; octobre 2019<\/a><\/li>\n<\/ul>\n<\/li>\n<\/ul>\n<p>[\/vc_column_text][\/vc_tta_section][vc_tta_section title=\u00a0\u00bbLa mont\u00e9e en puissance de la mobilit\u00e9 complexifie la gestion des actifs t\u00e9l\u00e9com\u00a0\u00bb tab_id=\u00a0\u00bb1646994939321-53cf1ab5-85771669049539319&Prime;][vc_column_text]<\/p>\n<ul>\n<li><a href=\"https:\/\/www.generation-nt.com\/montee-puissance-mobilite-complexifie-gestion-newswire-1965583.html\" target=\"_blank\" rel=\"noopener noreferrer\">GNT G\u00e9n\u00e9ration Nouvelles Technologies &#8211; juin 2019<\/a><\/li>\n<li><a href=\"https:\/\/www.itespresso.fr\/press-release\/la-monte-en-puissance-de-la-mobilit-complexifie-la-gestion-des-actifs-tlcom\" target=\"_blank\" rel=\"noopener noreferrer\">IT Espresso &#8211; juin 2019<\/a><\/li>\n<li><a href=\"https:\/\/www.informatiquenews.fr\/la-montee-en-puissance-de-la-mobilite-complexifie-la-gestion-des-actifs-telecom-62182\" target=\"_blank\" rel=\"noopener noreferrer\">News Informatique &#8211; juin 2019<\/a><\/li>\n<li><a href=\"https:\/\/www.solutions-numeriques.com\/communiques\/la-montee-en-puissance-de-la-mobilite-complexifie-la-gestion-des-actifs-telecom-2\/\" target=\"_blank\" rel=\"noopener noreferrer\">Solutions Num\u00e9riques &#8211; juin 2019<\/a><\/li>\n<li><a href=\"https:\/\/www.channelnews.fr\/la-montee-en-puissance-de-la-mobilite-complexifie-la-gestion-des-actifs-telecom-89655\" target=\"_blank\" rel=\"noopener noreferrer\">Channel News &#8211; juin 2019<\/a><\/li>\n<\/ul>\n<p>[\/vc_column_text][\/vc_tta_section][vc_tta_section title=\u00a0\u00bbLa fin du RTC : une bonne occasion de revoir sa gouvernance T\u00e9l\u00e9com\u00a0\u00bb tab_id=\u00a0\u00bb1646994939453-aa039526-19321669049539319&Prime;][vc_column_text]<\/p>\n<ul>\n<li><a href=\"https:\/\/www.channelnews.fr\/la-fin-du-rtc-une-bonne-occasion-de-revoir-sa-gouvernance-telecom-88468\" target=\"_blank\" rel=\"noopener noreferrer\">Channel NEWS &#8211; avril 2019<\/a><\/li>\n<li><a href=\"https:\/\/www.solutions-numeriques.com\/communiques\/la-fin-du-rtc-une-bonne-occasion-de-revoir-sa-gouvernance-telecom-2\/\" target=\"_blank\" rel=\"noopener noreferrer\">Solutions Num\u00e9riques &#8211; avril 2019<\/a><\/li>\n<li><a href=\"https:\/\/www.informatiquenews.fr\/la-fin-du-rtc-une-bonne-occasion-de-revoir-sa-gouvernance-telecom-61202\" target=\"_blank\" rel=\"noopener noreferrer\">Informatique News &#8211; avril 2019<\/a><\/li>\n<\/ul>\n<p>[\/vc_column_text][\/vc_tta_section][vc_tta_section title=\u00a0\u00bbNouvelle version de mytem360&Prime; tab_id=\u00a0\u00bb1646994939613-675328df-02981669049539319&Prime;][vc_column_text]<\/p>\n<ul>\n<li><a href=\"https:\/\/www.generation-nt.com\/nouvelle-version-mytem360-newswire-1961872.html\" target=\"_blank\" rel=\"noopener noreferrer\">G\u00e9n\u00e9ration Nouvelles Technologies &#8211; f\u00e9vrier 2019<\/a><\/li>\n<li><a href=\"https:\/\/www.itespresso.fr\/press-release\/nouvelle-version-de-mytem360\" target=\"_blank\" rel=\"noopener noreferrer\">IT espresso &#8211; f\u00e9vrier 2019<\/a><\/li>\n<li><a href=\"https:\/\/www.solutions-numeriques.com\/communiques\/nouvelle-version-de-mytem360\/\" target=\"_blank\" rel=\"noopener noreferrer\">Solutions Num\u00e9riques &#8211; f\u00e9vrier 2019<\/a><\/li>\n<\/ul>\n<p>[\/vc_column_text][\/vc_tta_section][vc_tta_section title=\u00a0\u00bbUsages et co\u00fbts t\u00e9l\u00e9coms des entreprises : quel impact a vraiment eu l\u2019Eurotarif\u00a0\u00bb tab_id=\u00a0\u00bb1646994939807-6dbc21d8-0ab81669049539319&Prime;][vc_column_text]<\/p>\n<ul>\n<li><a href=\"https:\/\/www.gpomag.fr\/web\/tribunes-libres\/usages-et-couts-telecoms-des-entreprises-quel-impact-a-vraiment-eu-l-eurotarif\" target=\"_blank\" rel=\"noopener noreferrer\">GPO mag &#8211; janvier 2019<\/a><\/li>\n<li><a href=\"https:\/\/www.decision-achats.fr\/Thematique\/it-digital-1233\/Breves\/Tribune-Usages-couts-telecoms-entreprises-quel-impact-vraiment-Eurotarif-336119.htm#qo0T8oFIZbtHypVK.97\" target=\"_blank\" rel=\"noopener noreferrer\">D\u00e9cision Achats &#8211; janvier 2019<\/a><\/li>\n<li><a href=\"https:\/\/www.solutions-numeriques.com\/communiques\/usages-et-couts-telecoms-des-entreprises-quel-impact-a-vraiment-eu-leurotarif-2\/\" target=\"_blank\" rel=\"noopener noreferrer\">Solutions Num\u00e9riques &#8211; janvier 2019<\/a><\/li>\n<li><a href=\"http:\/\/www.industrie-mag.com\/article19364.html\" target=\"_blank\" rel=\"noopener noreferrer\">Industrie Mag &#8211; janvier 2019<\/a><\/li>\n<\/ul>\n<p>[\/vc_column_text][\/vc_tta_section][vc_tta_section title=\u00a0\u00bbPiloter finement ses ressources t\u00e9l\u00e9coms : un pr\u00e9requis incontournable pour accompagner les entreprises dans leur transformation num\u00e9rique\u00a0\u00bb tab_id=\u00a0\u00bb1646994939961-d34a861d-53491669049539319&Prime;][vc_column_text]<\/p>\n<ul>\n<li style=\"list-style-type: none;\">\n<ul>\n<li><a href=\"https:\/\/www.gpomag.fr\/web\/tribunes-libres\/piloter-finement-son-poste-telecom-un-prerequis-incontournable-pour-les-entreprises\" target=\"_blank\" rel=\"noopener noreferrer\">GPO mag &#8211; septembre 2018<\/a><\/li>\n<li><a href=\"https:\/\/www.itespresso.fr\/press-release\/piloter-finement-ses-ressources-tlcoms-un-prrequis-incontournable-pour-accompagner-les-entreprises-dans-leur-transformation-numrique?inf_by=5bbe1a32671db88a618b4a49\" target=\"_blank\" rel=\"noopener noreferrer\">IT Espresso &#8211; septembre 2018<\/a><\/li>\n<li><a href=\"https:\/\/www.generation-nt.com\/piloter-finement-ressources-telecoms-prerequis-newswire-1957659.html\" target=\"_blank\" rel=\"noopener noreferrer\">GNT &#8211; septembre 2018<\/a><\/li>\n<li><a href=\"https:\/\/www.solutions-numeriques.com\/communiques\/piloter-finement-ses-ressources-telecoms-un-prerequis-incontournable-pour-accompagner-les-entreprises-dans-leur-transformation-numerique\/\" target=\"_blank\" rel=\"noopener noreferrer\">Solutions Num\u00e9riques &#8211; septembre 2018<\/a><\/li>\n<\/ul>\n<\/li>\n<\/ul>\n<p>[\/vc_column_text][\/vc_tta_section][vc_tta_section title=\u00a0\u00bbS&rsquo;ouvrir pour mieux servir l&rsquo;exp\u00e9rience collaborateur : le d\u00e9fi des \u00e9diteurs\u00a0\u00bb tab_id=\u00a0\u00bb1646994940100-eb32ebf9-29b01669049539319&Prime;][vc_column_text]<\/p>\n<ul>\n<li style=\"list-style-type: none;\">\n<ul>\n<li><a href=\"https:\/\/www.generation-nt.com\/ouvrir-pour-mieux-servir-experience-collaborateur-avenir-newswire-1955177.html\" target=\"_blank\" rel=\"noopener noreferrer\">GNT &#8211; juin 2018<\/a><\/li>\n<li><a href=\"https:\/\/www.solutions-numeriques.com\/communiques\/souvrir-pour-mieux-servir-lexperience-collaborateur-lavenir-audacieux-des-editeurs-de-logiciels\/\" target=\"_blank\" rel=\"noopener noreferrer\">Solutions Num\u00e9riques &#8211; juin 2018<\/a><\/li>\n<li><a href=\"https:\/\/globenewswire.com\/news-release\/2018\/06\/25\/1528685\/0\/fr\/S-ouvrir-pour-mieux-servir-l-exp%C3%A9rience-collaborateur-l-avenir-audacieux-des-%C3%A9diteurs-de-logiciels.html\" target=\"_blank\" rel=\"noopener noreferrer\">Globe News Wire &#8211; juin 2018<\/a><\/li>\n<li><a href=\"https:\/\/www.itespresso.fr\/press-release\/souvrir-pour-mieux-servir-lexprience-collaborateur-lavenir-audacieux-des-diteurs-de-logiciels?inf_by=5bbe1a32671db88a618b4a49\" target=\"_blank\" rel=\"noopener noreferrer\">IT Espresso &#8211; juin 2018<\/a><\/li>\n<\/ul>\n<\/li>\n<\/ul>\n<p>[\/vc_column_text][\/vc_tta_section][vc_tta_section title=\u00a0\u00bbSaaswedo nomme Franck Hollender au poste de CIO\/CTO\u00a0\u00bb tab_id=\u00a0\u00bb1646994940267-3178639b-b0991669049539319&Prime;][vc_column_text]<\/p>\n<ul>\n<li><a href=\"https:\/\/www.itespresso.fr\/press-release\/saaswedo-annonce-la-nomination-de-franck-hollender-au-poste-de-cio-cto\" target=\"_blank\" rel=\"noopener noreferrer\">IT espresso &#8211; mai 2018<\/a><\/li>\n<li><a href=\"http:\/\/www.mtom-mag.com\/article6195.html\" target=\"_blank\" rel=\"noopener noreferrer\">MtoM Mag &#8211; mai 2018<\/a><\/li>\n<li><a href=\"https:\/\/www.generation-nt.com\/saaswedo-annonce-nomination-franck-hollender-poste-cio-cto-newswire-1954212.html\" target=\"_blank\" rel=\"noopener noreferrer\">GNT &#8211; mai 2018<\/a><\/li>\n<li><a href=\"https:\/\/www.solutions-numeriques.com\/communiques\/lediteur-saaswedo-annonce-la-nomination-de-franck-hollender-au-poste-de-cio-cto-4\/\" target=\"_blank\" rel=\"noopener noreferrer\">Solutions num\u00e9riques &#8211; mai 2018<\/a><\/li>\n<li><a href=\"https:\/\/itrmanager.com\/articles\/174662\/saaswedo-nomme-franck-hollender-au-poste-de-ciocto.html\" target=\"_blank\" rel=\"noopener noreferrer\">ITR manager &#8211; mai 2018<\/a><\/li>\n<li><a href=\"https:\/\/itchannel.info\/articles\/174662\/saaswedo-nomme-franck-hollender-au-poste-de-ciocto.html\" target=\"_blank\" rel=\"noopener noreferrer\">IT Channel &#8211; mai 2018<\/a><\/li>\n<li><a href=\"https:\/\/itrmobiles.com\/articles\/174662\/saaswedo-nomme-franck-hollender-au-poste-de-ciocto.html\" target=\"_blank\" rel=\"noopener noreferrer\">ITR Mobile &#8211; mai 2018<\/a><\/li>\n<li><a href=\"https:\/\/infodsi.com\/articles\/174662\/saaswedo-nomme-franck-hollender-au-poste-de-ciocto.html\" target=\"_blank\" rel=\"noopener noreferrer\">Info DSI &#8211; mai 2018<\/a><\/li>\n<\/ul>\n<p>[\/vc_column_text][\/vc_tta_section][vc_tta_section title=\u00a0\u00bbRGPD et vos collaborateurs : un d\u00e9fi RH et business\u00a0\u00bb tab_id=\u00a0\u00bb1646994940475-7297c740-29161669049539319&Prime;][vc_column_text]<\/p>\n<ul>\n<li><a href=\"https:\/\/www.solutions-numeriques.com\/communiques\/infographie-rgpd-et-vos-collaborteurs-un-defi-rh-et-business-2\/\" target=\"_blank\" rel=\"noopener noreferrer\">Solutions Num\u00e9rique &#8211; mai 2018<\/a><\/li>\n<li><a href=\"http:\/\/www.mtom-mag.com\/article6062.html\" target=\"_blank\" rel=\"noopener noreferrer\">MtoM Mag &#8211; mai 2018<\/a><\/li>\n<\/ul>\n<p>[\/vc_column_text][\/vc_tta_section][vc_tta_section title=\u00a0\u00bbSNCF : Saaswedo assure la gestion de la flotte mobile de la SNCF\u00a0\u00bb tab_id=\u00a0\u00bb1646994940625-834bb473-f62f1669049539319&Prime;][vc_column_text]<\/p>\n<ul>\n<li><a href=\"https:\/\/www.solutions-numeriques.com\/communiques\/nouveaux-usages-mobiles-sncf-prepare-lavenir-avec-saaswedo\/\" target=\"_blank\" rel=\"noopener noreferrer\">Solutions Num\u00e9riques &#8211; mars 2018<\/a><\/li>\n<li><a href=\"http:\/\/www.industrie-mag.com\/article16038.html\" target=\"_blank\" rel=\"noopener noreferrer\">Industrie Mag &#8211; mars 2018<\/a><\/li>\n<li><a href=\"https:\/\/itchannel.info\/articles\/173641\/saaswedo-assure-la-gestion-de-la-flotte-mobile-de-la-sncf.html\" target=\"_blank\" rel=\"noopener noreferrer\">IT Channel &#8211; mars 2018<\/a><\/li>\n<li><a href=\"https:\/\/itrmanager.com\/articles\/173641\/saaswedo-assure-la-gestion-de-la-flotte-mobile-de-la-sncf.html\" target=\"_blank\" rel=\"noopener noreferrer\">ITR Manager &#8211; mars 2018<\/a><\/li>\n<li><a href=\"https:\/\/infodsi.com\/articles\/173641\/saaswedo-assure-la-gestion-de-la-flotte-mobile-de-la-sncf.html\" target=\"_blank\" rel=\"noopener noreferrer\">InfoDSI &#8211; mars 2018<\/a><\/li>\n<li><a href=\"https:\/\/lentrepriseconnectee.com\/articles\/173641\/saaswedo-assure-la-gestion-de-la-flotte-mobile-de-la-sncf.html\" target=\"_blank\" rel=\"noopener noreferrer\">L&rsquo;entreprise Connect\u00e9e &#8211; mars 2018<\/a><\/li>\n<li><a href=\"http:\/\/www.decision-achats.fr\/Thematique\/it-digital-1233\/Breves\/SnCF-retient-editeur-Saaswedo-flotte-mobile-328576.htm#DrJux5pRQcpPbtQx.97\" target=\"_blank\" rel=\"noopener noreferrer\">D\u00e9cision Achats &#8211; mars 2018<\/a><\/li>\n<\/ul>\n<p>[\/vc_column_text][\/vc_tta_section][vc_tta_section title=\u00a0\u00bbRGPD : quand \u00e9diteurs et grands comptes prennent leur responsabilit\u00e9\u00a0\u00bb tab_id=\u00a0\u00bb1646994940775-13f44738-c5c61669049539319&Prime;][vc_column_text]<\/p>\n<ul>\n<li><a href=\"https:\/\/www.decideo.fr\/RGPD-quand-editeurs-et-grands-comptes-prennent-leur-responsabilite_a9906.html\" target=\"_blank\" rel=\"noopener noreferrer\">Decideo &#8211; janvier 2018<\/a><\/li>\n<li><a href=\"http:\/\/www.itespresso.fr\/press-release\/rgpd-quand-diteurs-et-grands-comptes-prennent-leur-responsabilit?inf_by=5ab28131671db8102c8b51c0\" target=\"_blank\" rel=\"noopener noreferrer\">IT espresso &#8211; janvier 2018<\/a><\/li>\n<li><a href=\"https:\/\/www.generation-nt.com\/rgpd-quand-editeurs-grands-comptes-prennent-leur-responsabilite-newswire-1950407.html\" target=\"_blank\" rel=\"noopener noreferrer\">Generation NT &#8211; janvier 2018<\/a><\/li>\n<li><a href=\"https:\/\/www.globalsecuritymag.fr\/RGPD-quand-editeurs-et-grands,20180130,76589.html\" target=\"_blank\" rel=\"noopener noreferrer\">Global Security Mag &#8211; janvier 2018<\/a><\/li>\n<li><a href=\"http:\/\/www.mtom-mag.com\/article5517.html\" target=\"_blank\" rel=\"noopener noreferrer\">MtoM Mag &#8211; janvier 2018<\/a><\/li>\n<li><a href=\"https:\/\/www.solutions-numeriques.com\/communiques\/rgpd-quand-editeurs-et-grands-comptes-prennent-leur-responsabilite\/\" target=\"_blank\" rel=\"noopener noreferrer\">Solutions Num\u00e9riques &#8211; janvier 2018<\/a><\/li>\n<\/ul>\n<p>[\/vc_column_text][\/vc_tta_section][vc_tta_section title=\u00a0\u00bbSaaswedo \u00e9tend son offre aux environnements Azur et Amazon.\u00a0\u00bb tab_id=\u00a0\u00bb1646994940959-d1ec0ac7-58f81669049539319&Prime;][vc_column_text]<\/p>\n<ul>\n<li><a href=\"https:\/\/www.solutions-numeriques.com\/communiques\/saaswedo-etend-son-offre-aux-environnements-azur-et-amazon-2\/\" target=\"_blank\" rel=\"noopener noreferrer\">Solutions Num\u00e9rique &#8211; f\u00e9vrier 2017<\/a><\/li>\n<li><a href=\"https:\/\/www.informaticien.be\/articles_item-21389-Saaswedo_etend_son_offre_aux_environnements_Azur_et_Amazon.html\" target=\"_blank\" rel=\"noopener noreferrer\">L&rsquo;informaticien &#8211; f\u00e9vrier 2017<\/a><\/li>\n<li><a href=\"http:\/\/www.itespresso.fr\/press-release\/saaswedo-tend-son-offre-aux-environnements-azur-et-amazon\" target=\"_blank\" rel=\"noopener noreferrer\">IT expresso &#8211; f\u00e9vrier 2017<\/a><\/li>\n<li><a href=\"https:\/\/www.generation-nt.com\/saaswedo-etend-son-offre-environnements-azur-amazon-newswire-1939749.html\" target=\"_blank\" rel=\"noopener noreferrer\">GNT G\u00e9n\u00e9ration Nouvelles Technologies &#8211; f\u00e9vrier 2017<\/a><\/li>\n<\/ul>\n<p>[\/vc_column_text][\/vc_tta_section][vc_tta_section title=\u00a0\u00bbLa gestion des co\u00fbts IT par collaborateur, une n\u00e9cessit\u00e9 pour les DSI\u00a0\u00bb tab_id=\u00a0\u00bb1710338960029-46088f7a-d580&Prime;][vc_column_text]<\/p>\n<ul>\n<li><a href=\"https:\/\/www.solutions-numeriques.com\/communiques\/la-gestion-des-couts-it-par-collaborateur-une-necessite-pour-les-dsi\/\" target=\"_blank\" rel=\"noopener noreferrer\">Solutions Num\u00e9rique &#8211; avril 2017<\/a><\/li>\n<li><a href=\"http:\/\/www.itespresso.fr\/press-release\/la-gestion-des-cots-it-par-collaborateur-une-ncessit-pour-les-dsi\" target=\"_blank\" rel=\"noopener noreferrer\">IT espresso &#8211; avril 2017<\/a><\/li>\n<li><a href=\"http:\/\/www.guideinformatique.com\/actualites-informatiques\/avis-dexpert-la-gestion-des-couts-it-par-collaborateur-une-necessite-pour-les-dsi-953.html\" target=\"_blank\" rel=\"noopener noreferrer\">Le Guide informatique &#8211; avril 2017<\/a><\/li>\n<li><a href=\"http:\/\/www.mtom-mag.com\/article3888.html\" target=\"_blank\" rel=\"noopener noreferrer\">MtoM Mag &#8211; avril 2017<\/a><\/li>\n<\/ul>\n<p>[\/vc_column_text][\/vc_tta_section][\/vc_tta_accordion][\/vc_column][\/vc_row][vc_row section_type=\u00a0\u00bbfullwidth\u00a0\u00bb][vc_column]<div class=\"grve-empty-space grve-height-3x\"><\/div>[\/vc_column][\/vc_row]<\/p>\n<\/section>","protected":false},"excerpt":{"rendered":"<p>[vc_row padding_top_multiplier=\u00a0\u00bb3x\u00a0\u00bb rc_bg_type=\u00a0\u00bbimage\u00a0\u00bb rc_bg_image=\u00a0\u00bb194&Prime; rc_bg_image_type=\u00a0\u00bbfixed\u00a0\u00bb columns_gap=\u00a0\u00bb60&Prime;][vc_column text_align=\u00a0\u00bbcenter\u00a0\u00bb animation=\u00a0\u00bbfade-in-up\u00a0\u00bb][\/vc_column][\/vc_row][vc_row gp_row_config=\u00a0\u00bb\u00a0\u00bb full_height=\u00a0\u00bb\u00a0\u00bb columns_placement=\u00a0\u00bbmiddle\u00a0\u00bb force_equal_height_columns=\u00a0\u00bb\u00a0\u00bb align_content_vertically=\u00a0\u00bbyes\u00a0\u00bb mobile_destroy_equal_heights=\u00a0\u00bbyes\u00a0\u00bb mobile_destroy_equal_heights_resolution=\u00a0\u00bb800&Prime; row_custom_paddings=\u00a0\u00bb\u00a0\u00bb row_columns_paddings=\u00a0\u00bb20&Prime; row_effect=\u00a0\u00bb\u00a0\u00bb gp_row_parallax=\u00a0\u00bb\u00a0\u00bb row_parallax_sense=\u00a0\u00bb30&Prime; row_parallax_limit=\u00a0\u00bb\u00a0\u00bb one_page_title=\u00a0\u00bb\u00a0\u00bb anchor=\u00a0\u00bb\u00a0\u00bb extra_css_styles=\u00a0\u00bb\u00a0\u00bb bg_check=\u00a0\u00bb\u00a0\u00bb gp_enable_skew_bg=\u00a0\u00bb\u00a0\u00bb gp_bg_style=\u00a0\u00bb\u00a0\u00bb gp_anim_bg_duration=\u00a0\u00bb3000&Prime; gp_canvas_style=\u00a0\u00bbstyle_1&Prime; gp_canvas_size=\u00a0\u00bbparent\u00a0\u00bb gp_bg_image_canvas=\u00a0\u00bb\u00a0\u00bb gp_bg_image_repeat_canvas=\u00a0\u00bbrepeat\u00a0\u00bb gp_bg_image_size_canvas=\u00a0\u00bbcover\u00a0\u00bb gp_canvas_bg_image_size_retina=\u00a0\u00bb\u00a0\u00bb gp_parallax_style=\u00a0\u00bbgp_simple_image\u00a0\u00bb gp_bg_image_new=\u00a0\u00bb\u00a0\u00bb gp_layer_image=\u00a0\u00bb\u00a0\u00bb gp_multi_parallax_direction=\u00a0\u00bbvertical\u00a0\u00bb gp_bg_image_repeat=\u00a0\u00bbrepeat\u00a0\u00bb gp_bg_image_size=\u00a0\u00bbcover\u00a0\u00bb gp_image_bg_color=\u00a0\u00bb\u00a0\u00bb gp_bg_img_attach=\u00a0\u00bbscroll\u00a0\u00bb gp_parallax_sense=\u00a0\u00bb30&Prime; gp_parallax_offset=\u00a0\u00bb\u00a0\u00bb gp_bg_image_position=\u00a0\u00bb\u00a0\u00bb gp_animation_direction=\u00a0\u00bbright\u00a0\u00bb gp_mobile_enable=\u00a0\u00bbyes\u00a0\u00bb gp_bg_image_new_responsive=\u00a0\u00bb\u00a0\u00bb gp_bg_resolution=\u00a0\u00bb\u00a0\u00bb gp_bg_image_position_mobile=\u00a0\u00bb\u00a0\u00bb gp_bg_image_size_mobile=\u00a0\u00bb\u00a0\u00bb gp_bg_image_size_retina=\u00a0\u00bb\u00a0\u00bb gp_video_variant=\u00a0\u00bbself-hosted\u00a0\u00bb gp_video_url_mp4=\u00a0\u00bb\u00a0\u00bb gp_video_url_webm=\u00a0\u00bb\u00a0\u00bb [&hellip;]<\/p>\n","protected":false},"author":1,"featured_media":103,"parent":0,"menu_order":0,"comment_status":"closed","ping_status":"closed","template":"","meta":{"inline_featured_image":false,"footnotes":""},"class_list":["post-619","page","type-page","status-publish","has-post-thumbnail","hentry","grve-entry-item"],"yoast_head":"<!-- This site is optimized with the Yoast SEO plugin v27.2 - https:\/\/yoast.com\/product\/yoast-seo-wordpress\/ -->\n<title>La presse en parle - Saaswedo<\/title>\n<meta name=\"description\" content=\"D\u00e9couvrez toutes les fois o\u00f9 Saaswedo a \u00e9t\u00e9 mentionn\u00e9 dans la presse ! Nous aidons les entreprises \u00e0 piloter leur Digital Workplace.\" \/>\n<meta name=\"robots\" content=\"index, follow, max-snippet:-1, max-image-preview:large, max-video-preview:-1\" \/>\n<link rel=\"canonical\" href=\"https:\/\/www.saaswedo.com\/fr\/la-presse-en-parle\/\" \/>\n<meta property=\"og:locale\" content=\"fr_FR\" \/>\n<meta property=\"og:type\" content=\"article\" \/>\n<meta property=\"og:title\" content=\"La presse en parle - Saaswedo - Performance durable de la Digital Workplace\" \/>\n<meta property=\"og:description\" content=\"D\u00e9couvrez toutes les fois o\u00f9 Saaswedo a \u00e9t\u00e9 mentionn\u00e9 dans la presse ! Nous aidons les entreprises \u00e0 atteindre leurs objectif via le pilotage de la Digital Workplace.\" \/>\n<meta property=\"og:url\" content=\"https:\/\/www.saaswedo.com\/fr\/la-presse-en-parle\/\" \/>\n<meta property=\"og:site_name\" content=\"SAASWEDO - Sustainable Digital Workplace performance\" \/>\n<meta property=\"article:modified_time\" content=\"2026-04-27T07:14:30+00:00\" \/>\n<meta property=\"og:image\" content=\"https:\/\/www.saaswedo.com\/wp-content\/uploads\/2022\/11\/visuel-saaswedo_1024x768.jpg\" \/>\n\t<meta property=\"og:image:width\" content=\"1280\" \/>\n\t<meta property=\"og:image:height\" content=\"768\" \/>\n\t<meta property=\"og:image:type\" content=\"image\/jpeg\" \/>\n<meta name=\"twitter:card\" content=\"summary_large_image\" \/>\n<meta name=\"twitter:title\" content=\"La presse en parle - Saaswedo - Performance durable de la Digital Workplace\" \/>\n<meta name=\"twitter:description\" content=\"D\u00e9couvrez toutes les fois o\u00f9 Saaswedo a \u00e9t\u00e9 mentionn\u00e9 dans la presse ! Nous aidons les entreprises \u00e0 atteindre leurs objectif via le pilotage de la Digital Workplace.\" \/>\n<meta name=\"twitter:label1\" content=\"Dur\u00e9e de lecture estim\u00e9e\" \/>\n\t<meta name=\"twitter:data1\" content=\"14 minutes\" \/>\n<script type=\"application\/ld+json\" class=\"yoast-schema-graph\">{\"@context\":\"https:\/\/schema.org\",\"@graph\":[{\"@type\":\"WebPage\",\"@id\":\"https:\/\/www.saaswedo.com\/fr\/la-presse-en-parle\/\",\"url\":\"https:\/\/www.saaswedo.com\/fr\/la-presse-en-parle\/\",\"name\":\"La presse en parle - Saaswedo\",\"isPartOf\":{\"@id\":\"https:\/\/www.saaswedo.com\/fr\/#website\"},\"primaryImageOfPage\":{\"@id\":\"https:\/\/www.saaswedo.com\/fr\/la-presse-en-parle\/#primaryimage\"},\"image\":{\"@id\":\"https:\/\/www.saaswedo.com\/fr\/la-presse-en-parle\/#primaryimage\"},\"thumbnailUrl\":\"https:\/\/www.saaswedo.com\/wp-content\/uploads\/2022\/11\/visuel-saaswedo_1024x768.jpg\",\"datePublished\":\"2022-11-21T16:29:13+00:00\",\"dateModified\":\"2026-04-27T07:14:30+00:00\",\"description\":\"D\u00e9couvrez toutes les fois o\u00f9 Saaswedo a \u00e9t\u00e9 mentionn\u00e9 dans la presse ! Nous aidons les entreprises \u00e0 piloter leur Digital Workplace.\",\"breadcrumb\":{\"@id\":\"https:\/\/www.saaswedo.com\/fr\/la-presse-en-parle\/#breadcrumb\"},\"inLanguage\":\"fr-FR\",\"potentialAction\":[{\"@type\":\"ReadAction\",\"target\":[\"https:\/\/www.saaswedo.com\/fr\/la-presse-en-parle\/\"]}]},{\"@type\":\"ImageObject\",\"inLanguage\":\"fr-FR\",\"@id\":\"https:\/\/www.saaswedo.com\/fr\/la-presse-en-parle\/#primaryimage\",\"url\":\"https:\/\/www.saaswedo.com\/wp-content\/uploads\/2022\/11\/visuel-saaswedo_1024x768.jpg\",\"contentUrl\":\"https:\/\/www.saaswedo.com\/wp-content\/uploads\/2022\/11\/visuel-saaswedo_1024x768.jpg\",\"width\":1280,\"height\":768,\"caption\":\"saas\"},{\"@type\":\"BreadcrumbList\",\"@id\":\"https:\/\/www.saaswedo.com\/fr\/la-presse-en-parle\/#breadcrumb\",\"itemListElement\":[{\"@type\":\"ListItem\",\"position\":1,\"name\":\"Accueil\",\"item\":\"https:\/\/www.saaswedo.com\/fr\/\"},{\"@type\":\"ListItem\",\"position\":2,\"name\":\"La presse en parle\"}]},{\"@type\":\"WebSite\",\"@id\":\"https:\/\/www.saaswedo.com\/fr\/#website\",\"url\":\"https:\/\/www.saaswedo.com\/fr\/\",\"name\":\"SAASWEDO - Sustainable Digital Workplace performance\",\"description\":\"Depuis plus de 15 ans, Saaswedo d\u00e9livre aux entreprises des offres qui permettent de maitriser leur politique IT et t\u00e9l\u00e9com, de simplifier la gestion de leurs actifs et d\u2019optimiser leurs co\u00fbts.\",\"publisher\":{\"@id\":\"https:\/\/www.saaswedo.com\/fr\/#organization\"},\"potentialAction\":[{\"@type\":\"SearchAction\",\"target\":{\"@type\":\"EntryPoint\",\"urlTemplate\":\"https:\/\/www.saaswedo.com\/fr\/?s={search_term_string}\"},\"query-input\":{\"@type\":\"PropertyValueSpecification\",\"valueRequired\":true,\"valueName\":\"search_term_string\"}}],\"inLanguage\":\"fr-FR\"},{\"@type\":\"Organization\",\"@id\":\"https:\/\/www.saaswedo.com\/fr\/#organization\",\"name\":\"SAASWEDO\",\"url\":\"https:\/\/www.saaswedo.com\/fr\/\",\"logo\":{\"@type\":\"ImageObject\",\"inLanguage\":\"fr-FR\",\"@id\":\"https:\/\/www.saaswedo.com\/fr\/#\/schema\/logo\/image\/\",\"url\":\"https:\/\/www.saaswedo.com\/wp-content\/uploads\/2022\/11\/cropped-saaswedo-profil_512-1.png\",\"contentUrl\":\"https:\/\/www.saaswedo.com\/wp-content\/uploads\/2022\/11\/cropped-saaswedo-profil_512-1.png\",\"width\":512,\"height\":512,\"caption\":\"SAASWEDO\"},\"image\":{\"@id\":\"https:\/\/www.saaswedo.com\/fr\/#\/schema\/logo\/image\/\"},\"sameAs\":[\"https:\/\/www.linkedin.com\/company\/saaswedo\/?originalSubdomain=fr\"]}]}<\/script>\n<!-- \/ Yoast SEO plugin. -->","yoast_head_json":{"title":"La presse en parle - Saaswedo","description":"D\u00e9couvrez toutes les fois o\u00f9 Saaswedo a \u00e9t\u00e9 mentionn\u00e9 dans la presse ! Nous aidons les entreprises \u00e0 piloter leur Digital Workplace.","robots":{"index":"index","follow":"follow","max-snippet":"max-snippet:-1","max-image-preview":"max-image-preview:large","max-video-preview":"max-video-preview:-1"},"canonical":"https:\/\/www.saaswedo.com\/fr\/la-presse-en-parle\/","og_locale":"fr_FR","og_type":"article","og_title":"La presse en parle - Saaswedo - Performance durable de la Digital Workplace","og_description":"D\u00e9couvrez toutes les fois o\u00f9 Saaswedo a \u00e9t\u00e9 mentionn\u00e9 dans la presse ! Nous aidons les entreprises \u00e0 atteindre leurs objectif via le pilotage de la Digital Workplace.","og_url":"https:\/\/www.saaswedo.com\/fr\/la-presse-en-parle\/","og_site_name":"SAASWEDO - Sustainable Digital Workplace performance","article_modified_time":"2026-04-27T07:14:30+00:00","og_image":[{"width":1280,"height":768,"url":"https:\/\/www.saaswedo.com\/wp-content\/uploads\/2022\/11\/visuel-saaswedo_1024x768.jpg","type":"image\/jpeg"}],"twitter_card":"summary_large_image","twitter_title":"La presse en parle - Saaswedo - Performance durable de la Digital Workplace","twitter_description":"D\u00e9couvrez toutes les fois o\u00f9 Saaswedo a \u00e9t\u00e9 mentionn\u00e9 dans la presse ! Nous aidons les entreprises \u00e0 atteindre leurs objectif via le pilotage de la Digital Workplace.","twitter_misc":{"Dur\u00e9e de lecture estim\u00e9e":"14 minutes"},"schema":{"@context":"https:\/\/schema.org","@graph":[{"@type":"WebPage","@id":"https:\/\/www.saaswedo.com\/fr\/la-presse-en-parle\/","url":"https:\/\/www.saaswedo.com\/fr\/la-presse-en-parle\/","name":"La presse en parle - Saaswedo","isPartOf":{"@id":"https:\/\/www.saaswedo.com\/fr\/#website"},"primaryImageOfPage":{"@id":"https:\/\/www.saaswedo.com\/fr\/la-presse-en-parle\/#primaryimage"},"image":{"@id":"https:\/\/www.saaswedo.com\/fr\/la-presse-en-parle\/#primaryimage"},"thumbnailUrl":"https:\/\/www.saaswedo.com\/wp-content\/uploads\/2022\/11\/visuel-saaswedo_1024x768.jpg","datePublished":"2022-11-21T16:29:13+00:00","dateModified":"2026-04-27T07:14:30+00:00","description":"D\u00e9couvrez toutes les fois o\u00f9 Saaswedo a \u00e9t\u00e9 mentionn\u00e9 dans la presse ! Nous aidons les entreprises \u00e0 piloter leur Digital Workplace.","breadcrumb":{"@id":"https:\/\/www.saaswedo.com\/fr\/la-presse-en-parle\/#breadcrumb"},"inLanguage":"fr-FR","potentialAction":[{"@type":"ReadAction","target":["https:\/\/www.saaswedo.com\/fr\/la-presse-en-parle\/"]}]},{"@type":"ImageObject","inLanguage":"fr-FR","@id":"https:\/\/www.saaswedo.com\/fr\/la-presse-en-parle\/#primaryimage","url":"https:\/\/www.saaswedo.com\/wp-content\/uploads\/2022\/11\/visuel-saaswedo_1024x768.jpg","contentUrl":"https:\/\/www.saaswedo.com\/wp-content\/uploads\/2022\/11\/visuel-saaswedo_1024x768.jpg","width":1280,"height":768,"caption":"saas"},{"@type":"BreadcrumbList","@id":"https:\/\/www.saaswedo.com\/fr\/la-presse-en-parle\/#breadcrumb","itemListElement":[{"@type":"ListItem","position":1,"name":"Accueil","item":"https:\/\/www.saaswedo.com\/fr\/"},{"@type":"ListItem","position":2,"name":"La presse en parle"}]},{"@type":"WebSite","@id":"https:\/\/www.saaswedo.com\/fr\/#website","url":"https:\/\/www.saaswedo.com\/fr\/","name":"SAASWEDO - Sustainable Digital Workplace performance","description":"Depuis plus de 15 ans, Saaswedo d\u00e9livre aux entreprises des offres qui permettent de maitriser leur politique IT et t\u00e9l\u00e9com, de simplifier la gestion de leurs actifs et d\u2019optimiser leurs co\u00fbts.","publisher":{"@id":"https:\/\/www.saaswedo.com\/fr\/#organization"},"potentialAction":[{"@type":"SearchAction","target":{"@type":"EntryPoint","urlTemplate":"https:\/\/www.saaswedo.com\/fr\/?s={search_term_string}"},"query-input":{"@type":"PropertyValueSpecification","valueRequired":true,"valueName":"search_term_string"}}],"inLanguage":"fr-FR"},{"@type":"Organization","@id":"https:\/\/www.saaswedo.com\/fr\/#organization","name":"SAASWEDO","url":"https:\/\/www.saaswedo.com\/fr\/","logo":{"@type":"ImageObject","inLanguage":"fr-FR","@id":"https:\/\/www.saaswedo.com\/fr\/#\/schema\/logo\/image\/","url":"https:\/\/www.saaswedo.com\/wp-content\/uploads\/2022\/11\/cropped-saaswedo-profil_512-1.png","contentUrl":"https:\/\/www.saaswedo.com\/wp-content\/uploads\/2022\/11\/cropped-saaswedo-profil_512-1.png","width":512,"height":512,"caption":"SAASWEDO"},"image":{"@id":"https:\/\/www.saaswedo.com\/fr\/#\/schema\/logo\/image\/"},"sameAs":["https:\/\/www.linkedin.com\/company\/saaswedo\/?originalSubdomain=fr"]}]}},"_links":{"self":[{"href":"https:\/\/www.saaswedo.com\/fr\/wp-json\/wp\/v2\/pages\/619","targetHints":{"allow":["GET"]}}],"collection":[{"href":"https:\/\/www.saaswedo.com\/fr\/wp-json\/wp\/v2\/pages"}],"about":[{"href":"https:\/\/www.saaswedo.com\/fr\/wp-json\/wp\/v2\/types\/page"}],"author":[{"embeddable":true,"href":"https:\/\/www.saaswedo.com\/fr\/wp-json\/wp\/v2\/users\/1"}],"replies":[{"embeddable":true,"href":"https:\/\/www.saaswedo.com\/fr\/wp-json\/wp\/v2\/comments?post=619"}],"version-history":[{"count":271,"href":"https:\/\/www.saaswedo.com\/fr\/wp-json\/wp\/v2\/pages\/619\/revisions"}],"predecessor-version":[{"id":6666,"href":"https:\/\/www.saaswedo.com\/fr\/wp-json\/wp\/v2\/pages\/619\/revisions\/6666"}],"wp:featuredmedia":[{"embeddable":true,"href":"https:\/\/www.saaswedo.com\/fr\/wp-json\/wp\/v2\/media\/103"}],"wp:attachment":[{"href":"https:\/\/www.saaswedo.com\/fr\/wp-json\/wp\/v2\/media?parent=619"}],"curies":[{"name":"wp","href":"https:\/\/api.w.org\/{rel}","templated":true}]}}